{"id":851,"date":"2019-05-08T23:03:19","date_gmt":"2019-05-08T21:03:19","guid":{"rendered":"http:\/\/www.accion-habitat.org\/presentation\/"},"modified":"2019-05-08T23:03:19","modified_gmt":"2019-05-08T21:03:19","slug":"presentation","status":"publish","type":"page","link":"https:\/\/www.accion-habitat.org\/ht\/presentation\/","title":{"rendered":"Pr\u00e9sentation"},"content":{"rendered":"<div class=\"wpb-content-wrapper\"><p>[vc_row][vc_column]<div class=\"dt-fancy-separator title-left h3-size accent-title-color\" style=\"width: 100%;\"><div class=\"dt-fancy-title\"><span class=\"separator-holder separator-left\"><\/span>Echanger pour changer<span class=\"separator-holder separator-right\"><\/span><\/div><\/div>[vc_column_text]<\/p>\n<p>&#8220;Actions d&#8217;am\u00e9lioration des lieux d&#8217;habitat et des conditions de vie pour et par les femmes en situation de pr\u00e9carit\u00e9 en Am\u00e9rique Centrale et aux Cara\u00efbes&#8221;. C&#8217;est le nom officiel de notre projet <strong>Action pour l&#8217;habitat<\/strong> dont l&#8217;objectif est de cr\u00e9er un r\u00e9seau d&#8217;expertes entre Nicaragua, Salvador et Ha\u00efti pour \u00e9changer les bonnes pratiques, valoriser leurs connaissances, renforcer les comp\u00e9tences et l&#8217;autonomie des femmes au b\u00e9n\u00e9fice de tous et toutes.<\/p>\n<p>[\/vc_column_text]<style type=\"text\/css\" data-type=\"the7_shortcodes-inline-css\">.gallery-carousel-shortcode.gallery-carousel-shortcode-id-4c31cf4e398eba94f7a8667adad6be3d.owl-carousel .owl-nav div {\n  width: 36px;\n  height: 36px;\n  border-radius: 500px;\n}\n.dt-arrow-border-on.gallery-carousel-shortcode.gallery-carousel-shortcode-id-4c31cf4e398eba94f7a8667adad6be3d.owl-carousel .owl-nav div:not(:hover):before {\n  border-width: 0px;\n}\n.dt-arrow-hover-border-on.gallery-carousel-shortcode.gallery-carousel-shortcode-id-4c31cf4e398eba94f7a8667adad6be3d.owl-carousel .owl-nav div:hover:after {\n  border-width: 0px;\n}\n.gallery-carousel-shortcode.gallery-carousel-shortcode-id-4c31cf4e398eba94f7a8667adad6be3d.owl-carousel .owl-nav div.owl-prev {\n  top: 50%;\n  transform: translateY(calc(-50% + 0px));\n  left: -43px;\n}\n@media all and (-ms-high-contrast: none) {\n  .gallery-carousel-shortcode.gallery-carousel-shortcode-id-4c31cf4e398eba94f7a8667adad6be3d.owl-carousel .owl-nav div.owl-prev {\n    transform: translateY(-50%);\n    margin-top: 0px;\n  }\n}\n.gallery-carousel-shortcode.gallery-carousel-shortcode-id-4c31cf4e398eba94f7a8667adad6be3d.owl-carousel .owl-nav div.owl-prev i {\n  padding: 0px 0px 0px 0px;\n}\n.gallery-carousel-shortcode.gallery-carousel-shortcode-id-4c31cf4e398eba94f7a8667adad6be3d.owl-carousel .owl-nav div.owl-next {\n  top: 50%;\n  transform: translateY(calc(-50% + 0px));\n  right: -43px;\n}\n@media all and (-ms-high-contrast: none) {\n  .gallery-carousel-shortcode.gallery-carousel-shortcode-id-4c31cf4e398eba94f7a8667adad6be3d.owl-carousel .owl-nav div.owl-next {\n    transform: translateY(-50%);\n    margin-top: 0px;\n  }\n}\n.gallery-carousel-shortcode.gallery-carousel-shortcode-id-4c31cf4e398eba94f7a8667adad6be3d.owl-carousel .owl-nav div.owl-next i {\n  padding: 0px 0px 0px 0px;\n}\n.gallery-carousel-shortcode.gallery-carousel-shortcode-id-4c31cf4e398eba94f7a8667adad6be3d.owl-carousel .owl-nav i {\n  font-size: 18px;\n}\n.gallery-carousel-shortcode.gallery-carousel-shortcode-id-4c31cf4e398eba94f7a8667adad6be3d.owl-carousel .owl-nav div:not(:hover) i,\n.gallery-carousel-shortcode.gallery-carousel-shortcode-id-4c31cf4e398eba94f7a8667adad6be3d.owl-carousel .owl-nav div:not(:hover) i:before {\n  color: #ffffff;\n  background: none;\n}\n.gallery-carousel-shortcode.gallery-carousel-shortcode-id-4c31cf4e398eba94f7a8667adad6be3d.owl-carousel .owl-nav div:hover i,\n.gallery-carousel-shortcode.gallery-carousel-shortcode-id-4c31cf4e398eba94f7a8667adad6be3d.owl-carousel .owl-nav div:hover i:before {\n  color: rgba(255,255,255,0.75);\n  background: none;\n}\n.gallery-carousel-shortcode.gallery-carousel-shortcode-id-4c31cf4e398eba94f7a8667adad6be3d .owl-dots {\n  top: calc(100% + 20px);\n  left: 50%;\n  transform: translateX(calc(-50% + 0px));\n}\n@media all and (-ms-high-contrast: none) {\n  .gallery-carousel-shortcode.gallery-carousel-shortcode-id-4c31cf4e398eba94f7a8667adad6be3d .owl-dots {\n    transform: translateX(-50%);\n    margin-left: 0px;\n  }\n}\n.gallery-carousel-shortcode.gallery-carousel-shortcode-id-4c31cf4e398eba94f7a8667adad6be3d .owl-dot {\n  width: 10px;\n  height: 10px;\n  margin: 0 8px;\n}\n@media screen and (max-width: 778px) {\n  .gallery-carousel-shortcode.gallery-carousel-shortcode-id-4c31cf4e398eba94f7a8667adad6be3d.hide-arrows .owl-nav a {\n    display: none;\n  }\n}\n@media screen and (max-width: 778px) {\n  .gallery-carousel-shortcode.gallery-carousel-shortcode-id-4c31cf4e398eba94f7a8667adad6be3d.reposition-arrows .owl-nav .owl-prev {\n    top: 50%;\n    transform: translateY(calc(-50% + 0px));\n    left: 10px;\n  }\n  .gallery-carousel-shortcode.gallery-carousel-shortcode-id-4c31cf4e398eba94f7a8667adad6be3d.reposition-arrows .owl-nav .owl-next {\n    top: 50%;\n    transform: translateY(calc(-50% + 0px));\n    right: 10px;\n  }\n}\n@media screen and (max-width: 778px) and all and (-ms-high-contrast: none) {\n  .gallery-carousel-shortcode.gallery-carousel-shortcode-id-4c31cf4e398eba94f7a8667adad6be3d.reposition-arrows .owl-nav .owl-prev {\n    transform: translateY(-50%);\n    margin-top: 0px;\n  }\n}\n@media screen and (max-width: 778px) and all and (-ms-high-contrast: none) {\n  .gallery-carousel-shortcode.gallery-carousel-shortcode-id-4c31cf4e398eba94f7a8667adad6be3d.reposition-arrows .owl-nav .owl-next {\n    transform: translateY(-50%);\n    margin-top: 0px;\n  }\n}\n.gallery-carousel-shortcode.gallery-carousel-shortcode-id-4c31cf4e398eba94f7a8667adad6be3d figure,\n.gallery-carousel-shortcode.gallery-carousel-shortcode-id-4c31cf4e398eba94f7a8667adad6be3d .rollover,\n.gallery-carousel-shortcode.gallery-carousel-shortcode-id-4c31cf4e398eba94f7a8667adad6be3d img,\n.gallery-carousel-shortcode.gallery-carousel-shortcode-id-4c31cf4e398eba94f7a8667adad6be3d .gallery-rollover {\n  border-radius: 0px;\n}\n.gallery-carousel-shortcode.gallery-carousel-shortcode-id-4c31cf4e398eba94f7a8667adad6be3d.enable-bg-rollover .gallery-rollover {\n  background: -webkit-linear-gradient();\n  background: linear-gradient();\n}\n.gallery-carousel-shortcode.gallery-carousel-shortcode-id-4c31cf4e398eba94f7a8667adad6be3d.enable-img-shadow .owl-stage-outer {\n  padding: 14px 0;\n}\n.gallery-carousel-shortcode.gallery-carousel-shortcode-id-4c31cf4e398eba94f7a8667adad6be3d.enable-bg-rollover.hover-scale figure .rollover:after {\n  background: -webkit-linear-gradient();\n  background: linear-gradient();\n}\n.gallery-carousel-shortcode.gallery-carousel-shortcode-id-4c31cf4e398eba94f7a8667adad6be3d.gallery-shortcode .gallery-zoom-ico {\n  width: 44px;\n  height: 44px;\n  line-height: 44px;\n  border-radius: 100px;\n  margin: -22px 0 0 -22px;\n  border-width: 0px;\n}\n.dt-icon-bg-on.gallery-carousel-shortcode.gallery-carousel-shortcode-id-4c31cf4e398eba94f7a8667adad6be3d.gallery-shortcode .gallery-zoom-ico {\n  background: rgba(255,255,255,0.3);\n  box-shadow: none;\n}\n.gallery-carousel-shortcode.gallery-carousel-shortcode-id-4c31cf4e398eba94f7a8667adad6be3d.gallery-shortcode .gallery-zoom-ico:before,\n.gallery-carousel-shortcode.gallery-carousel-shortcode-id-4c31cf4e398eba94f7a8667adad6be3d.gallery-shortcode .gallery-zoom-ico span {\n  font-size: 32px;\n  line-height: 44px;\n  color: #ffffff;\n  background: none;\n}\n<\/style><div class=\"owl-carousel gallery-carousel-shortcode gallery-shortcode  dt-gallery-container dt-owl-carousel-call gallery-carousel-shortcode-id-4c31cf4e398eba94f7a8667adad6be3d quick-scale-img enable-bg-rollover meta-info-off dt-arrow-border-on dt-arrow-hover-border-on bullets-small-dot-stroke reposition-arrows dt-icon-bg-off arrows-bg-on disable-arrows-hover-bg arrows-hover-bg-on  hover-fade \" data-scroll-mode=\"1\" data-col-num=\"4\" data-wide-col-num=\"4\" data-laptop-col=\"4\" data-h-tablet-columns-num=\"4\" data-v-tablet-columns-num=\"3\" data-phone-columns-num=\"1\" data-col-gap=\"10\" data-stage-padding=\"0\" data-speed=\"600\" data-autoplay=\"false\" data-autoplay_speed=\"6000\" data-arrows=\"true\" data-bullet=\"false\" data-next-icon=\"icon-ar-017-r\" data-prev-icon=\"icon-ar-017-l\" data-img-shadow-size=\"12px\" data-img-shadow-spread=\"3px\"><div data-post-id=\"668\" data-date=\"2019-08-27T23:18:03+02:00\" data-name=\"Habitat-Cite_Salvador-1\"><figure class=\"post\"><a href=\"https:\/\/www.accion-habitat.org\/wp-content\/uploads\/2019\/08\/Habitat-Cite_Salvador-1.jpg\" class=\"rollover dt-pswp-item layzr-bg\" data-large_image_width=\"1024\" data-large_image_height=\"678\" data-dt-img-description=\"\" title=\"Habitat-Cite_Salvador-1\"><img class=\"preload-me owl-lazy-load aspect\" src=\"data:image\/svg+xml,%3Csvg%20xmlns%3D&#39;http%3A%2F%2Fwww.w3.org%2F2000%2Fsvg&#39;%20viewBox%3D&#39;0%200%201024%20678&#39;%2F%3E\" data-src=\"https:\/\/www.accion-habitat.org\/wp-content\/uploads\/2019\/08\/Habitat-Cite_Salvador-1.jpg\" data-srcset=\"https:\/\/www.accion-habitat.org\/wp-content\/uploads\/2019\/08\/Habitat-Cite_Salvador-1.jpg 1024w\" loading=\"eager\" style=\"--ratio: 1024 \/ 678\" sizes=\"(max-width: 1024px) 100vw, 1024px\" alt=\"\" width=\"1024\" height=\"678\"  \/><span class=\"gallery-rollover\"><span class=\"gallery-zoom-ico icomoon-the7-font-the7-zoom-06\"><span><\/span><\/span><\/span><\/a><\/figure><\/div><div data-post-id=\"665\" data-date=\"2019-08-27T23:18:02+02:00\" data-name=\"Habitat-Cite_Salvador-1-3\"><figure class=\"post\"><a href=\"https:\/\/www.accion-habitat.org\/wp-content\/uploads\/2019\/08\/Habitat-Cite_Salvador-1-3.jpg\" class=\"rollover dt-pswp-item layzr-bg\" data-large_image_width=\"1024\" data-large_image_height=\"678\" data-dt-img-description=\"\" title=\"Habitat-Cite_Salvador-1-3\"><img class=\"preload-me owl-lazy-load aspect\" src=\"data:image\/svg+xml,%3Csvg%20xmlns%3D&#39;http%3A%2F%2Fwww.w3.org%2F2000%2Fsvg&#39;%20viewBox%3D&#39;0%200%201024%20678&#39;%2F%3E\" data-src=\"https:\/\/www.accion-habitat.org\/wp-content\/uploads\/2019\/08\/Habitat-Cite_Salvador-1-3.jpg\" data-srcset=\"https:\/\/www.accion-habitat.org\/wp-content\/uploads\/2019\/08\/Habitat-Cite_Salvador-1-3.jpg 1024w\" loading=\"eager\" style=\"--ratio: 1024 \/ 678\" sizes=\"(max-width: 1024px) 100vw, 1024px\" alt=\"\" width=\"1024\" height=\"678\"  \/><span class=\"gallery-rollover\"><span class=\"gallery-zoom-ico icomoon-the7-font-the7-zoom-06\"><span><\/span><\/span><\/span><\/a><\/figure><\/div><div data-post-id=\"662\" data-date=\"2019-08-27T23:18:00+02:00\" data-name=\"Habitat-Cite_Nicaragua\"><figure class=\"post\"><a href=\"https:\/\/www.accion-habitat.org\/wp-content\/uploads\/2019\/08\/Habitat-Cite_Nicaragua.jpg\" class=\"rollover dt-pswp-item layzr-bg\" data-large_image_width=\"1024\" data-large_image_height=\"683\" data-dt-img-description=\"\" title=\"Habitat-Cite_Nicaragua\"><img class=\"preload-me owl-lazy-load aspect\" src=\"data:image\/svg+xml,%3Csvg%20xmlns%3D&#39;http%3A%2F%2Fwww.w3.org%2F2000%2Fsvg&#39;%20viewBox%3D&#39;0%200%201024%20683&#39;%2F%3E\" data-src=\"https:\/\/www.accion-habitat.org\/wp-content\/uploads\/2019\/08\/Habitat-Cite_Nicaragua.jpg\" data-srcset=\"https:\/\/www.accion-habitat.org\/wp-content\/uploads\/2019\/08\/Habitat-Cite_Nicaragua.jpg 1024w\" loading=\"eager\" style=\"--ratio: 1024 \/ 683\" sizes=\"(max-width: 1024px) 100vw, 1024px\" alt=\"\" width=\"1024\" height=\"683\"  \/><span class=\"gallery-rollover\"><span class=\"gallery-zoom-ico icomoon-the7-font-the7-zoom-06\"><span><\/span><\/span><\/span><\/a><\/figure><\/div><div data-post-id=\"659\" data-date=\"2019-08-27T23:17:59+02:00\" data-name=\"Habitat-Cite_Nicaragua-03624\"><figure class=\"post\"><a href=\"https:\/\/www.accion-habitat.org\/wp-content\/uploads\/2019\/08\/Habitat-Cite_Nicaragua-03624.jpg\" class=\"rollover dt-pswp-item layzr-bg\" data-large_image_width=\"1024\" data-large_image_height=\"683\" data-dt-img-description=\"\" title=\"Habitat-Cite_Nicaragua-03624\"><img class=\"preload-me owl-lazy-load aspect\" src=\"data:image\/svg+xml,%3Csvg%20xmlns%3D&#39;http%3A%2F%2Fwww.w3.org%2F2000%2Fsvg&#39;%20viewBox%3D&#39;0%200%201024%20683&#39;%2F%3E\" data-src=\"https:\/\/www.accion-habitat.org\/wp-content\/uploads\/2019\/08\/Habitat-Cite_Nicaragua-03624.jpg\" data-srcset=\"https:\/\/www.accion-habitat.org\/wp-content\/uploads\/2019\/08\/Habitat-Cite_Nicaragua-03624.jpg 1024w\" loading=\"eager\" style=\"--ratio: 1024 \/ 683\" sizes=\"(max-width: 1024px) 100vw, 1024px\" alt=\"\" width=\"1024\" height=\"683\"  \/><span class=\"gallery-rollover\"><span class=\"gallery-zoom-ico icomoon-the7-font-the7-zoom-06\"><span><\/span><\/span><\/span><\/a><\/figure><\/div><div data-post-id=\"656\" data-date=\"2019-08-27T23:17:57+02:00\" data-name=\"Habitat-Cite_Haiti-4922\"><figure class=\"post\"><a href=\"https:\/\/www.accion-habitat.org\/wp-content\/uploads\/2019\/08\/Habitat-Cite_Haiti-4922.jpg\" class=\"rollover dt-pswp-item layzr-bg\" data-large_image_width=\"1024\" data-large_image_height=\"678\" data-dt-img-description=\"\" title=\"Habitat-Cite_Haiti-4922\"><img class=\"preload-me owl-lazy-load aspect\" src=\"data:image\/svg+xml,%3Csvg%20xmlns%3D&#39;http%3A%2F%2Fwww.w3.org%2F2000%2Fsvg&#39;%20viewBox%3D&#39;0%200%201024%20678&#39;%2F%3E\" data-src=\"https:\/\/www.accion-habitat.org\/wp-content\/uploads\/2019\/08\/Habitat-Cite_Haiti-4922.jpg\" data-srcset=\"https:\/\/www.accion-habitat.org\/wp-content\/uploads\/2019\/08\/Habitat-Cite_Haiti-4922.jpg 1024w\" loading=\"eager\" style=\"--ratio: 1024 \/ 678\" sizes=\"(max-width: 1024px) 100vw, 1024px\" alt=\"\" width=\"1024\" height=\"678\"  \/><span class=\"gallery-rollover\"><span class=\"gallery-zoom-ico icomoon-the7-font-the7-zoom-06\"><span><\/span><\/span><\/span><\/a><\/figure><\/div><div data-post-id=\"653\" data-date=\"2019-08-27T23:17:56+02:00\" data-name=\"Habitat-Cite_Haiti-26\"><figure class=\"post\"><a href=\"https:\/\/www.accion-habitat.org\/wp-content\/uploads\/2019\/08\/Habitat-Cite_Haiti-26.jpg\" class=\"rollover dt-pswp-item layzr-bg\" data-large_image_width=\"1024\" data-large_image_height=\"683\" data-dt-img-description=\"\" title=\"Habitat-Cite_Haiti-26\"><img class=\"preload-me owl-lazy-load aspect\" src=\"data:image\/svg+xml,%3Csvg%20xmlns%3D&#39;http%3A%2F%2Fwww.w3.org%2F2000%2Fsvg&#39;%20viewBox%3D&#39;0%200%201024%20683&#39;%2F%3E\" data-src=\"https:\/\/www.accion-habitat.org\/wp-content\/uploads\/2019\/08\/Habitat-Cite_Haiti-26.jpg\" data-srcset=\"https:\/\/www.accion-habitat.org\/wp-content\/uploads\/2019\/08\/Habitat-Cite_Haiti-26.jpg 1024w\" loading=\"eager\" style=\"--ratio: 1024 \/ 683\" sizes=\"(max-width: 1024px) 100vw, 1024px\" alt=\"\" width=\"1024\" height=\"683\"  \/><span class=\"gallery-rollover\"><span class=\"gallery-zoom-ico icomoon-the7-font-the7-zoom-06\"><span><\/span><\/span><\/span><\/a><\/figure><\/div><\/div>[vc_empty_space][\/vc_column][\/vc_row][vc_row][vc_column]<div class=\"dt-fancy-separator title-left h3-size accent-title-color\" style=\"width: 100%;\"><div class=\"dt-fancy-title\"><span class=\"separator-holder separator-left\"><\/span>L\u2019\u00e9change de savoir-faire et la recherche de bonnes pratiques<span class=\"separator-holder separator-right\"><\/span><\/div><\/div>[vc_column_text]La plupart des pays d&#8217;Am\u00e9rique Centrale et Cara\u00efbes font face aux m\u00eames probl\u00e8mes socio-\u00e9conomiques et environnementaux (vuln\u00e9rabilit\u00e9 face aux catastrophes naturelles, d\u00e9forestation, habitat indigne\u2026). Face \u00e0 ces probl\u00e8mes, des associations locales, des communaut\u00e9s villageoises ou des collectifs d&#8217;habitant\u00b7e\u00b7s ont d\u00e9velopp\u00e9 des solutions pertinentes qui peuvent \u00eatre facilement adapt\u00e9es dans des pays au contexte similaire.<\/p>\n<p>En Ha\u00efti, au Salvador et au Nicaragua, nous avons des comp\u00e9tences et des ressources pour prot\u00e9ger l\u2019environnement et am\u00e9liorer l\u2019habitat. Nous partageons des probl\u00e9matiques similaires mais avons des solutions diff\u00e9rentes. \u00c9changer sur les th\u00e8mes de l\u2019environnement, de l\u2019\u00e9co-construction et des droits des femmes nous renforcent mutuellement.<\/p>\n<p>Nous favorisons le partage de connaissances entre des personnes de milieux socioculturels diff\u00e9rents. Port\u00e9 par les habitant\u00b7e\u00b7s de quartiers pr\u00e9caires, ce projet s&#8217;appuie sur des \u00e9changes entre communaut\u00e9s, entre organisations locales mais aussi avec des professionnels sp\u00e9cialis\u00e9s (ing\u00e9nieur\u00b7e\u00b7s, architectes, agronomes, avocates, etc).[\/vc_column_text]<div class=\"dt-fancy-separator title-left h3-size accent-title-color\" style=\"width: 100%;\"><div class=\"dt-fancy-title\"><span class=\"separator-holder separator-left\"><\/span>Gr\u00e2ce \u00e0 un r\u00e9seau d&#039;expertes<span class=\"separator-holder separator-right\"><\/span><\/div><\/div>[vc_column_text]70 % des personnes pauvres dans le monde sont des femmes. Un chiffre qui marque de fa\u00e7on criante les in\u00e9galit\u00e9s largement r\u00e9pandues entre hommes et femmes.<\/p>\n<p>En encourageant des femmes en situation de pr\u00e9carit\u00e9 \u00e0 se former, \u00e0 s&#8217;organiser et \u00e0 \u00eatre \u00e9cout\u00e9es, le projet participe \u00e0 leur donner plus de visibilit\u00e9 et de reconnaissance. Car l&#8217;\u00e9mancipation des femmes est un moteur vers plus de justice sociale et une arme puissante dans la lutte contre la pauvret\u00e9.[\/vc_column_text]<div class=\"dt-fancy-separator title-left h3-size accent-title-color\" style=\"width: 100%;\"><div class=\"dt-fancy-title\"><span class=\"separator-holder separator-left\"><\/span>Et des r\u00e9alisations concr\u00e8tes<span class=\"separator-holder separator-right\"><\/span><\/div><\/div>[vc_column_text]C&#8217;est aussi l&#8217;opportunit\u00e9 pour chaque communaut\u00e9 et organisation locale partenaire d&#8217;exp\u00e9rimenter des techniques nouvelles, de construire des prototypes &#8211; comme des maisons en mat\u00e9riaux naturels, des b\u00e2timents collectifs, des cuisini\u00e8res \u00e9cologiques ou encore des potagers &#8211; pour contribuer concr\u00e8tement \u00e0 am\u00e9liorer les lieux de vie des habitant\u00b7e\u00b7s.<\/p>\n<p>Le projet a commenc\u00e9 en janvier 2018. Cette ann\u00e9e-l\u00e0, 14 femmes ont \u00e9t\u00e9 form\u00e9es \u00e0 la ma\u00e7onnerie et 5 prototypes de maisons inspir\u00e9es de l&#8217;architecture traditionnelle construits en Ha\u00efti. Point d&#8217;orgue de cette ann\u00e9e 2018, une grande rencontre entre habitants et organisations locales et internationales a eu lieu dans les villages de Tacachico et d&#8217;Alegria (Salvador), r\u00e9unissant des participant\u00b7e\u00b7s du Guatemala, du Honduras, du Nicaragua, du Mexique, de Ha\u00efti, de France et, bien s\u00fbr, du Salvador.[\/vc_column_text][\/vc_column][\/vc_row]<\/p>\n<\/div>","protected":false},"excerpt":{"rendered":"<p>[vc_row][vc_column][vc_column_text] &#8220;Actions d&#8217;am\u00e9lioration des lieux d&#8217;habitat et des conditions de vie pour et par les femmes en situation de pr\u00e9carit\u00e9 en Am\u00e9rique Centrale et aux Cara\u00efbes&#8221;. C&#8217;est le nom officiel de notre projet Action pour l&#8217;habitat dont l&#8217;objectif est de cr\u00e9er un r\u00e9seau d&#8217;expertes entre Nicaragua, Salvador et Ha\u00efti pour \u00e9changer les bonnes pratiques, valoriser&hellip;<\/p>\n","protected":false},"author":1,"featured_media":0,"parent":0,"menu_order":0,"comment_status":"closed","ping_status":"open","template":"","meta":[],"yoast_head":"<!-- This site is optimized with the Yoast SEO plugin v17.5 - https:\/\/yoast.com\/wordpress\/plugins\/seo\/ -->\n<title>Pr\u00e9sentation - Action pour l&#039;habitat | Acci\u00f3n por el h\u00e1bitat<\/title>\n<meta name=\"robots\" content=\"index, follow, max-snippet:-1, max-image-preview:large, max-video-preview:-1\" \/>\n<link rel=\"canonical\" href=\"https:\/\/www.accion-habitat.org\/ht\/presentation\/\" \/>\n<meta property=\"og:locale\" content=\"ht_HT\" \/>\n<meta property=\"og:type\" content=\"article\" \/>\n<meta property=\"og:title\" content=\"Pr\u00e9sentation - Action pour l&#039;habitat | Acci\u00f3n por el h\u00e1bitat\" \/>\n<meta property=\"og:description\" content=\"[vc_row][vc_column][vc_column_text] &#8220;Actions d&#8217;am\u00e9lioration des lieux d&#8217;habitat et des conditions de vie pour et par les femmes en situation de pr\u00e9carit\u00e9 en Am\u00e9rique Centrale et aux Cara\u00efbes&#8221;. C&#8217;est le nom officiel de notre projet Action pour l&#8217;habitat dont l&#8217;objectif est de cr\u00e9er un r\u00e9seau d&#8217;expertes entre Nicaragua, Salvador et Ha\u00efti pour \u00e9changer les bonnes pratiques, valoriser&hellip;\" \/>\n<meta property=\"og:url\" content=\"https:\/\/www.accion-habitat.org\/ht\/presentation\/\" \/>\n<meta property=\"og:site_name\" content=\"Action pour l&#039;habitat | Acci\u00f3n por el h\u00e1bitat\" \/>\n<meta name=\"twitter:card\" content=\"summary_large_image\" \/>\n<meta name=\"twitter:label1\" content=\"Est. reading time\" \/>\n\t<meta name=\"twitter:data1\" content=\"3 minutes\" \/>\n<script type=\"application\/ld+json\" class=\"yoast-schema-graph\">{\"@context\":\"https:\/\/schema.org\",\"@graph\":[{\"@type\":\"WebSite\",\"@id\":\"https:\/\/www.accion-habitat.org\/es\/#website\",\"url\":\"https:\/\/www.accion-habitat.org\/es\/\",\"name\":\"Action pour l&#039;habitat | Acci\\u00f3n por el h\\u00e1bitat\",\"description\":\"intercambiar para cambiar | \\u00e9changer pour changer\",\"potentialAction\":[{\"@type\":\"SearchAction\",\"target\":{\"@type\":\"EntryPoint\",\"urlTemplate\":\"https:\/\/www.accion-habitat.org\/es\/?s={search_term_string}\"},\"query-input\":\"required name=search_term_string\"}],\"inLanguage\":\"ht-HT\"},{\"@type\":\"WebPage\",\"@id\":\"https:\/\/www.accion-habitat.org\/ht\/presentation\/#webpage\",\"url\":\"https:\/\/www.accion-habitat.org\/ht\/presentation\/\",\"name\":\"Pr\\u00e9sentation - Action pour l&#039;habitat | Acci\\u00f3n por el h\\u00e1bitat\",\"isPartOf\":{\"@id\":\"https:\/\/www.accion-habitat.org\/es\/#website\"},\"datePublished\":\"2019-05-08T21:03:19+00:00\",\"dateModified\":\"2019-05-08T21:03:19+00:00\",\"breadcrumb\":{\"@id\":\"https:\/\/www.accion-habitat.org\/ht\/presentation\/#breadcrumb\"},\"inLanguage\":\"ht-HT\",\"potentialAction\":[{\"@type\":\"ReadAction\",\"target\":[\"https:\/\/www.accion-habitat.org\/ht\/presentation\/\"]}]},{\"@type\":\"BreadcrumbList\",\"@id\":\"https:\/\/www.accion-habitat.org\/ht\/presentation\/#breadcrumb\",\"itemListElement\":[{\"@type\":\"ListItem\",\"position\":1,\"name\":\"Accueil\",\"item\":\"http:\/\/www.accion-habitat.org\/ht\/\"},{\"@type\":\"ListItem\",\"position\":2,\"name\":\"Pr\\u00e9sentation\"}]}]}<\/script>\n<!-- \/ Yoast SEO plugin. -->","yoast_head_json":{"title":"Pr\u00e9sentation - Action pour l&#039;habitat | Acci\u00f3n por el h\u00e1bitat","robots":{"index":"index","follow":"follow","max-snippet":"max-snippet:-1","max-image-preview":"max-image-preview:large","max-video-preview":"max-video-preview:-1"},"canonical":"https:\/\/www.accion-habitat.org\/ht\/presentation\/","og_locale":"ht_HT","og_type":"article","og_title":"Pr\u00e9sentation - Action pour l&#039;habitat | Acci\u00f3n por el h\u00e1bitat","og_description":"[vc_row][vc_column][vc_column_text] &#8220;Actions d&#8217;am\u00e9lioration des lieux d&#8217;habitat et des conditions de vie pour et par les femmes en situation de pr\u00e9carit\u00e9 en Am\u00e9rique Centrale et aux Cara\u00efbes&#8221;. C&#8217;est le nom officiel de notre projet Action pour l&#8217;habitat dont l&#8217;objectif est de cr\u00e9er un r\u00e9seau d&#8217;expertes entre Nicaragua, Salvador et Ha\u00efti pour \u00e9changer les bonnes pratiques, valoriser&hellip;","og_url":"https:\/\/www.accion-habitat.org\/ht\/presentation\/","og_site_name":"Action pour l&#039;habitat | Acci\u00f3n por el h\u00e1bitat","twitter_card":"summary_large_image","twitter_misc":{"Est. reading time":"3 minutes"},"schema":{"@context":"https:\/\/schema.org","@graph":[{"@type":"WebSite","@id":"https:\/\/www.accion-habitat.org\/es\/#website","url":"https:\/\/www.accion-habitat.org\/es\/","name":"Action pour l&#039;habitat | Acci\u00f3n por el h\u00e1bitat","description":"intercambiar para cambiar | \u00e9changer pour changer","potentialAction":[{"@type":"SearchAction","target":{"@type":"EntryPoint","urlTemplate":"https:\/\/www.accion-habitat.org\/es\/?s={search_term_string}"},"query-input":"required name=search_term_string"}],"inLanguage":"ht-HT"},{"@type":"WebPage","@id":"https:\/\/www.accion-habitat.org\/ht\/presentation\/#webpage","url":"https:\/\/www.accion-habitat.org\/ht\/presentation\/","name":"Pr\u00e9sentation - Action pour l&#039;habitat | Acci\u00f3n por el h\u00e1bitat","isPartOf":{"@id":"https:\/\/www.accion-habitat.org\/es\/#website"},"datePublished":"2019-05-08T21:03:19+00:00","dateModified":"2019-05-08T21:03:19+00:00","breadcrumb":{"@id":"https:\/\/www.accion-habitat.org\/ht\/presentation\/#breadcrumb"},"inLanguage":"ht-HT","potentialAction":[{"@type":"ReadAction","target":["https:\/\/www.accion-habitat.org\/ht\/presentation\/"]}]},{"@type":"BreadcrumbList","@id":"https:\/\/www.accion-habitat.org\/ht\/presentation\/#breadcrumb","itemListElement":[{"@type":"ListItem","position":1,"name":"Accueil","item":"http:\/\/www.accion-habitat.org\/ht\/"},{"@type":"ListItem","position":2,"name":"Pr\u00e9sentation"}]}]}},"_links":{"self":[{"href":"https:\/\/www.accion-habitat.org\/ht\/wp-json\/wp\/v2\/pages\/851"}],"collection":[{"href":"https:\/\/www.accion-habitat.org\/ht\/wp-json\/wp\/v2\/pages"}],"about":[{"href":"https:\/\/www.accion-habitat.org\/ht\/wp-json\/wp\/v2\/types\/page"}],"author":[{"embeddable":true,"href":"https:\/\/www.accion-habitat.org\/ht\/wp-json\/wp\/v2\/users\/1"}],"replies":[{"embeddable":true,"href":"https:\/\/www.accion-habitat.org\/ht\/wp-json\/wp\/v2\/comments?post=851"}],"version-history":[{"count":0,"href":"https:\/\/www.accion-habitat.org\/ht\/wp-json\/wp\/v2\/pages\/851\/revisions"}],"wp:attachment":[{"href":"https:\/\/www.accion-habitat.org\/ht\/wp-json\/wp\/v2\/media?parent=851"}],"curies":[{"name":"wp","href":"https:\/\/api.w.org\/{rel}","templated":true}]}}