{"id":850,"date":"2019-05-10T01:16:09","date_gmt":"2019-05-09T23:16:09","guid":{"rendered":"http:\/\/www.accion-habitat.org\/partenaires\/"},"modified":"2019-09-06T14:15:50","modified_gmt":"2019-09-06T12:15:50","slug":"partenaires","status":"publish","type":"page","link":"https:\/\/www.accion-habitat.org\/ht\/partenaires\/","title":{"rendered":"Partenaires"},"content":{"rendered":"<div class=\"wpb-content-wrapper\"><p>[vc_row][vc_column]<div class=\"dt-fancy-separator h3-size title-color accent-border-color\" style=\"width: 100%;\"><div class=\"dt-fancy-title bg-on\"><span class=\"separator-holder separator-left\"><\/span>Patn\u00e8 lokal yo<span class=\"separator-holder separator-right\"><\/span><\/div><\/div>[vc_empty_space]<div class=\"dt-fancy-separator title-left h4-size\" style=\"width: 100%;\"><div class=\"dt-fancy-title bg-on\" style=\"color: #ffffff;background-color: #c68f14;\"><span class=\"separator-holder separator-left\" style=\"border-color: #c68f14;\"><\/span>An Ayiti<span class=\"separator-holder separator-right\" style=\"border-color: #c68f14;\"><\/span><\/div><\/div>[vc_empty_space][\/vc_column][\/vc_row][vc_row][vc_column width=&#8221;1\/6&#8243;][vc_single_image image=&#8221;118&#8243; img_size=&#8221;full&#8221;][\/vc_column][vc_column width=&#8221;5\/6&#8243;][vc_column_text]<\/p>\n<h3>OJUCAH<\/h3>\n<p>Ganizasyon kominot\u00e8 nan komin La Vall\u00e9e (tou pre Jakm\u00e8l), nan sid\u00e8s Ayiti. 1200 manm, 3 anplwaye.<\/p>\n<p>Depi 1998, objektif Ojucah te amelyore kondisyon lavi yo nan peyizan ki pi p\u00f2v yo atrav\u00e8 aplikasyon an nan pwoj\u00e8 devlopman dirab.<\/p>\n<p><em>&gt; Dom\u00e8n prensipal aktivite yo : agrikilti, rebwazman, konstriksyon lojman<\/em>[\/vc_column_text][vc_btn title=&#8221;Sit ent\u00e8n\u00e8t&#8221; shape=&#8221;square&#8221; i_icon_fontawesome=&#8221;fa fa-external-link-square&#8221; add_icon=&#8221;true&#8221; link=&#8221;url:http%3A%2F%2Fojucah-org.blogspot.com%2F||target:%20_blank|&#8221;][\/vc_column][\/vc_row][vc_row][vc_column][vc_separator][\/vc_column][\/vc_row][vc_row][vc_column width=&#8221;1\/6&#8243;][vc_single_image image=&#8221;156&#8243; img_size=&#8221;full&#8221;][\/vc_column][vc_column width=&#8221;5\/6&#8243;][vc_column_text]<\/p>\n<h3>ADRESFEM<\/h3>\n<p>Asosyasyon komin nan La Vall\u00e9e (tou pre Jakm\u00e8l), nan sid-b\u00f2 sol\u00e8y leve nan Ayiti.<\/p>\n<p>Vini soti nan Ojucah, Adresfem se yon asosyasyon, ki konpoze sitou nan moun ki rete nan La Vall\u00e9e, ki batay pou devlopman ekonomik la ak emansipasyon nan fanm yo nan rejyon an.<\/p>\n<p><em>&gt; Dom\u00e8n prensipal aktivite yo : edikasyon, entegrasyon ekonomik, dwa fanm<\/em>[\/vc_column_text][\/vc_column][\/vc_row][vc_row][vc_column][vc_empty_space]<div class=\"dt-fancy-separator title-left h4-size\" style=\"width: 100%;\"><div class=\"dt-fancy-title bg-on\" style=\"color: #ffffff;background-color: #c68f14;\"><span class=\"separator-holder separator-left\" style=\"border-color: #c68f14;\"><\/span>Nan El Salvador<span class=\"separator-holder separator-right\" style=\"border-color: #c68f14;\"><\/span><\/div><\/div>[vc_empty_space][\/vc_column][\/vc_row][vc_row][vc_column width=&#8221;1\/6&#8243;][vc_single_image image=&#8221;114&#8243; img_size=&#8221;full&#8221;][\/vc_column][vc_column width=&#8221;5\/6&#8243;][vc_column_text]<\/p>\n<h3>FUNDASAL<\/h3>\n<p>Ganizasyon nasyonal. 50 ane nan egzistans, 150 anplwaye yo.<\/p>\n<p>Fundasal se yon enstitisyon prive, non-gouv\u00e8nmantal ak ki pa Peye-. Li te k\u00f2manse aktivite li nan 1968. Depi l\u00e8 sa a, li te travay yo elimine ak umanize anviw\u00f2nman yo scandales ak abitasyon nan ki fanmi p\u00f2v ap viv nan El Salvador, yo nan l\u00f2d yo ap viv plis diy, ak sekirite, espwa ak viv ansanm nan kominote a.<\/p>\n<p><em>&gt; Dom\u00e8n prensipal aktivite yo : konstriksyon lojman, kowoperativ lojman, f\u00f2masyon<\/em>[\/vc_column_text][vc_btn title=&#8221;Sit ent\u00e8n\u00e8t&#8221; shape=&#8221;square&#8221; i_icon_fontawesome=&#8221;fa fa-external-link-square&#8221; add_icon=&#8221;true&#8221; link=&#8221;url:https%3A%2F%2Ffundasal.org.sv%2F||target:%20_blank|&#8221;][\/vc_column][\/vc_row][vc_row][vc_column][vc_empty_space]<div class=\"dt-fancy-separator title-left h4-size\" style=\"width: 100%;\"><div class=\"dt-fancy-title bg-on\" style=\"color: #ffffff;background-color: #c68f14;\"><span class=\"separator-holder separator-left\" style=\"border-color: #c68f14;\"><\/span>Nikaragwa<span class=\"separator-holder separator-right\" style=\"border-color: #c68f14;\"><\/span><\/div><\/div>[vc_empty_space][\/vc_column][\/vc_row][vc_row][vc_column width=&#8221;1\/6&#8243;][vc_single_image image=&#8221;108&#8243; img_size=&#8221;full&#8221;][\/vc_column][vc_column width=&#8221;5\/6&#8243;][vc_column_text]<\/p>\n<h3>AMNLAE<\/h3>\n<p>Depatman delegasyon nan Granada. 40 ane nan egzistans, 5 anplwaye yo.<\/p>\n<p>AMNLAE (Asosyasyon fanm Luisa Amanda Espinoza) se yon \u00f2ganizasyon fanm k ap travay pou dwa fanm yo pou amelyore kondisyon lavi yo ak pozisyon sosyal yo. Nan nivo nasyonal, AMNLAE gen 150,000 manm. Li se youn nan \u00f2ganizasyon pyonye nan defans dwa fanm nan Nikaragwa.<\/p>\n<p><em>&gt; Dom\u00e8n prensipal aktivite yo : dwa fanm, sante, f\u00f2masyon, ens\u00e8syon ekonomik, konstriksyon lojman<\/em>[\/vc_column_text][\/vc_column][\/vc_row][vc_row type=&#8221;vc_default&#8221; bg_type=&#8221;bg_color&#8221; bg_override=&#8221;full&#8221; bg_color_value=&#8221;#f7f7f7&#8243;][vc_column][vc_empty_space]<div class=\"dt-fancy-separator h3-size title-color accent-border-color\" style=\"width: 100%;\"><div class=\"dt-fancy-title bg-on\"><span class=\"separator-holder separator-left\"><\/span>Kow\u00f2dinasyon pwoj\u00e8 a<span class=\"separator-holder separator-right\"><\/span><\/div><\/div>[vc_empty_space]<div class=\"dt-fancy-separator title-left h4-size\" style=\"width: 100%;\"><div class=\"dt-fancy-title bg-on\" style=\"color: #ffffff;background-color: #c68f14;\"><span class=\"separator-holder separator-left\" style=\"border-color: #c68f14;\"><\/span>An Frans<span class=\"separator-holder separator-right\" style=\"border-color: #c68f14;\"><\/span><\/div><\/div>[vc_empty_space][\/vc_column][\/vc_row][vc_row type=&#8221;vc_default&#8221; bg_type=&#8221;bg_color&#8221; bg_override=&#8221;full&#8221; bg_color_value=&#8221;#f7f7f7&#8243;][vc_column width=&#8221;1\/6&#8243;][vc_single_image image=&#8221;116&#8243; img_size=&#8221;full&#8221;][\/vc_column][vc_column width=&#8221;5\/6&#8243;][vc_column_text]<\/p>\n<h3>Habitat-Cit\u00e9<\/h3>\n<p>Asosyasyon Solidarite Ent\u00e8nasyonal. 7 anplwaye, 2 Volont\u00e8, 50 volont\u00e8 aktif.<\/p>\n<p>Te fonde an 2003, Habitat-Cit\u00e9 se yon franse ent\u00e8nasyonal solidarite k ap travay nan jaden an nan lojman apwopriye ak aks\u00e8 nan dwa debaz yo nan moun k ap viv nan kondisyon tr\u00e8 delika: nan lari a, nan aranjman ijans , squats ak bidonvil.<\/p>\n<p>Habitat-Cit\u00e9 opere sitou nan Amerik Latin, Ew\u00f2p l\u00e8s ak Lafrans nan rejyon Ile-de-France.<\/p>\n<p><em>&gt; Dom\u00e8n prensipal aktivite yo : aks\u00e8 a dwa, entegrasyon pwofesyon\u00e8l, konstriksyon lojman<\/em>[\/vc_column_text][vc_btn title=&#8221;Sit ent\u00e8n\u00e8t&#8221; shape=&#8221;square&#8221; i_icon_fontawesome=&#8221;fa fa-external-link-square&#8221; add_icon=&#8221;true&#8221; link=&#8221;url:http%3A%2F%2Fwww.habitat-cite.org%2F||target:%20_blank|&#8221;][\/vc_column][\/vc_row][vc_row type=&#8221;vc_default&#8221; bg_type=&#8221;bg_color&#8221; bg_override=&#8221;full&#8221; bg_color_value=&#8221;#f7f7f7&#8243;][vc_column][vc_separator][\/vc_column][\/vc_row][vc_row type=&#8221;vc_default&#8221; bg_type=&#8221;bg_color&#8221; bg_override=&#8221;full&#8221; bg_color_value=&#8221;#f7f7f7&#8243;][vc_column width=&#8221;1\/6&#8243;][vc_single_image image=&#8221;613&#8243; img_size=&#8221;full&#8221;][\/vc_column][vc_column width=&#8221;5\/6&#8243;][vc_column_text]<\/p>\n<h3>CRAterre<\/h3>\n<p>CRAterre (Rech\u00e8ch sou Lat\u00e8 ak Sant aplikasyon an) se yon asosyasyon ki te kreye an 1979 nan inisyativ el\u00e8v yo pou ankouraje achitekti sou lat\u00e8 anvan tout koreksyon. Vin rech\u00e8ch laboratwa t\u00e8 achitekti inondasyon ki baze nan Lek\u00f2l Nasyonal la nan Achit\u00e8k nan Grenoble anwo (ENSAG), an Frans, li pote ansanm k\u00e8k trant ch\u00e8ch\u00e8, pwofesyon\u00e8l ak pwofes\u00e8 nan yon pwoj\u00e8 konesans difizyon ak konnen ki jan nan konstriksyon t\u00e8 an Frans ak toupatou nan mond lan.<\/p>\n<p>K\u00f2m yon pati nan pwoj\u00e8 a, CRAterre se konseye prensipal la sou pwobl\u00e8m konstriksyon teknik lokal yo.<\/p>\n<p><em>&gt; Dom\u00e8n prensipal aktivite: konstriksyon nan matery\u00e8l natir\u00e8l.<\/em>[\/vc_column_text][vc_btn title=&#8221;Sit ent\u00e8n\u00e8t&#8221; shape=&#8221;square&#8221; i_icon_fontawesome=&#8221;fa fa-external-link-square&#8221; add_icon=&#8221;true&#8221; link=&#8221;url:http%3A%2F%2Fcraterre.org%2F||target:%20_blank|&#8221;][vc_empty_space][\/vc_column][\/vc_row][vc_row][vc_column][vc_empty_space]<div class=\"dt-fancy-separator h3-size title-color accent-border-color\" style=\"width: 100%;\"><div class=\"dt-fancy-title bg-on\"><span class=\"separator-holder separator-left\"><\/span>Finans\u00e8 yo<span class=\"separator-holder separator-right\"><\/span><\/div><\/div>[vc_empty_space]<div class=\"dt-fancy-separator title-left h4-size\" style=\"width: 100%;\"><div class=\"dt-fancy-title bg-on\" style=\"color: #ffffff;background-color: #c68f14;\"><span class=\"separator-holder separator-left\" style=\"border-color: #c68f14;\"><\/span>An Frans<span class=\"separator-holder separator-right\" style=\"border-color: #c68f14;\"><\/span><\/div><\/div>[vc_empty_space][\/vc_column][\/vc_row][vc_row][vc_column width=&#8221;1\/6&#8243;][vc_single_image image=&#8221;110&#8243; img_size=&#8221;full&#8221;][\/vc_column][vc_column width=&#8221;5\/6&#8243;][vc_column_text]<\/p>\n<h3>AFD<\/h3>\n<p>Ajans Devlopman franse a (AFD) se yon enstitisyon piblik ki aplike r\u00e8gleman devlopman ak solidarite ent\u00e8nasyonal Frans lan.<\/p>\n<p>Klima, div\u00e8site biyolojik, lap\u00e8, edikasyon, planifikasyon iben, sante, gouv\u00e8nans &#8230; AFD aji pou konbat povrete ak ankouraje devlopman dirab. Li finanse ak akonpay\u00e9 plis pase 4,000 pwoj\u00e8 ki gen gwo enpak sosyal ak anviw\u00f2nman nan 116 peyi.[\/vc_column_text][vc_btn title=&#8221;Sit ent\u00e8n\u00e8t&#8221; shape=&#8221;square&#8221; i_icon_fontawesome=&#8221;fa fa-external-link-square&#8221; add_icon=&#8221;true&#8221; link=&#8221;url:https%3A%2F%2Fwww.afd.fr%2Ffr||target:%20_blank|&#8221;][\/vc_column][\/vc_row][vc_row][vc_column][vc_separator][\/vc_column][\/vc_row][vc_row][vc_column width=&#8221;1\/6&#8243;][vc_single_image image=&#8221;112&#8243; img_size=&#8221;full&#8221;][\/vc_column][vc_column width=&#8221;5\/6&#8243;][vc_column_text]<\/p>\n<h3>Fondasyon Abb\u00e9 Pierre<\/h3>\n<p>Fondasyon Abbe-Pierre pou Lojman ki Dezavantaj yo gen misyon pou p\u00e8m\u00e8t tout moun p\u00f2v jwenn aks\u00e8 nan lojman desan ak yon lavi ki montre diyite.<\/p>\n<p>Kidonk, Fondasyon Abb\u00e9-Pierre finanse ak akonpay\u00e9 asosyasyon ki goumen kont lojman p\u00f2v ak esklizyon. Li sip\u00f2te pr\u00e8ske n\u00e8f san pwoj\u00e8 nan yon ane, sitou patisipe nan konstriksyon an nan lojman tr\u00e8 sosyal, batay la kont lojman diy, \u00e8d la ak resepsyon nan moun ki san kay, kons\u00e8y legal ak sip\u00f2 pou moun ki mal. -logi, sansibilizasyon nan opinyon piblik la ak ent\u00e8rpelasyon a nan otorite piblik yo.[\/vc_column_text][vc_btn title=&#8221;Sit ent\u00e8n\u00e8t&#8221; shape=&#8221;square&#8221; i_icon_fontawesome=&#8221;fa fa-external-link-square&#8221; add_icon=&#8221;true&#8221; link=&#8221;url:https%3A%2F%2Fwww.fondation-abbe-pierre.fr%2F||target:%20_blank|&#8221;][\/vc_column][\/vc_row][vc_row][vc_column][vc_separator][\/vc_column][\/vc_row][vc_row][vc_column width=&#8221;1\/6&#8243;][vc_single_image image=&#8221;448&#8243; img_size=&#8221;full&#8221;][\/vc_column][vc_column width=&#8221;5\/6&#8243;][vc_column_text]<\/p>\n<h3>Fondasyon Raja Marcovici<\/h3>\n<p>Fondasyon RAJA-Dani\u00e8le Marcovici te kreye an 2006 sou inisyativ Dani\u00e8le Kapel Marcovici, Prezidan ak Direkt\u00e8 Gwoup RAJA. Fondasyon an devlope aksyon nan solidarite ak parennaj dedye a emansipasyon nan fanm yo, nan tout mond lan.[\/vc_column_text][vc_btn title=&#8221;Sit ent\u00e8n\u00e8t&#8221; shape=&#8221;square&#8221; i_icon_fontawesome=&#8221;fa fa-external-link-square&#8221; add_icon=&#8221;true&#8221; link=&#8221;url:https%3A%2F%2Fwww.fondation-raja-marcovici.com%2F||target:%20_blank|&#8221;][\/vc_column][\/vc_row]<\/p>\n<\/div>","protected":false},"excerpt":{"rendered":"<p>[vc_row][vc_column][vc_empty_space][vc_empty_space][\/vc_column][\/vc_row][vc_row][vc_column width=&#8221;1\/6&#8243;][vc_single_image image=&#8221;118&#8243; img_size=&#8221;full&#8221;][\/vc_column][vc_column width=&#8221;5\/6&#8243;][vc_column_text] OJUCAH Ganizasyon kominot\u00e8 nan komin La Vall\u00e9e (tou pre Jakm\u00e8l), nan sid\u00e8s Ayiti. 1200 manm, 3 anplwaye. Depi 1998, objektif Ojucah te amelyore kondisyon lavi yo nan peyizan ki pi p\u00f2v yo atrav\u00e8 aplikasyon an nan pwoj\u00e8 devlopman dirab. &gt; Dom\u00e8n prensipal aktivite yo : agrikilti, rebwazman, konstriksyon lojman[\/vc_column_text][vc_btn title=&#8221;Sit&hellip;<\/p>\n","protected":false},"author":1,"featured_media":0,"parent":0,"menu_order":0,"comment_status":"closed","ping_status":"closed","template":"","meta":[],"yoast_head":"<!-- This site is optimized with the Yoast SEO plugin v17.5 - https:\/\/yoast.com\/wordpress\/plugins\/seo\/ -->\n<title>Partenaires - Action pour l&#039;habitat | Acci\u00f3n por el h\u00e1bitat<\/title>\n<meta name=\"robots\" content=\"index, follow, max-snippet:-1, max-image-preview:large, max-video-preview:-1\" \/>\n<link rel=\"canonical\" href=\"https:\/\/www.accion-habitat.org\/ht\/partenaires\/\" \/>\n<meta property=\"og:locale\" content=\"ht_HT\" \/>\n<meta property=\"og:type\" content=\"article\" \/>\n<meta property=\"og:title\" content=\"Partenaires - Action pour l&#039;habitat | Acci\u00f3n por el h\u00e1bitat\" \/>\n<meta property=\"og:description\" content=\"[vc_row][vc_column][vc_empty_space][vc_empty_space][\/vc_column][\/vc_row][vc_row][vc_column width=&#8221;1\/6&#8243;][vc_single_image image=&#8221;118&#8243; img_size=&#8221;full&#8221;][\/vc_column][vc_column width=&#8221;5\/6&#8243;][vc_column_text] OJUCAH Ganizasyon kominot\u00e8 nan komin La Vall\u00e9e (tou pre Jakm\u00e8l), nan sid\u00e8s Ayiti. 1200 manm, 3 anplwaye. Depi 1998, objektif Ojucah te amelyore kondisyon lavi yo nan peyizan ki pi p\u00f2v yo atrav\u00e8 aplikasyon an nan pwoj\u00e8 devlopman dirab. &gt; Dom\u00e8n prensipal aktivite yo : agrikilti, rebwazman, konstriksyon lojman[\/vc_column_text][vc_btn title=&#8221;Sit&hellip;\" \/>\n<meta property=\"og:url\" content=\"https:\/\/www.accion-habitat.org\/ht\/partenaires\/\" \/>\n<meta property=\"og:site_name\" content=\"Action pour l&#039;habitat | Acci\u00f3n por el h\u00e1bitat\" \/>\n<meta property=\"article:modified_time\" content=\"2019-09-06T12:15:50+00:00\" \/>\n<meta name=\"twitter:card\" content=\"summary_large_image\" \/>\n<meta name=\"twitter:label1\" content=\"Est. reading time\" \/>\n\t<meta name=\"twitter:data1\" content=\"7 minutes\" \/>\n<script type=\"application\/ld+json\" class=\"yoast-schema-graph\">{\"@context\":\"https:\/\/schema.org\",\"@graph\":[{\"@type\":\"WebSite\",\"@id\":\"http:\/\/www.accion-habitat.org\/ht\/#website\",\"url\":\"http:\/\/www.accion-habitat.org\/ht\/\",\"name\":\"Action pour l&#039;habitat | Acci\\u00f3n por el h\\u00e1bitat\",\"description\":\"intercambiar para cambiar | \\u00e9changer pour changer\",\"potentialAction\":[{\"@type\":\"SearchAction\",\"target\":{\"@type\":\"EntryPoint\",\"urlTemplate\":\"http:\/\/www.accion-habitat.org\/ht\/?s={search_term_string}\"},\"query-input\":\"required name=search_term_string\"}],\"inLanguage\":\"ht-HT\"},{\"@type\":\"WebPage\",\"@id\":\"https:\/\/www.accion-habitat.org\/ht\/partenaires\/#webpage\",\"url\":\"https:\/\/www.accion-habitat.org\/ht\/partenaires\/\",\"name\":\"Partenaires - Action pour l&#039;habitat | Acci\\u00f3n por el h\\u00e1bitat\",\"isPartOf\":{\"@id\":\"http:\/\/www.accion-habitat.org\/ht\/#website\"},\"datePublished\":\"2019-05-09T23:16:09+00:00\",\"dateModified\":\"2019-09-06T12:15:50+00:00\",\"breadcrumb\":{\"@id\":\"https:\/\/www.accion-habitat.org\/ht\/partenaires\/#breadcrumb\"},\"inLanguage\":\"ht-HT\",\"potentialAction\":[{\"@type\":\"ReadAction\",\"target\":[\"https:\/\/www.accion-habitat.org\/ht\/partenaires\/\"]}]},{\"@type\":\"BreadcrumbList\",\"@id\":\"https:\/\/www.accion-habitat.org\/ht\/partenaires\/#breadcrumb\",\"itemListElement\":[{\"@type\":\"ListItem\",\"position\":1,\"name\":\"Accueil\",\"item\":\"http:\/\/www.accion-habitat.org\/ht\/\"},{\"@type\":\"ListItem\",\"position\":2,\"name\":\"Partenaires\"}]}]}<\/script>\n<!-- \/ Yoast SEO plugin. -->","yoast_head_json":{"title":"Partenaires - Action pour l&#039;habitat | Acci\u00f3n por el h\u00e1bitat","robots":{"index":"index","follow":"follow","max-snippet":"max-snippet:-1","max-image-preview":"max-image-preview:large","max-video-preview":"max-video-preview:-1"},"canonical":"https:\/\/www.accion-habitat.org\/ht\/partenaires\/","og_locale":"ht_HT","og_type":"article","og_title":"Partenaires - Action pour l&#039;habitat | Acci\u00f3n por el h\u00e1bitat","og_description":"[vc_row][vc_column][vc_empty_space][vc_empty_space][\/vc_column][\/vc_row][vc_row][vc_column width=&#8221;1\/6&#8243;][vc_single_image image=&#8221;118&#8243; img_size=&#8221;full&#8221;][\/vc_column][vc_column width=&#8221;5\/6&#8243;][vc_column_text] OJUCAH Ganizasyon kominot\u00e8 nan komin La Vall\u00e9e (tou pre Jakm\u00e8l), nan sid\u00e8s Ayiti. 1200 manm, 3 anplwaye. Depi 1998, objektif Ojucah te amelyore kondisyon lavi yo nan peyizan ki pi p\u00f2v yo atrav\u00e8 aplikasyon an nan pwoj\u00e8 devlopman dirab. &gt; Dom\u00e8n prensipal aktivite yo : agrikilti, rebwazman, konstriksyon lojman[\/vc_column_text][vc_btn title=&#8221;Sit&hellip;","og_url":"https:\/\/www.accion-habitat.org\/ht\/partenaires\/","og_site_name":"Action pour l&#039;habitat | Acci\u00f3n por el h\u00e1bitat","article_modified_time":"2019-09-06T12:15:50+00:00","twitter_card":"summary_large_image","twitter_misc":{"Est. reading time":"7 minutes"},"schema":{"@context":"https:\/\/schema.org","@graph":[{"@type":"WebSite","@id":"http:\/\/www.accion-habitat.org\/ht\/#website","url":"http:\/\/www.accion-habitat.org\/ht\/","name":"Action pour l&#039;habitat | Acci\u00f3n por el h\u00e1bitat","description":"intercambiar para cambiar | \u00e9changer pour changer","potentialAction":[{"@type":"SearchAction","target":{"@type":"EntryPoint","urlTemplate":"http:\/\/www.accion-habitat.org\/ht\/?s={search_term_string}"},"query-input":"required name=search_term_string"}],"inLanguage":"ht-HT"},{"@type":"WebPage","@id":"https:\/\/www.accion-habitat.org\/ht\/partenaires\/#webpage","url":"https:\/\/www.accion-habitat.org\/ht\/partenaires\/","name":"Partenaires - Action pour l&#039;habitat | Acci\u00f3n por el h\u00e1bitat","isPartOf":{"@id":"http:\/\/www.accion-habitat.org\/ht\/#website"},"datePublished":"2019-05-09T23:16:09+00:00","dateModified":"2019-09-06T12:15:50+00:00","breadcrumb":{"@id":"https:\/\/www.accion-habitat.org\/ht\/partenaires\/#breadcrumb"},"inLanguage":"ht-HT","potentialAction":[{"@type":"ReadAction","target":["https:\/\/www.accion-habitat.org\/ht\/partenaires\/"]}]},{"@type":"BreadcrumbList","@id":"https:\/\/www.accion-habitat.org\/ht\/partenaires\/#breadcrumb","itemListElement":[{"@type":"ListItem","position":1,"name":"Accueil","item":"http:\/\/www.accion-habitat.org\/ht\/"},{"@type":"ListItem","position":2,"name":"Partenaires"}]}]}},"_links":{"self":[{"href":"https:\/\/www.accion-habitat.org\/ht\/wp-json\/wp\/v2\/pages\/850"}],"collection":[{"href":"https:\/\/www.accion-habitat.org\/ht\/wp-json\/wp\/v2\/pages"}],"about":[{"href":"https:\/\/www.accion-habitat.org\/ht\/wp-json\/wp\/v2\/types\/page"}],"author":[{"embeddable":true,"href":"https:\/\/www.accion-habitat.org\/ht\/wp-json\/wp\/v2\/users\/1"}],"replies":[{"embeddable":true,"href":"https:\/\/www.accion-habitat.org\/ht\/wp-json\/wp\/v2\/comments?post=850"}],"version-history":[{"count":2,"href":"https:\/\/www.accion-habitat.org\/ht\/wp-json\/wp\/v2\/pages\/850\/revisions"}],"predecessor-version":[{"id":940,"href":"https:\/\/www.accion-habitat.org\/ht\/wp-json\/wp\/v2\/pages\/850\/revisions\/940"}],"wp:attachment":[{"href":"https:\/\/www.accion-habitat.org\/ht\/wp-json\/wp\/v2\/media?parent=850"}],"curies":[{"name":"wp","href":"https:\/\/api.w.org\/{rel}","templated":true}]}}