{"id":824,"date":"2019-05-10T00:50:26","date_gmt":"2019-05-09T22:50:26","guid":{"rendered":"http:\/\/www.accion-habitat.org\/actualites-agenda\/"},"modified":"2019-05-10T00:50:26","modified_gmt":"2019-05-09T22:50:26","slug":"actualites-agenda","status":"publish","type":"page","link":"https:\/\/www.accion-habitat.org\/ht\/actualites-agenda\/","title":{"rendered":"Actualit\u00e9s \/ Agenda"},"content":{"rendered":"<div class=\"wpb-content-wrapper\"><p>[vc_row][vc_column][vc_column_text][\/vc_column_text][vc_empty_space]<style type=\"text\/css\" data-type=\"the7_shortcodes-inline-css\">.blog-shortcode.blog-masonry-shortcode-id-fd05aad069a7fa1804d79d02bac698b7.dividers-on.classic-layout-list article {\n  padding-top: 0;\n}\n.blog-shortcode.blog-masonry-shortcode-id-fd05aad069a7fa1804d79d02bac698b7.dividers-on.classic-layout-list article:first-of-type {\n  margin-top: 0;\n  padding-top: 0;\n}\n.blog-shortcode.blog-masonry-shortcode-id-fd05aad069a7fa1804d79d02bac698b7.classic-layout-list.mode-list .post-entry-content {\n  width: calc(100% - );\n}\n.blog-shortcode.blog-masonry-shortcode-id-fd05aad069a7fa1804d79d02bac698b7.classic-layout-list.mode-list .no-img .post-entry-content {\n  width: 100%;\n}\n.blog-shortcode.blog-masonry-shortcode-id-fd05aad069a7fa1804d79d02bac698b7 .filter-bg-decoration .filter-categories a.act {\n  color: #fff;\n}\n.blog-shortcode.blog-masonry-shortcode-id-fd05aad069a7fa1804d79d02bac698b7:not(.mode-masonry) article:first-of-type,\n.blog-shortcode.blog-masonry-shortcode-id-fd05aad069a7fa1804d79d02bac698b7:not(.mode-masonry) article.visible.first:not(.product) {\n  margin-top: 0;\n}\n.blog-shortcode.blog-masonry-shortcode-id-fd05aad069a7fa1804d79d02bac698b7.dividers-on:not(.mode-masonry) article {\n  margin-top: 0;\n}\n.blog-shortcode.blog-masonry-shortcode-id-fd05aad069a7fa1804d79d02bac698b7.dividers-on:not(.mode-masonry) article:first-of-type,\n.blog-shortcode.blog-masonry-shortcode-id-fd05aad069a7fa1804d79d02bac698b7.dividers-on:not(.mode-masonry) article.visible.first:not(.product) {\n  margin-top: 0;\n  padding-top: 0;\n}\n.blog-shortcode.blog-masonry-shortcode-id-fd05aad069a7fa1804d79d02bac698b7 .post-thumbnail-wrap {\n  padding: 0px 0px 0px 0px;\n}\n.blog-shortcode.blog-masonry-shortcode-id-fd05aad069a7fa1804d79d02bac698b7.enable-bg-rollover .post-thumbnail-rollover:after {\n  background: -webkit-linear-gradient();\n  background: linear-gradient();\n}\n.blog-shortcode.blog-masonry-shortcode-id-fd05aad069a7fa1804d79d02bac698b7 .gallery-zoom-ico {\n  width: 44px;\n  height: 44px;\n  line-height: 44px;\n  border-radius: 100px;\n  margin: -22px 0 0 -22px;\n  border-width: 0px;\n  color: #ffffff;\n}\n.bottom-overlap-layout-list.blog-shortcode.blog-masonry-shortcode-id-fd05aad069a7fa1804d79d02bac698b7 .gallery-zoom-ico {\n  margin-top: -72px;\n}\n.gradient-overlay-layout-list.blog-shortcode.blog-masonry-shortcode-id-fd05aad069a7fa1804d79d02bac698b7 .gallery-zoom-ico,\n.content-rollover-layout-list.blog-shortcode.blog-masonry-shortcode-id-fd05aad069a7fa1804d79d02bac698b7 .gallery-zoom-ico {\n  margin: 0 0 10px;\n}\n.content-align-center.gradient-overlay-layout-list.blog-shortcode.blog-masonry-shortcode-id-fd05aad069a7fa1804d79d02bac698b7 .gallery-zoom-ico,\n.content-align-center.content-rollover-layout-list.blog-shortcode.blog-masonry-shortcode-id-fd05aad069a7fa1804d79d02bac698b7 .gallery-zoom-ico {\n  margin: 0 auto 10px;\n}\n.dt-icon-bg-on.blog-shortcode.blog-masonry-shortcode-id-fd05aad069a7fa1804d79d02bac698b7 .gallery-zoom-ico {\n  background: rgba(255,255,255,0.3);\n  box-shadow: none;\n}\n.blog-shortcode.blog-masonry-shortcode-id-fd05aad069a7fa1804d79d02bac698b7 .gallery-zoom-ico > span,\n.blog-shortcode.blog-masonry-shortcode-id-fd05aad069a7fa1804d79d02bac698b7 .gallery-zoom-ico:before {\n  font-size: 32px;\n  line-height: 44px;\n}\n.blog-shortcode.blog-masonry-shortcode-id-fd05aad069a7fa1804d79d02bac698b7 .gallery-zoom-ico > span,\n.blog-shortcode.blog-masonry-shortcode-id-fd05aad069a7fa1804d79d02bac698b7 .gallery-zoom-ico:before {\n  color: #ffffff;\n}\n.blog-shortcode.blog-masonry-shortcode-id-fd05aad069a7fa1804d79d02bac698b7 .entry-title,\n.blog-shortcode.blog-masonry-shortcode-id-fd05aad069a7fa1804d79d02bac698b7.owl-carousel .entry-title {\n  margin-bottom: 5px;\n  font-weight: bold;\n}\n.blog-shortcode.blog-masonry-shortcode-id-fd05aad069a7fa1804d79d02bac698b7 .entry-meta {\n  margin-bottom: 15px;\n}\n.blog-shortcode.blog-masonry-shortcode-id-fd05aad069a7fa1804d79d02bac698b7 .portfolio-categories {\n  margin-bottom: 15px;\n}\n.blog-shortcode.blog-masonry-shortcode-id-fd05aad069a7fa1804d79d02bac698b7 .entry-excerpt {\n  margin-bottom: 5px;\n}\n.blog-shortcode.blog-masonry-shortcode-id-fd05aad069a7fa1804d79d02bac698b7:not(.centered-layout-list) .post-entry-content {\n  padding: 25px 30px 30px 30px;\n}\n.blog-shortcode.blog-masonry-shortcode-id-fd05aad069a7fa1804d79d02bac698b7:not(.centered-layout-list):not(.content-bg-on):not(.mode-list) .no-img .post-entry-content {\n  padding: 0;\n}\n@media screen and (max-width: ) {\n  .blog-shortcode.blog-masonry-shortcode-id-fd05aad069a7fa1804d79d02bac698b7 article {\n    -ms-flex-flow: column nowrap;\n    flex-flow: column nowrap;\n    margin-top: 20px;\n  }\n  .blog-shortcode.blog-masonry-shortcode-id-fd05aad069a7fa1804d79d02bac698b7.dividers-on article {\n    border: none;\n  }\n  .blog-shortcode.blog-masonry-shortcode-id-fd05aad069a7fa1804d79d02bac698b7.content-bg-on.centered-layout-list article {\n    padding: 0;\n  }\n  .blog-shortcode.blog-masonry-shortcode-id-fd05aad069a7fa1804d79d02bac698b7.blog-shortcode.dividers-on article,\n  .blog-shortcode.blog-masonry-shortcode-id-fd05aad069a7fa1804d79d02bac698b7.dividers-on.classic-layout-list article {\n    margin-top: 20px;\n    padding: 0;\n  }\n  .blog-shortcode.blog-masonry-shortcode-id-fd05aad069a7fa1804d79d02bac698b7.blog-shortcode.dividers-on article:first-of-type,\n  .blog-shortcode.blog-masonry-shortcode-id-fd05aad069a7fa1804d79d02bac698b7.dividers-on.classic-layout-list article:first-of-type {\n    padding: 0;\n  }\n  #page .blog-shortcode.blog-masonry-shortcode-id-fd05aad069a7fa1804d79d02bac698b7 .post-thumbnail-wrap,\n  #page .blog-shortcode.blog-masonry-shortcode-id-fd05aad069a7fa1804d79d02bac698b7 .post-entry-content {\n    width: 100%;\n    margin: 0;\n    top: 0;\n  }\n  #page .blog-shortcode.blog-masonry-shortcode-id-fd05aad069a7fa1804d79d02bac698b7 .post-thumbnail-wrap {\n    padding: 0;\n  }\n  #page .blog-shortcode.blog-masonry-shortcode-id-fd05aad069a7fa1804d79d02bac698b7 .post-entry-content:after {\n    display: none;\n  }\n  #page .blog-shortcode.blog-masonry-shortcode-id-fd05aad069a7fa1804d79d02bac698b7 .project-even .post-thumbnail-wrap,\n  #page .blog-shortcode.blog-masonry-shortcode-id-fd05aad069a7fa1804d79d02bac698b7.centered-layout-list .post-thumbnail-wrap {\n    -ms-flex-order: 0;\n    order: 0;\n  }\n  #page .blog-shortcode.blog-masonry-shortcode-id-fd05aad069a7fa1804d79d02bac698b7.centered-layout-list .post-entry-title-content {\n    -ms-flex-order: 1;\n    order: 1;\n    width: 100%;\n    padding: 20px 20px 0;\n  }\n  #page .blog-shortcode.blog-masonry-shortcode-id-fd05aad069a7fa1804d79d02bac698b7.centered-layout-list .post-entry-content {\n    -ms-flex-order: 2;\n    order: 2;\n    padding-top: 0;\n  }\n  #page .blog-shortcode.blog-masonry-shortcode-id-fd05aad069a7fa1804d79d02bac698b7 .fancy-categories {\n    top: 10px;\n    left: 10px;\n    bottom: auto;\n    right: auto;\n  }\n  #page .blog-shortcode.blog-masonry-shortcode-id-fd05aad069a7fa1804d79d02bac698b7 .fancy-date a {\n    top: 10px;\n    right: 10px;\n    left: auto;\n    bottom: auto;\n  }\n  #page .blog-shortcode.blog-masonry-shortcode-id-fd05aad069a7fa1804d79d02bac698b7 .post-entry-content {\n    padding: 20px;\n  }\n  #page .blog-shortcode.blog-masonry-shortcode-id-fd05aad069a7fa1804d79d02bac698b7 .entry-title {\n    margin: 3px 0 5px;\n    font-size: 20px;\n    line-height: 26px;\n  }\n  #page .blog-shortcode.blog-masonry-shortcode-id-fd05aad069a7fa1804d79d02bac698b7 .entry-meta {\n    margin: 5px 0 5px;\n  }\n  #page .blog-shortcode.blog-masonry-shortcode-id-fd05aad069a7fa1804d79d02bac698b7 .entry-excerpt {\n    margin: 15px 0 0;\n  }\n  #page .blog-shortcode.blog-masonry-shortcode-id-fd05aad069a7fa1804d79d02bac698b7 .post-details {\n    margin: 5px 0 10px;\n  }\n  #page .blog-shortcode.blog-masonry-shortcode-id-fd05aad069a7fa1804d79d02bac698b7 .post-details.details-type-link {\n    margin-bottom: 2px;\n  }\n}\n<\/style><div class=\"blog-shortcode blog-masonry-shortcode-id-fd05aad069a7fa1804d79d02bac698b7 mode-masonry classic-layout-list content-bg-on jquery-filter scale-img meta-info-off dt-icon-bg-off resize-by-browser-width loading-effect-none description-under-image \" data-padding=\"15px\" data-cur-page=\"1\" data-post-limit=\"-1\" data-pagination-mode=\"none\" data-desktop-columns-num=\"3\" data-v-tablet-columns-num=\"2\" data-h-tablet-columns-num=\"3\" data-phone-columns-num=\"1\" data-width=\"0px\" data-columns=\"0\"><div class=\"iso-container\" ><div class=\"visible wf-cell iso-item\" data-post-id=\"843\" data-date=\"2019-05-14T00:59:35+02:00\" data-name=\"Senpozyom ent\u00e8nasyonal nan Salvador\"><article class=\"post project-odd visible post-843 type-post status-publish format-standard has-post-thumbnail hentry category-actualites-ht category-27\" data-name=\"Senpozyom ent\u00e8nasyonal nan Salvador\" data-date=\"2019-05-14T00:59:35+02:00\">\n\n<div class=\"post-thumbnail-wrap\">\n\t<div class=\"post-thumbnail\">\n\t\t\n\t\t\n\t\t<a href=\"https:\/\/www.accion-habitat.org\/ht\/colloque-salvador\/\" class=\"post-thumbnail-rollover layzr-bg layzr-bg\" ><img class=\"iso-lazy-load preload-me iso-lazy-load aspect\" src=\"data:image\/svg+xml,%3Csvg%20xmlns%3D&#39;http%3A%2F%2Fwww.w3.org%2F2000%2Fsvg&#39;%20viewBox%3D&#39;0%200%20400%20265&#39;%2F%3E\" data-src=\"https:\/\/www.accion-habitat.org\/wp-content\/uploads\/2019\/05\/Stephane-ETIENNE_Salvador_Colloque-11-V.jpg\" data-srcset=\"https:\/\/www.accion-habitat.org\/wp-content\/uploads\/2019\/05\/Stephane-ETIENNE_Salvador_Colloque-11-V.jpg 400w\" loading=\"eager\" style=\"--ratio: 400 \/ 265\" sizes=\"(max-width: 400px) 100vw, 400px\" alt=\"\" title=\"Stephane-ETIENNE_Salvador_Colloque-11-V\" width=\"400\" height=\"265\"  \/><\/a>\t<\/div>\n<\/div>\n\n\n<div class=\"post-entry-content\">\n\n\t<h3 class=\"entry-title\">\n\t\t<a href=\"https:\/\/www.accion-habitat.org\/ht\/colloque-salvador\/\" title=\"Senpozyom ent\u00e8nasyonal nan Salvador\" rel=\"bookmark\">Senpozyom ent\u00e8nasyonal nan Salvador<\/a>\n\t<\/h3>\n\n\t\n\t<div class=\"entry-excerpt\"><p>Oktob 2018, Fanm ki ka bati a lon\u00e8. Py\u00e9 adan labou pou bati&#8230;<\/p>\n<\/div>\n\t\n<a href=\"https:\/\/www.accion-habitat.org\/ht\/colloque-salvador\/\" class=\"post-details details-type-link\" aria-label=\"Read more about Senpozyom ent\u00e8nasyonal nan Salvador\">Lire l'article<i class=\"dt-icon-the7-arrow-03\" aria-hidden=\"true\"><\/i><\/a>\n\n<\/div><\/article><\/div><div class=\"visible wf-cell iso-item\" data-post-id=\"844\" data-date=\"2019-05-11T00:58:27+02:00\" data-name=\"Congr\u00e8s &quot;Habitat, migration et justice r\u00e9paratrice&quot;\"><article class=\"post project-odd visible post-844 type-post status-publish format-standard has-post-thumbnail hentry category-actualites-ht category-27\" data-name=\"Congr\u00e8s &#8220;Habitat, migration et justice r\u00e9paratrice&#8221;\" data-date=\"2019-05-11T00:58:27+02:00\">\n\n<div class=\"post-thumbnail-wrap\">\n\t<div class=\"post-thumbnail\">\n\t\t\n\t\t\n\t\t<a href=\"https:\/\/www.accion-habitat.org\/ht\/congres-habitat\/\" class=\"post-thumbnail-rollover layzr-bg layzr-bg\" ><img class=\"iso-lazy-load preload-me iso-lazy-load aspect\" src=\"data:image\/svg+xml,%3Csvg%20xmlns%3D&#39;http%3A%2F%2Fwww.w3.org%2F2000%2Fsvg&#39;%20viewBox%3D&#39;0%200%20400%20267&#39;%2F%3E\" data-src=\"https:\/\/www.accion-habitat.org\/wp-content\/uploads\/2019\/05\/Congreso-FUNDASAL-V.jpg\" data-srcset=\"https:\/\/www.accion-habitat.org\/wp-content\/uploads\/2019\/05\/Congreso-FUNDASAL-V.jpg 400w\" loading=\"eager\" style=\"--ratio: 400 \/ 267\" sizes=\"(max-width: 400px) 100vw, 400px\" alt=\"\" title=\"Congreso-FUNDASAL-V\" width=\"400\" height=\"267\"  \/><\/a>\t<\/div>\n<\/div>\n\n\n<div class=\"post-entry-content\">\n\n\t<h3 class=\"entry-title\">\n\t\t<a href=\"https:\/\/www.accion-habitat.org\/ht\/congres-habitat\/\" title=\"Congr\u00e8s &#8220;Habitat, migration et justice r\u00e9paratrice&#8221;\" rel=\"bookmark\">Congr\u00e8s &#8220;Habitat, migration et justice r\u00e9paratrice&#8221;<\/a>\n\t<\/h3>\n\n\t\n\t<div class=\"entry-excerpt\"><p>Le 5\u00e8me Congr\u00e8s &#8220;Habitat, migration et justice r\u00e9paratrice&#8221; s&#8217;est tenu du 26 au 29\/09\/2018&#8230;<\/p>\n<\/div>\n\t\n<a href=\"https:\/\/www.accion-habitat.org\/ht\/congres-habitat\/\" class=\"post-details details-type-link\" aria-label=\"Read more about Congr\u00e8s &#8220;Habitat, migration et justice r\u00e9paratrice&#8221;\">Lire l'article<i class=\"dt-icon-the7-arrow-03\" aria-hidden=\"true\"><\/i><\/a>\n\n<\/div><\/article><\/div><div class=\"visible wf-cell iso-item\" data-post-id=\"845\" data-date=\"2019-05-08T23:03:19+02:00\" data-name=\"Convergences Forum Mondyal\"><article class=\"post project-odd visible post-845 type-post status-publish format-standard has-post-thumbnail hentry category-actualites-ht category-27\" data-name=\"Convergences Forum Mondyal\" data-date=\"2019-05-08T23:03:19+02:00\">\n\n<div class=\"post-thumbnail-wrap\">\n\t<div class=\"post-thumbnail\">\n\t\t\n\t\t\n\t\t<a href=\"https:\/\/www.accion-habitat.org\/ht\/forum-mondial-convergences\/\" class=\"post-thumbnail-rollover layzr-bg layzr-bg\" ><img class=\"iso-lazy-load preload-me iso-lazy-load aspect\" src=\"data:image\/svg+xml,%3Csvg%20xmlns%3D&#39;http%3A%2F%2Fwww.w3.org%2F2000%2Fsvg&#39;%20viewBox%3D&#39;0%200%20400%20267&#39;%2F%3E\" data-src=\"https:\/\/www.accion-habitat.org\/wp-content\/uploads\/2019\/05\/Visuel-appel-a-contributions-2-V.jpg\" data-srcset=\"https:\/\/www.accion-habitat.org\/wp-content\/uploads\/2019\/05\/Visuel-appel-a-contributions-2-V.jpg 400w\" loading=\"eager\" style=\"--ratio: 400 \/ 267\" sizes=\"(max-width: 400px) 100vw, 400px\" alt=\"\" title=\"Visuel-appel-a-contributions-2-V\" width=\"400\" height=\"267\"  \/><\/a>\t<\/div>\n<\/div>\n\n\n<div class=\"post-entry-content\">\n\n\t<h3 class=\"entry-title\">\n\t\t<a href=\"https:\/\/www.accion-habitat.org\/ht\/forum-mondial-convergences\/\" title=\"Convergences Forum Mondyal\" rel=\"bookmark\">Convergences Forum Mondyal<\/a>\n\t<\/h3>\n\n\t\n\t<div class=\"entry-excerpt\"><p>&#8220;F\u00e8 Sosyete, F\u00e8 Denmen&#8221; nan Pari. 3 septanm ak 4y\u00e8m, 2018. Habitat-Cit\u00e9 ak Fundasal te patisipe nan 11y\u00e8m Konv\u00e8rn Mondyal Forum&#8230;<\/p>\n<\/div>\n\t\n<a href=\"https:\/\/www.accion-habitat.org\/ht\/forum-mondial-convergences\/\" class=\"post-details details-type-link\" aria-label=\"Read more about Convergences Forum Mondyal\">Lire l'article<i class=\"dt-icon-the7-arrow-03\" aria-hidden=\"true\"><\/i><\/a>\n\n<\/div><\/article><\/div><\/div><!-- iso-container|iso-grid --><\/div>[\/vc_column][\/vc_row]<\/p>\n<\/div>","protected":false},"excerpt":{"rendered":"<p>[vc_row][vc_column][vc_column_text][\/vc_column_text][vc_empty_space][\/vc_column][\/vc_row]<\/p>\n","protected":false},"author":1,"featured_media":0,"parent":0,"menu_order":0,"comment_status":"closed","ping_status":"closed","template":"","meta":[],"yoast_head":"<!-- This site is optimized with the Yoast SEO plugin v17.5 - https:\/\/yoast.com\/wordpress\/plugins\/seo\/ -->\n<title>Actualit\u00e9s \/ Agenda - Action pour l&#039;habitat | Acci\u00f3n por el h\u00e1bitat<\/title>\n<meta name=\"robots\" content=\"index, follow, max-snippet:-1, max-image-preview:large, max-video-preview:-1\" \/>\n<link rel=\"canonical\" href=\"https:\/\/www.accion-habitat.org\/ht\/actualites-agenda\/\" \/>\n<meta property=\"og:locale\" content=\"ht_HT\" \/>\n<meta property=\"og:type\" content=\"article\" \/>\n<meta property=\"og:title\" content=\"Actualit\u00e9s \/ Agenda - Action pour l&#039;habitat | Acci\u00f3n por el h\u00e1bitat\" \/>\n<meta property=\"og:description\" content=\"[vc_row][vc_column][vc_column_text][\/vc_column_text][vc_empty_space][\/vc_column][\/vc_row]\" \/>\n<meta property=\"og:url\" content=\"https:\/\/www.accion-habitat.org\/ht\/actualites-agenda\/\" \/>\n<meta property=\"og:site_name\" content=\"Action pour l&#039;habitat | Acci\u00f3n por el h\u00e1bitat\" \/>\n<meta name=\"twitter:card\" content=\"summary_large_image\" \/>\n<script type=\"application\/ld+json\" class=\"yoast-schema-graph\">{\"@context\":\"https:\/\/schema.org\",\"@graph\":[{\"@type\":\"WebSite\",\"@id\":\"http:\/\/www.accion-habitat.org\/ht\/#website\",\"url\":\"http:\/\/www.accion-habitat.org\/ht\/\",\"name\":\"Action pour l&#039;habitat | Acci\\u00f3n por el h\\u00e1bitat\",\"description\":\"intercambiar para cambiar | \\u00e9changer pour changer\",\"potentialAction\":[{\"@type\":\"SearchAction\",\"target\":{\"@type\":\"EntryPoint\",\"urlTemplate\":\"http:\/\/www.accion-habitat.org\/ht\/?s={search_term_string}\"},\"query-input\":\"required name=search_term_string\"}],\"inLanguage\":\"ht-HT\"},{\"@type\":\"WebPage\",\"@id\":\"https:\/\/www.accion-habitat.org\/ht\/actualites-agenda\/#webpage\",\"url\":\"https:\/\/www.accion-habitat.org\/ht\/actualites-agenda\/\",\"name\":\"Actualit\\u00e9s \/ Agenda - Action pour l&#039;habitat | Acci\\u00f3n por el h\\u00e1bitat\",\"isPartOf\":{\"@id\":\"http:\/\/www.accion-habitat.org\/ht\/#website\"},\"datePublished\":\"2019-05-09T22:50:26+00:00\",\"dateModified\":\"2019-05-09T22:50:26+00:00\",\"breadcrumb\":{\"@id\":\"https:\/\/www.accion-habitat.org\/ht\/actualites-agenda\/#breadcrumb\"},\"inLanguage\":\"ht-HT\",\"potentialAction\":[{\"@type\":\"ReadAction\",\"target\":[\"https:\/\/www.accion-habitat.org\/ht\/actualites-agenda\/\"]}]},{\"@type\":\"BreadcrumbList\",\"@id\":\"https:\/\/www.accion-habitat.org\/ht\/actualites-agenda\/#breadcrumb\",\"itemListElement\":[{\"@type\":\"ListItem\",\"position\":1,\"name\":\"Accueil\",\"item\":\"http:\/\/www.accion-habitat.org\/ht\/\"},{\"@type\":\"ListItem\",\"position\":2,\"name\":\"Actualit\\u00e9s \/ Agenda\"}]}]}<\/script>\n<!-- \/ Yoast SEO plugin. -->","yoast_head_json":{"title":"Actualit\u00e9s \/ Agenda - Action pour l&#039;habitat | Acci\u00f3n por el h\u00e1bitat","robots":{"index":"index","follow":"follow","max-snippet":"max-snippet:-1","max-image-preview":"max-image-preview:large","max-video-preview":"max-video-preview:-1"},"canonical":"https:\/\/www.accion-habitat.org\/ht\/actualites-agenda\/","og_locale":"ht_HT","og_type":"article","og_title":"Actualit\u00e9s \/ Agenda - Action pour l&#039;habitat | Acci\u00f3n por el h\u00e1bitat","og_description":"[vc_row][vc_column][vc_column_text][\/vc_column_text][vc_empty_space][\/vc_column][\/vc_row]","og_url":"https:\/\/www.accion-habitat.org\/ht\/actualites-agenda\/","og_site_name":"Action pour l&#039;habitat | Acci\u00f3n por el h\u00e1bitat","twitter_card":"summary_large_image","schema":{"@context":"https:\/\/schema.org","@graph":[{"@type":"WebSite","@id":"http:\/\/www.accion-habitat.org\/ht\/#website","url":"http:\/\/www.accion-habitat.org\/ht\/","name":"Action pour l&#039;habitat | Acci\u00f3n por el h\u00e1bitat","description":"intercambiar para cambiar | \u00e9changer pour changer","potentialAction":[{"@type":"SearchAction","target":{"@type":"EntryPoint","urlTemplate":"http:\/\/www.accion-habitat.org\/ht\/?s={search_term_string}"},"query-input":"required name=search_term_string"}],"inLanguage":"ht-HT"},{"@type":"WebPage","@id":"https:\/\/www.accion-habitat.org\/ht\/actualites-agenda\/#webpage","url":"https:\/\/www.accion-habitat.org\/ht\/actualites-agenda\/","name":"Actualit\u00e9s \/ Agenda - Action pour l&#039;habitat | Acci\u00f3n por el h\u00e1bitat","isPartOf":{"@id":"http:\/\/www.accion-habitat.org\/ht\/#website"},"datePublished":"2019-05-09T22:50:26+00:00","dateModified":"2019-05-09T22:50:26+00:00","breadcrumb":{"@id":"https:\/\/www.accion-habitat.org\/ht\/actualites-agenda\/#breadcrumb"},"inLanguage":"ht-HT","potentialAction":[{"@type":"ReadAction","target":["https:\/\/www.accion-habitat.org\/ht\/actualites-agenda\/"]}]},{"@type":"BreadcrumbList","@id":"https:\/\/www.accion-habitat.org\/ht\/actualites-agenda\/#breadcrumb","itemListElement":[{"@type":"ListItem","position":1,"name":"Accueil","item":"http:\/\/www.accion-habitat.org\/ht\/"},{"@type":"ListItem","position":2,"name":"Actualit\u00e9s \/ Agenda"}]}]}},"_links":{"self":[{"href":"https:\/\/www.accion-habitat.org\/ht\/wp-json\/wp\/v2\/pages\/824"}],"collection":[{"href":"https:\/\/www.accion-habitat.org\/ht\/wp-json\/wp\/v2\/pages"}],"about":[{"href":"https:\/\/www.accion-habitat.org\/ht\/wp-json\/wp\/v2\/types\/page"}],"author":[{"embeddable":true,"href":"https:\/\/www.accion-habitat.org\/ht\/wp-json\/wp\/v2\/users\/1"}],"replies":[{"embeddable":true,"href":"https:\/\/www.accion-habitat.org\/ht\/wp-json\/wp\/v2\/comments?post=824"}],"version-history":[{"count":0,"href":"https:\/\/www.accion-habitat.org\/ht\/wp-json\/wp\/v2\/pages\/824\/revisions"}],"wp:attachment":[{"href":"https:\/\/www.accion-habitat.org\/ht\/wp-json\/wp\/v2\/media?parent=824"}],"curies":[{"name":"wp","href":"https:\/\/api.w.org\/{rel}","templated":true}]}}