{"id":1235,"date":"2020-08-11T16:32:01","date_gmt":"2020-08-11T14:32:01","guid":{"rendered":"http:\/\/www.accion-habitat.org\/les-artisans\/"},"modified":"2021-09-14T16:26:31","modified_gmt":"2021-09-14T14:26:31","slug":"les-artisans","status":"publish","type":"page","link":"https:\/\/www.accion-habitat.org\/ht\/les-artisans\/","title":{"rendered":"Les Artisan.es"},"content":{"rendered":"<div class=\"wpb-content-wrapper\"><p>[vc_row][vc_column]<div id=\"advanced-tabs-desc-wrap-1065\" class=\"ult_tabs \" style=\" \" data-tabsstyle=\"style2\"\n data-titlebg=\"#228196\" data-titlecolor=\"#ffffff\" data-fullheight=\"off\"\n data-titlehoverbg=\"#145664\" data-titlehovercolor=\"#ffffff\"\n data-rotatetabs=\"0\" data-responsivemode=\"Title\" data-animation=\"Slide\"\ndata-activetitle=\"#ffffff\" data-activeicon=\"\" data-activebg=\"#145664\"  data-respmode=\"Tabs\" data-respwidth=\"400\" data-scroll = \"on\" data-activeindex=\"1\"><ul id=advanced-tabs-wrap-3890 class=\"ult_tabmenu style2 \" style=\"color:transparent;border-bottom-color:transparent;border-bottom-width:0px;border-bottom-style:solid;border-bottom-width:0px;\"><li class=\"ult_tab_li  \" data-iconcolor=\"#74777b\" data-iconhover=\"#ffffff\" style=\"\">\n\t\t\t\t\t<a href=\"#1597151634450-4\"  id=\"1597151634450-4\"  style=\"color:#ffffff;background-color:#228196;border-top-left-radius:0px;;   \" class=\"ult_a  \">\n\t\t\t\t\t     <span class=\"ult_tab_main Title \">\n\t\t\t\t\t \t\t <span class=\"ult_tab_section\">\n\t\t\t\t\t   \t\t\t<span  data-ultimate-target='#advanced-tabs-wrap-3890 .ult-span-text'  data-responsive-json-new='{\"font-size\":\"desktop:15px;\",\"line-height\":\"\"}'  class=\"ult-span-text no_icon ult_tab_display_text ult-responsive\" style=\"font-weight:bold;;\">Ha\u00efti<\/span>\n\t\t\t\t\t   \t\t<\/span>\n\t\t\t\t\t\t<\/span>\n\t\t\t\t\t<\/a>\n\t\t\t\t\t<\/li><li class=\"ult_tab_li  \" data-iconcolor=\"#74777b\" data-iconhover=\"#ffffff\" style=\"\">\n\t\t\t\t\t<a href=\"#1597151634499-2\"  id=\"1597151634499-2\"  style=\"color:#ffffff;background-color:#228196;border-top-right-radius:0px;;   \" class=\"ult_a  \">\n\t\t\t\t\t     <span class=\"ult_tab_main Title \">\n\t\t\t\t\t \t\t <span class=\"ult_tab_section\">\n\t\t\t\t\t   \t\t\t<span  data-ultimate-target='#advanced-tabs-wrap-3890 .ult-span-text'  data-responsive-json-new='{\"font-size\":\"desktop:15px;\",\"line-height\":\"\"}'  class=\"ult-span-text no_icon ult_tab_display_text ult-responsive\" style=\"font-weight:bold;;\">El Salvador<\/span>\n\t\t\t\t\t   \t\t<\/span>\n\t\t\t\t\t\t<\/span>\n\t\t\t\t\t<\/a>\n\t\t\t\t\t<\/li><\/ul><div  data-ultimate-target='#advanced-tabs-desc-wrap-1065 .ult_tabcontent .ult_tab_min_contain  p'  data-responsive-json-new='{\"font-size\":\"\",\"line-height\":\"\"}' class=\"ult_tabcontent ult-responsive style2\" style=\"color:#74777b;\"><div class=\"ult_tab_min_contain \" >\n\t\t\t<div  class=\"ult_tabitemname\"  >\n\t\t\t\t[vc_column_text]Entre 2017 et 2020, Habitat-Cit\u00e9 et ses partenaires locaux &#8211; Ojucah et Ateco &#8211; ont form\u00e9 47 artisans et artisanes, sp\u00e9cialis\u00e9s dans les techniques de constructions traditionnelles am\u00e9lior\u00e9es. Vous pouvez rentrer en contact avec ces artisans par t\u00e9l\u00e9phone ou e-mail :<br \/>\n<a href=\"mailto:infoojucah@yahoo.fr\" target=\"_blank\" rel=\"noopener noreferrer\">infoojucah@yahoo.fr<\/a><br \/>\n+509 3691 5929[\/vc_column_text][vc_empty_space]<div class=\"dt-fancy-separator title-left h3-size\" style=\"width: 100%;\"><div class=\"dt-fancy-title bg-on\" style=\"color: #ffffff;background-color: #e83f33;\"><span class=\"separator-holder separator-left\" style=\"border-color: #e83f33;\"><\/span>Bainet<span class=\"separator-holder separator-right\" style=\"border-color: #e83f33;\"><\/span><\/div><\/div>[vc_empty_space][vc_row_inner][vc_column_inner width=&#8221;1\/3&#8243;]<section class=\"shortcode-teaser img-full frame-fancy frame-on\"><div class=\"layzr-bg shortcode-teaser-img\"><img class=\"lazy-load\" src=\"data:image\/svg+xml;charset=utf-8,%3Csvg xmlns%3D&#039;http%3A%2F%2Fwww.w3.org%2F2000%2Fsvg&#039; viewBox%3D&#039;0 0 400 267&#039;%2F%3E\" width=\"400\" height=\"267\" data-srcset=\"https:\/\/www.accion-habitat.org\/wp-content\/uploads\/2020\/08\/Santa-Cherubin.jpg 400w\" data-src=\"https:\/\/www.accion-habitat.org\/wp-content\/uploads\/2020\/08\/Santa-Cherubin.jpg\" \/><\/div><div class=\"shortcode-teaser-content text-big\"><h4>Santa Cherubin<\/h4>\n<p>Adresse : Br\u00e9silienne<\/p>\n<p>Comp\u00e9tences professionnelles :<\/p>\n<ul>\n<li>Ma\u00e7onnerie<\/li>\n<li>Charpente<\/li>\n<li>Peinture<\/li>\n<\/ul>\n<\/div><\/section>[vc_empty_space][\/vc_column_inner][vc_column_inner width=&#8221;1\/3&#8243;]<section class=\"shortcode-teaser img-full frame-fancy frame-on\"><div class=\"layzr-bg shortcode-teaser-img\"><img class=\"lazy-load\" src=\"data:image\/svg+xml;charset=utf-8,%3Csvg xmlns%3D&#039;http%3A%2F%2Fwww.w3.org%2F2000%2Fsvg&#039; viewBox%3D&#039;0 0 400 267&#039;%2F%3E\" width=\"400\" height=\"267\" data-srcset=\"https:\/\/www.accion-habitat.org\/wp-content\/uploads\/2020\/08\/Rose-Manie.jpg 400w\" data-src=\"https:\/\/www.accion-habitat.org\/wp-content\/uploads\/2020\/08\/Rose-Manie.jpg\" \/><\/div><div class=\"shortcode-teaser-content text-big\"><h4>Rose Manie Ren\u00e9<\/h4>\n<p>Adresse : Calbassier<\/p>\n<p>Comp\u00e9tences professionnelles :<\/p>\n<ul>\n<li>Ma\u00e7onnerie<\/li>\n<li>Charpente<\/li>\n<li>Peinture<\/li>\n<li>Artisanat<\/li>\n<\/ul>\n<\/div><\/section>[vc_empty_space][\/vc_column_inner][vc_column_inner width=&#8221;1\/3&#8243;]<section class=\"shortcode-teaser img-full frame-fancy frame-on\"><div class=\"layzr-bg shortcode-teaser-img\"><img class=\"lazy-load\" src=\"data:image\/svg+xml;charset=utf-8,%3Csvg xmlns%3D&#039;http%3A%2F%2Fwww.w3.org%2F2000%2Fsvg&#039; viewBox%3D&#039;0 0 400 267&#039;%2F%3E\" width=\"400\" height=\"267\" data-srcset=\"https:\/\/www.accion-habitat.org\/wp-content\/uploads\/2020\/08\/Margarette.jpg 400w\" data-src=\"https:\/\/www.accion-habitat.org\/wp-content\/uploads\/2020\/08\/Margarette.jpg\" \/><\/div><div class=\"shortcode-teaser-content text-big\"><h4>Margarette Forg\u00e8re Joseph<\/h4>\n<p>Adresse : Denard<\/p>\n<p>Comp\u00e9tences professionnelles :<\/p>\n<ul>\n<li>Ma\u00e7onnerie<\/li>\n<li>Charpente<\/li>\n<li>Peinture<\/li>\n<\/ul>\n<\/div><\/section>[vc_empty_space][\/vc_column_inner][\/vc_row_inner][vc_row_inner][vc_column_inner width=&#8221;1\/3&#8243;]<section class=\"shortcode-teaser img-full frame-fancy frame-on\"><div class=\"layzr-bg shortcode-teaser-img\"><img class=\"lazy-load\" src=\"data:image\/svg+xml;charset=utf-8,%3Csvg xmlns%3D&#039;http%3A%2F%2Fwww.w3.org%2F2000%2Fsvg&#039; viewBox%3D&#039;0 0 400 267&#039;%2F%3E\" width=\"400\" height=\"267\" data-srcset=\"https:\/\/www.accion-habitat.org\/wp-content\/uploads\/2020\/08\/Marie-Jos.jpg 400w\" data-src=\"https:\/\/www.accion-habitat.org\/wp-content\/uploads\/2020\/08\/Marie-Jos.jpg\" \/><\/div><div class=\"shortcode-teaser-content text-big\"><h4>Francia Jean Jacques<\/h4>\n<p>Adresse : Denard<\/p>\n<p>Comp\u00e9tences professionnelles :<\/p>\n<ul>\n<li>Ma\u00e7onnerie<\/li>\n<li>Charpente<\/li>\n<li>Peinture<\/li>\n<li>Couture<\/li>\n<\/ul>\n<\/div><\/section>[vc_empty_space][\/vc_column_inner][vc_column_inner width=&#8221;1\/3&#8243;]<section class=\"shortcode-teaser img-full frame-fancy frame-on\"><div class=\"layzr-bg shortcode-teaser-img\"><img class=\"lazy-load\" src=\"data:image\/svg+xml;charset=utf-8,%3Csvg xmlns%3D&#039;http%3A%2F%2Fwww.w3.org%2F2000%2Fsvg&#039; viewBox%3D&#039;0 0 400 267&#039;%2F%3E\" width=\"400\" height=\"267\" data-srcset=\"https:\/\/www.accion-habitat.org\/wp-content\/uploads\/2020\/08\/Ketteline.jpg 400w\" data-src=\"https:\/\/www.accion-habitat.org\/wp-content\/uploads\/2020\/08\/Ketteline.jpg\" \/><\/div><div class=\"shortcode-teaser-content text-big\"><h4>Ketteline Laguerre<\/h4>\n<p>Adresse : Denard<\/p>\n<p>Comp\u00e9tences professionnelles :<\/p>\n<ul>\n<li>Ma\u00e7onnerie<\/li>\n<li>Charpente<\/li>\n<li>Peinture<\/li>\n<li>Art floral &#8211; Danse<\/li>\n<\/ul>\n<\/div><\/section>[vc_empty_space][\/vc_column_inner][vc_column_inner width=&#8221;1\/3&#8243;]<section class=\"shortcode-teaser img-full frame-fancy frame-on\"><div class=\"layzr-bg shortcode-teaser-img\"><img class=\"lazy-load\" src=\"data:image\/svg+xml;charset=utf-8,%3Csvg xmlns%3D&#039;http%3A%2F%2Fwww.w3.org%2F2000%2Fsvg&#039; viewBox%3D&#039;0 0 400 267&#039;%2F%3E\" width=\"400\" height=\"267\" data-srcset=\"https:\/\/www.accion-habitat.org\/wp-content\/uploads\/2020\/08\/Loudja.jpg 400w\" data-src=\"https:\/\/www.accion-habitat.org\/wp-content\/uploads\/2020\/08\/Loudja.jpg\" \/><\/div><div class=\"shortcode-teaser-content text-big\"><h4>Loudja Ladouceur<\/h4>\n<p>Adresse : Br\u00e9silienne<\/p>\n<p>Comp\u00e9tences professionnelles :<\/p>\n<ul>\n<li>Ma\u00e7onnerie<\/li>\n<li>Charpente<\/li>\n<li>Peinture<\/li>\n<\/ul>\n<\/div><\/section>[vc_empty_space][\/vc_column_inner][\/vc_row_inner][vc_row_inner][vc_column_inner width=&#8221;1\/3&#8243;]<section class=\"shortcode-teaser img-full frame-fancy frame-on\"><div class=\"layzr-bg shortcode-teaser-img\"><img class=\"lazy-load\" src=\"data:image\/svg+xml;charset=utf-8,%3Csvg xmlns%3D&#039;http%3A%2F%2Fwww.w3.org%2F2000%2Fsvg&#039; viewBox%3D&#039;0 0 400 267&#039;%2F%3E\" width=\"400\" height=\"267\" data-srcset=\"https:\/\/www.accion-habitat.org\/wp-content\/uploads\/2020\/08\/Yolene.jpg 400w\" data-src=\"https:\/\/www.accion-habitat.org\/wp-content\/uploads\/2020\/08\/Yolene.jpg\" \/><\/div><div class=\"shortcode-teaser-content text-big\"><h4>Marie Jos\u00e9 Pierre Saint<\/h4>\n<p>Adresse : Denard<\/p>\n<p>Comp\u00e9tences professionnelles :<\/p>\n<ul>\n<li>Ma\u00e7onnerie<\/li>\n<li>Charpente<\/li>\n<li>Peinture<\/li>\n<li>Agriculture &#8211; Couture<\/li>\n<\/ul>\n<\/div><\/section>[vc_empty_space][\/vc_column_inner][vc_column_inner width=&#8221;1\/3&#8243;]<section class=\"shortcode-teaser img-full frame-fancy frame-on\"><div class=\"layzr-bg shortcode-teaser-img\"><img class=\"lazy-load\" src=\"data:image\/svg+xml;charset=utf-8,%3Csvg xmlns%3D&#039;http%3A%2F%2Fwww.w3.org%2F2000%2Fsvg&#039; viewBox%3D&#039;0 0 400 267&#039;%2F%3E\" width=\"400\" height=\"267\" data-srcset=\"https:\/\/www.accion-habitat.org\/wp-content\/uploads\/2020\/08\/Monica.jpg 400w\" data-src=\"https:\/\/www.accion-habitat.org\/wp-content\/uploads\/2020\/08\/Monica.jpg\" \/><\/div><div class=\"shortcode-teaser-content text-big\"><h4>Monica Saint Louis<\/h4>\n<p>Adresse : Denard<\/p>\n<p>Comp\u00e9tences professionnelles :<\/p>\n<ul>\n<li style=\"list-style-type: none;\">\n<ul>\n<li>Ma\u00e7onnerie<\/li>\n<li>Charpente<\/li>\n<li>Peinture<\/li>\n<\/ul>\n<\/li>\n<\/ul>\n<\/div><\/section>[vc_empty_space][\/vc_column_inner][vc_column_inner width=&#8221;1\/3&#8243;]<section class=\"shortcode-teaser img-full frame-fancy frame-on\"><div class=\"layzr-bg shortcode-teaser-img\"><img class=\"lazy-load\" src=\"data:image\/svg+xml;charset=utf-8,%3Csvg xmlns%3D&#039;http%3A%2F%2Fwww.w3.org%2F2000%2Fsvg&#039; viewBox%3D&#039;0 0 400 267&#039;%2F%3E\" width=\"400\" height=\"267\" data-srcset=\"https:\/\/www.accion-habitat.org\/wp-content\/uploads\/2020\/08\/Maritane.jpg 400w\" data-src=\"https:\/\/www.accion-habitat.org\/wp-content\/uploads\/2020\/08\/Maritane.jpg\" \/><\/div><div class=\"shortcode-teaser-content text-big\"><h4>Maritane Richard<\/h4>\n<p>Adresse : Gard<\/p>\n<p>Comp\u00e9tences professionnelles :<\/p>\n<ul>\n<li>Ma\u00e7onnerie<\/li>\n<li>Charpente<\/li>\n<li>Peinture<\/li>\n<li>Commerce<\/li>\n<\/ul>\n<\/div><\/section>[vc_empty_space][\/vc_column_inner][\/vc_row_inner][vc_row_inner][vc_column_inner width=&#8221;1\/3&#8243;]<section class=\"shortcode-teaser img-full frame-fancy frame-on\"><div class=\"layzr-bg shortcode-teaser-img\"><img class=\"lazy-load\" src=\"data:image\/svg+xml;charset=utf-8,%3Csvg xmlns%3D&#039;http%3A%2F%2Fwww.w3.org%2F2000%2Fsvg&#039; viewBox%3D&#039;0 0 400 267&#039;%2F%3E\" width=\"400\" height=\"267\" data-srcset=\"https:\/\/www.accion-habitat.org\/wp-content\/uploads\/2020\/08\/Louise.jpg 400w\" data-src=\"https:\/\/www.accion-habitat.org\/wp-content\/uploads\/2020\/08\/Louise.jpg\" \/><\/div><div class=\"shortcode-teaser-content text-big\"><h4>Louise Deris<\/h4>\n<p>Adresse : Geffray<\/p>\n<p>Comp\u00e9tences professionnelles :<\/p>\n<ul>\n<li>Ma\u00e7onnerie<\/li>\n<li>Charpente<\/li>\n<li>Peinture<\/li>\n<li>Art floral, agriculture<\/li>\n<\/ul>\n<\/div><\/section>[vc_empty_space][\/vc_column_inner][vc_column_inner width=&#8221;1\/3&#8243;]<section class=\"shortcode-teaser img-full frame-fancy frame-on\"><div class=\"layzr-bg shortcode-teaser-img\"><img class=\"lazy-load\" src=\"data:image\/svg+xml;charset=utf-8,%3Csvg xmlns%3D&#039;http%3A%2F%2Fwww.w3.org%2F2000%2Fsvg&#039; viewBox%3D&#039;0 0 400 267&#039;%2F%3E\" width=\"400\" height=\"267\" data-srcset=\"https:\/\/www.accion-habitat.org\/wp-content\/uploads\/2020\/08\/Frederic.jpg 400w\" data-src=\"https:\/\/www.accion-habitat.org\/wp-content\/uploads\/2020\/08\/Frederic.jpg\" \/><\/div><div class=\"shortcode-teaser-content text-big\"><h4>Nicolas Fr\u00e9deric<\/h4>\n<p>Adresse : Geffray<\/p>\n<p>Comp\u00e9tences professionnelles :<\/p>\n<ul>\n<li>Ma\u00e7onnerie<\/li>\n<li>Charpente<\/li>\n<li>Peinture<\/li>\n<li>Agriculture<\/li>\n<\/ul>\n<\/div><\/section>[vc_empty_space][\/vc_column_inner][vc_column_inner width=&#8221;1\/3&#8243;]<section class=\"shortcode-teaser img-full frame-fancy frame-on\"><div class=\"layzr-bg shortcode-teaser-img\"><img class=\"lazy-load\" src=\"data:image\/svg+xml;charset=utf-8,%3Csvg xmlns%3D&#039;http%3A%2F%2Fwww.w3.org%2F2000%2Fsvg&#039; viewBox%3D&#039;0 0 400 267&#039;%2F%3E\" width=\"400\" height=\"267\" data-srcset=\"https:\/\/www.accion-habitat.org\/wp-content\/uploads\/2020\/08\/Maquinia.jpg 400w\" data-src=\"https:\/\/www.accion-habitat.org\/wp-content\/uploads\/2020\/08\/Maquinia.jpg\" \/><\/div><div class=\"shortcode-teaser-content text-big\"><h4>Maquinia Jean Baptiste<\/h4>\n<p>Adresse : Geffray<\/p>\n<p>Comp\u00e9tences professionnelles :<\/p>\n<ul>\n<li>Ma\u00e7onnerie<\/li>\n<li>Charpente<\/li>\n<li>Peinture<\/li>\n<\/ul>\n<\/div><\/section>[vc_empty_space][\/vc_column_inner][\/vc_row_inner][vc_row_inner][vc_column_inner width=&#8221;1\/3&#8243;]<section class=\"shortcode-teaser img-full frame-fancy frame-on\"><div class=\"layzr-bg shortcode-teaser-img\"><img class=\"lazy-load\" src=\"data:image\/svg+xml;charset=utf-8,%3Csvg xmlns%3D&#039;http%3A%2F%2Fwww.w3.org%2F2000%2Fsvg&#039; viewBox%3D&#039;0 0 400 267&#039;%2F%3E\" width=\"400\" height=\"267\" data-srcset=\"https:\/\/www.accion-habitat.org\/wp-content\/uploads\/2020\/08\/Jean-Ronald.jpg 400w\" data-src=\"https:\/\/www.accion-habitat.org\/wp-content\/uploads\/2020\/08\/Jean-Ronald.jpg\" \/><\/div><div class=\"shortcode-teaser-content text-big\"><h4>Jean Ronald Jean Baptiste<\/h4>\n<p>Adresse : Poly 2<\/p>\n<p>Comp\u00e9tences professionnelles :<\/p>\n<ul>\n<li>Ma\u00e7onnerie<\/li>\n<li>Charpente<\/li>\n<li>Peinture<\/li>\n<li>Artiste peintre &#8211; musicien<\/li>\n<\/ul>\n<\/div><\/section>[vc_empty_space][\/vc_column_inner][vc_column_inner width=&#8221;1\/3&#8243;]<section class=\"shortcode-teaser img-full frame-fancy frame-on\"><div class=\"layzr-bg shortcode-teaser-img\"><img class=\"lazy-load\" src=\"data:image\/svg+xml;charset=utf-8,%3Csvg xmlns%3D&#039;http%3A%2F%2Fwww.w3.org%2F2000%2Fsvg&#039; viewBox%3D&#039;0 0 400 267&#039;%2F%3E\" width=\"400\" height=\"267\" data-srcset=\"https:\/\/www.accion-habitat.org\/wp-content\/uploads\/2020\/08\/Vania.jpg 400w\" data-src=\"https:\/\/www.accion-habitat.org\/wp-content\/uploads\/2020\/08\/Vania.jpg\" \/><\/div><div class=\"shortcode-teaser-content text-big\"><h4>Vania Louissaint<\/h4>\n<p>Adresse : Poly 2<\/p>\n<p>Comp\u00e9tences professionnelles :<\/p>\n<ul>\n<li>Ma\u00e7onnerie<\/li>\n<li>Charpente<\/li>\n<li>Peinture<\/li>\n<li>Couture<\/li>\n<\/ul>\n<\/div><\/section>[vc_empty_space][\/vc_column_inner][vc_column_inner width=&#8221;1\/3&#8243;]<section class=\"shortcode-teaser img-full frame-fancy frame-on\"><div class=\"layzr-bg shortcode-teaser-img\"><img class=\"lazy-load\" src=\"data:image\/svg+xml;charset=utf-8,%3Csvg xmlns%3D&#039;http%3A%2F%2Fwww.w3.org%2F2000%2Fsvg&#039; viewBox%3D&#039;0 0 400 267&#039;%2F%3E\" width=\"400\" height=\"267\" data-srcset=\"https:\/\/www.accion-habitat.org\/wp-content\/uploads\/2020\/08\/Roseline.jpg 400w\" data-src=\"https:\/\/www.accion-habitat.org\/wp-content\/uploads\/2020\/08\/Roseline.jpg\" \/><\/div><div class=\"shortcode-teaser-content text-big\"><h4>Roseline Maurice<\/h4>\n<p>Adresse : Poly 2<\/p>\n<p>Comp\u00e9tences professionnelles :<\/p>\n<ul>\n<li>Ma\u00e7onnerie<\/li>\n<li>Charpente<\/li>\n<li>Peinture<\/li>\n<li>Artiste peintre &#8211; Artisanat<\/li>\n<\/ul>\n<\/div><\/section>[vc_empty_space][\/vc_column_inner][\/vc_row_inner][vc_row_inner][vc_column_inner width=&#8221;1\/3&#8243;]<section class=\"shortcode-teaser img-full frame-fancy frame-on\"><div class=\"layzr-bg shortcode-teaser-img\"><img class=\"lazy-load\" src=\"data:image\/svg+xml;charset=utf-8,%3Csvg xmlns%3D&#039;http%3A%2F%2Fwww.w3.org%2F2000%2Fsvg&#039; viewBox%3D&#039;0 0 400 267&#039;%2F%3E\" width=\"400\" height=\"267\" data-srcset=\"https:\/\/www.accion-habitat.org\/wp-content\/uploads\/2020\/08\/photo-a-venir.jpg 400w\" data-src=\"https:\/\/www.accion-habitat.org\/wp-content\/uploads\/2020\/08\/photo-a-venir.jpg\" \/><\/div><div class=\"shortcode-teaser-content text-big\"><h4>Andr\u00e9<\/h4>\n<p>Adresse : Br\u00e9silienne<\/p>\n<p>Comp\u00e9tences professionnelles :<\/p>\n<ul>\n<li>Ma\u00e7onnerie<\/li>\n<li>Charpente<\/li>\n<li>Peinture<\/li>\n<\/ul>\n<\/div><\/section>[vc_empty_space][\/vc_column_inner][vc_column_inner width=&#8221;1\/3&#8243;][vc_empty_space][\/vc_column_inner][vc_column_inner width=&#8221;1\/3&#8243;][\/vc_column_inner][\/vc_row_inner][vc_empty_space]<div class=\"dt-fancy-separator title-left h3-size\" style=\"width: 100%;\"><div class=\"dt-fancy-title bg-on\" style=\"color: #ffffff;background-color: #f1862d;\"><span class=\"separator-holder separator-left\" style=\"border-color: #f1862d;\"><\/span>La Vall\u00e9e<span class=\"separator-holder separator-right\" style=\"border-color: #f1862d;\"><\/span><\/div><\/div>[vc_empty_space][vc_row_inner][vc_column_inner width=&#8221;1\/3&#8243;]<section class=\"shortcode-teaser img-full frame-fancy frame-on\"><div class=\"layzr-bg shortcode-teaser-img\"><img class=\"lazy-load\" src=\"data:image\/svg+xml;charset=utf-8,%3Csvg xmlns%3D&#039;http%3A%2F%2Fwww.w3.org%2F2000%2Fsvg&#039; viewBox%3D&#039;0 0 400 267&#039;%2F%3E\" width=\"400\" height=\"267\" data-srcset=\"https:\/\/www.accion-habitat.org\/wp-content\/uploads\/2020\/08\/Richard.jpg 400w\" data-src=\"https:\/\/www.accion-habitat.org\/wp-content\/uploads\/2020\/08\/Richard.jpg\" \/><\/div><div class=\"shortcode-teaser-content text-big\"><h4>Richard Belcher<\/h4>\n<p>Adresse : Ridor\u00e9<\/p>\n<p>Comp\u00e9tences professionnelles :<\/p>\n<ul>\n<li>Ma\u00e7onnerie<\/li>\n<li>Charpente<\/li>\n<li>Peinture<\/li>\n<li>F\u00e9raillage<\/li>\n<li>\u00c9b\u00e9nisterie<\/li>\n<\/ul>\n<\/div><\/section>[vc_empty_space][\/vc_column_inner][vc_column_inner width=&#8221;1\/3&#8243;]<section class=\"shortcode-teaser img-full frame-fancy frame-on\"><div class=\"layzr-bg shortcode-teaser-img\"><img class=\"lazy-load\" src=\"data:image\/svg+xml;charset=utf-8,%3Csvg xmlns%3D&#039;http%3A%2F%2Fwww.w3.org%2F2000%2Fsvg&#039; viewBox%3D&#039;0 0 400 267&#039;%2F%3E\" width=\"400\" height=\"267\" data-srcset=\"https:\/\/www.accion-habitat.org\/wp-content\/uploads\/2020\/08\/Jeannot.jpg 400w\" data-src=\"https:\/\/www.accion-habitat.org\/wp-content\/uploads\/2020\/08\/Jeannot.jpg\" \/><\/div><div class=\"shortcode-teaser-content text-big\"><h4>Jeannot Dur\u00e9<\/h4>\n<p>Adresse : Lacours<\/p>\n<p>Comp\u00e9tences professionnelles :<\/p>\n<ul>\n<li>Ma\u00e7onnerie<\/li>\n<li>Charpente<\/li>\n<li>Peinture<\/li>\n<li>Commerce<\/li>\n<\/ul>\n<\/div><\/section>[vc_empty_space][\/vc_column_inner][vc_column_inner width=&#8221;1\/3&#8243;]<section class=\"shortcode-teaser img-full frame-fancy frame-on\"><div class=\"layzr-bg shortcode-teaser-img\"><img class=\"lazy-load\" src=\"data:image\/svg+xml;charset=utf-8,%3Csvg xmlns%3D&#039;http%3A%2F%2Fwww.w3.org%2F2000%2Fsvg&#039; viewBox%3D&#039;0 0 400 267&#039;%2F%3E\" width=\"400\" height=\"267\" data-srcset=\"https:\/\/www.accion-habitat.org\/wp-content\/uploads\/2020\/08\/Zeline.jpg 400w\" data-src=\"https:\/\/www.accion-habitat.org\/wp-content\/uploads\/2020\/08\/Zeline.jpg\" \/><\/div><div class=\"shortcode-teaser-content text-big\"><h4>Z\u00e9line Bellande<\/h4>\n<p>Adresse : Lacours<\/p>\n<p>Comp\u00e9tences professionnelles :<\/p>\n<ul>\n<li>Ma\u00e7onnerie<\/li>\n<li>Charpente<\/li>\n<li>Peinture<\/li>\n<\/ul>\n<\/div><\/section>[vc_empty_space][\/vc_column_inner][\/vc_row_inner][vc_row_inner][vc_column_inner width=&#8221;1\/3&#8243;]<section class=\"shortcode-teaser img-full frame-fancy frame-on\"><div class=\"layzr-bg shortcode-teaser-img\"><img class=\"lazy-load\" src=\"data:image\/svg+xml;charset=utf-8,%3Csvg xmlns%3D&#039;http%3A%2F%2Fwww.w3.org%2F2000%2Fsvg&#039; viewBox%3D&#039;0 0 400 267&#039;%2F%3E\" width=\"400\" height=\"267\" data-srcset=\"https:\/\/www.accion-habitat.org\/wp-content\/uploads\/2020\/08\/Edzer.jpg 400w\" data-src=\"https:\/\/www.accion-habitat.org\/wp-content\/uploads\/2020\/08\/Edzer.jpg\" \/><\/div><div class=\"shortcode-teaser-content text-big\"><h4>Edzer Civil<\/h4>\n<p>Adresse : Lavial<\/p>\n<p>Comp\u00e9tences professionnelles :<\/p>\n<ul>\n<li>Ma\u00e7onnerie<\/li>\n<li>Charpente<\/li>\n<li>Peinture<\/li>\n<li>Supervision<\/li>\n<li>Gestion &#8211; G\u00e9nie Civil<\/li>\n<\/ul>\n<\/div><\/section>[vc_empty_space][\/vc_column_inner][vc_column_inner width=&#8221;1\/3&#8243;]<section class=\"shortcode-teaser img-full frame-fancy frame-on\"><div class=\"layzr-bg shortcode-teaser-img\"><img class=\"lazy-load\" src=\"data:image\/svg+xml;charset=utf-8,%3Csvg xmlns%3D&#039;http%3A%2F%2Fwww.w3.org%2F2000%2Fsvg&#039; viewBox%3D&#039;0 0 400 267&#039;%2F%3E\" width=\"400\" height=\"267\" data-srcset=\"https:\/\/www.accion-habitat.org\/wp-content\/uploads\/2020\/08\/Milot.jpg 400w\" data-src=\"https:\/\/www.accion-habitat.org\/wp-content\/uploads\/2020\/08\/Milot.jpg\" \/><\/div><div class=\"shortcode-teaser-content text-big\"><h4>Milot Civil<\/h4>\n<p>Adresse : Lavial<\/p>\n<p>Comp\u00e9tences professionnelles :<\/p>\n<ul>\n<li>Ma\u00e7onnerie<\/li>\n<li>Charpente<\/li>\n<li>Peinture<\/li>\n<li>Artisanat<\/li>\n<\/ul>\n<\/div><\/section>[vc_empty_space][\/vc_column_inner][vc_column_inner width=&#8221;1\/3&#8243;]<section class=\"shortcode-teaser img-full frame-fancy frame-on\"><div class=\"layzr-bg shortcode-teaser-img\"><img class=\"lazy-load\" src=\"data:image\/svg+xml;charset=utf-8,%3Csvg xmlns%3D&#039;http%3A%2F%2Fwww.w3.org%2F2000%2Fsvg&#039; viewBox%3D&#039;0 0 400 267&#039;%2F%3E\" width=\"400\" height=\"267\" data-srcset=\"https:\/\/www.accion-habitat.org\/wp-content\/uploads\/2020\/08\/Reginald.jpg 400w\" data-src=\"https:\/\/www.accion-habitat.org\/wp-content\/uploads\/2020\/08\/Reginald.jpg\" \/><\/div><div class=\"shortcode-teaser-content text-big\"><h4>Reginald Dur\u00e9<\/h4>\n<p>Adresse : Lavial<\/p>\n<p>Comp\u00e9tences professionnelles :<\/p>\n<ul>\n<li>Ma\u00e7onnerie<\/li>\n<li>Charpente<\/li>\n<li>Peinture<\/li>\n<li>\u00c9levage<\/li>\n<\/ul>\n<\/div><\/section>[vc_empty_space][\/vc_column_inner][\/vc_row_inner][vc_row_inner][vc_column_inner width=&#8221;1\/3&#8243;]<section class=\"shortcode-teaser img-full frame-fancy frame-on\"><div class=\"layzr-bg shortcode-teaser-img\"><img class=\"lazy-load\" src=\"data:image\/svg+xml;charset=utf-8,%3Csvg xmlns%3D&#039;http%3A%2F%2Fwww.w3.org%2F2000%2Fsvg&#039; viewBox%3D&#039;0 0 400 267&#039;%2F%3E\" width=\"400\" height=\"267\" data-srcset=\"https:\/\/www.accion-habitat.org\/wp-content\/uploads\/2020\/08\/Leon-Jean-Louis.jpg 400w\" data-src=\"https:\/\/www.accion-habitat.org\/wp-content\/uploads\/2020\/08\/Leon-Jean-Louis.jpg\" \/><\/div><div class=\"shortcode-teaser-content text-big\"><h4>L\u00e9on Jean Louis<\/h4>\n<p>Adresse : Lavial<\/p>\n<p>Comp\u00e9tences professionnelles :<\/p>\n<ul>\n<li>Ma\u00e7onnerie<\/li>\n<li>Charpente<\/li>\n<li>Peinture<\/li>\n<li>\u00c9b\u00e9nisterie<\/li>\n<li>Agriculture &#8211; \u00e9levage<\/li>\n<\/ul>\n<\/div><\/section>[vc_empty_space][\/vc_column_inner][vc_column_inner width=&#8221;1\/3&#8243;]<section class=\"shortcode-teaser img-full frame-fancy frame-on\"><div class=\"layzr-bg shortcode-teaser-img\"><img class=\"lazy-load\" src=\"data:image\/svg+xml;charset=utf-8,%3Csvg xmlns%3D&#039;http%3A%2F%2Fwww.w3.org%2F2000%2Fsvg&#039; viewBox%3D&#039;0 0 400 267&#039;%2F%3E\" width=\"400\" height=\"267\" data-srcset=\"https:\/\/www.accion-habitat.org\/wp-content\/uploads\/2020\/08\/Alex.jpg 400w\" data-src=\"https:\/\/www.accion-habitat.org\/wp-content\/uploads\/2020\/08\/Alex.jpg\" \/><\/div><div class=\"shortcode-teaser-content text-big\"><h4>Alex Moise<\/h4>\n<p>Adresse : Lavial<\/p>\n<p>Comp\u00e9tences professionnelles :<\/p>\n<ul>\n<li>Ma\u00e7onnerie<\/li>\n<li>Charpente<\/li>\n<li>Peinture<\/li>\n<li>Agriculture &#8211; \u00c9levage<\/li>\n<\/ul>\n<\/div><\/section>[vc_empty_space][\/vc_column_inner][vc_column_inner width=&#8221;1\/3&#8243;]<section class=\"shortcode-teaser img-full frame-fancy frame-on\"><div class=\"layzr-bg shortcode-teaser-img\"><img class=\"lazy-load\" src=\"data:image\/svg+xml;charset=utf-8,%3Csvg xmlns%3D&#039;http%3A%2F%2Fwww.w3.org%2F2000%2Fsvg&#039; viewBox%3D&#039;0 0 400 267&#039;%2F%3E\" width=\"400\" height=\"267\" data-srcset=\"https:\/\/www.accion-habitat.org\/wp-content\/uploads\/2020\/08\/Lucene.jpg 400w\" data-src=\"https:\/\/www.accion-habitat.org\/wp-content\/uploads\/2020\/08\/Lucene.jpg\" \/><\/div><div class=\"shortcode-teaser-content text-big\"><h4>Luc\u00e8ne Pierre Saint<\/h4>\n<p>Adresse : Lavial<\/p>\n<p>Comp\u00e9tences professionnelles :<\/p>\n<ul>\n<li>Ma\u00e7onnerie<\/li>\n<li>Charpente<\/li>\n<li>Peinture<\/li>\n<li>Agriculture &#8211; Artisanat<\/li>\n<\/ul>\n<\/div><\/section>[vc_empty_space][\/vc_column_inner][\/vc_row_inner][vc_row_inner][vc_column_inner width=&#8221;1\/3&#8243;]<section class=\"shortcode-teaser img-full frame-fancy frame-on\"><div class=\"layzr-bg shortcode-teaser-img\"><img class=\"lazy-load\" src=\"data:image\/svg+xml;charset=utf-8,%3Csvg xmlns%3D&#039;http%3A%2F%2Fwww.w3.org%2F2000%2Fsvg&#039; viewBox%3D&#039;0 0 400 267&#039;%2F%3E\" width=\"400\" height=\"267\" data-srcset=\"https:\/\/www.accion-habitat.org\/wp-content\/uploads\/2020\/08\/Jean-Claude.jpg 400w\" data-src=\"https:\/\/www.accion-habitat.org\/wp-content\/uploads\/2020\/08\/Jean-Claude.jpg\" \/><\/div><div class=\"shortcode-teaser-content text-big\"><h4>Jean-Claude Payen<\/h4>\n<p>Adresse : Lavial<\/p>\n<p>Comp\u00e9tences professionnelles :<\/p>\n<ul>\n<li>Ma\u00e7onnerie<\/li>\n<li>Charpente<\/li>\n<li>Peinture<\/li>\n<li>Supervision<\/li>\n<li>Gestion<\/li>\n<\/ul>\n<\/div><\/section>[vc_empty_space][\/vc_column_inner][vc_column_inner width=&#8221;1\/3&#8243;]<section class=\"shortcode-teaser img-full frame-fancy frame-on\"><div class=\"layzr-bg shortcode-teaser-img\"><img class=\"lazy-load\" src=\"data:image\/svg+xml;charset=utf-8,%3Csvg xmlns%3D&#039;http%3A%2F%2Fwww.w3.org%2F2000%2Fsvg&#039; viewBox%3D&#039;0 0 400 267&#039;%2F%3E\" width=\"400\" height=\"267\" data-srcset=\"https:\/\/www.accion-habitat.org\/wp-content\/uploads\/2020\/08\/Josaphat.jpg 400w\" data-src=\"https:\/\/www.accion-habitat.org\/wp-content\/uploads\/2020\/08\/Josaphat.jpg\" \/><\/div><div class=\"shortcode-teaser-content text-big\"><h4>Josaphat Payen<\/h4>\n<p>Adresse : Lavial<\/p>\n<p>Comp\u00e9tences professionnelles :<\/p>\n<ul>\n<li>Ma\u00e7onnerie<\/li>\n<li>Charpente<\/li>\n<li>Peinture<\/li>\n<li>Supervision<\/li>\n<li>Gestion &#8211; Vitraux<\/li>\n<\/ul>\n<\/div><\/section>[vc_empty_space][\/vc_column_inner][vc_column_inner width=&#8221;1\/3&#8243;]<section class=\"shortcode-teaser img-full frame-fancy frame-on\"><div class=\"layzr-bg shortcode-teaser-img\"><img class=\"lazy-load\" src=\"data:image\/svg+xml;charset=utf-8,%3Csvg xmlns%3D&#039;http%3A%2F%2Fwww.w3.org%2F2000%2Fsvg&#039; viewBox%3D&#039;0 0 400 267&#039;%2F%3E\" width=\"400\" height=\"267\" data-srcset=\"https:\/\/www.accion-habitat.org\/wp-content\/uploads\/2020\/08\/photo-a-venir.jpg 400w\" data-src=\"https:\/\/www.accion-habitat.org\/wp-content\/uploads\/2020\/08\/photo-a-venir.jpg\" \/><\/div><div class=\"shortcode-teaser-content text-big\"><h4>F\u00e9nil Maurice<\/h4>\n<p>Adresse : Poly 2<\/p>\n<p>Comp\u00e9tences professionnelles :<\/p>\n<ul>\n<li>Ma\u00e7onnerie<\/li>\n<li>Charpente<\/li>\n<li>Peinture<\/li>\n<\/ul>\n<\/div><\/section>[vc_empty_space][\/vc_column_inner][\/vc_row_inner][vc_row_inner][vc_column_inner width=&#8221;1\/3&#8243;]<section class=\"shortcode-teaser img-full frame-fancy frame-on\"><div class=\"layzr-bg shortcode-teaser-img\"><img class=\"lazy-load\" src=\"data:image\/svg+xml;charset=utf-8,%3Csvg xmlns%3D&#039;http%3A%2F%2Fwww.w3.org%2F2000%2Fsvg&#039; viewBox%3D&#039;0 0 400 267&#039;%2F%3E\" width=\"400\" height=\"267\" data-srcset=\"https:\/\/www.accion-habitat.org\/wp-content\/uploads\/2020\/08\/photo-a-venir.jpg 400w\" data-src=\"https:\/\/www.accion-habitat.org\/wp-content\/uploads\/2020\/08\/photo-a-venir.jpg\" \/><\/div><div class=\"shortcode-teaser-content text-big\"><h4>Rodni Jean<\/h4>\n<p>Adresse :<\/p>\n<p>Comp\u00e9tences professionnelles :<\/p>\n<ul>\n<li>Ma\u00e7onnerie<\/li>\n<li>Charpente<\/li>\n<li>Peinture<\/li>\n<\/ul>\n<\/div><\/section>[vc_empty_space][\/vc_column_inner][vc_column_inner width=&#8221;1\/3&#8243;][\/vc_column_inner][vc_column_inner width=&#8221;1\/3&#8243;][\/vc_column_inner][\/vc_row_inner]\n\t\t\t<\/div>\n\t\t\t<div  class=\"ult_tabitemname\"  >\n\t\t\t\t[vc_column_text]<\/p>\n<p style=\"text-align: center;\"><strong>Bient\u00f4t disponible<\/strong><\/p>\n<p>[\/vc_column_text]\n\t\t\t<\/div><\/div><\/div><\/div><div class=\"ult_acord advanced-tabs-desc-wrap-1065\">\n   <div class=\"ult-tabto-accordion \" style=\"width:;\"\n    data-titlecolor=\"#ffffff\"  data-titlebg=\"#228196\"\n     data-titlehoverbg=\"#145664\" data-titlehovercolor=\"#ffffff\" data-animation=\"Slide\"\n     data-activetitle=\"#ffffff\" data-activeicon=\"\" data-activebg=\"#145664\" data-scroll = \"on\" data-activeindex=\"1\" >\n     <dl><dt class=\"\">\n\t        \t<a class=\"ult-tabto-actitle withBorder ult_a \" id=\"1597151634450-4\" style=\"color:#ffffff;;background-color:#228196;border-bottom-color:transparent;border-bottom-width:0px;border-bottom-style:solid;\" href=\"#1597151634450-4\">\n\t        \t\t<i class=\"accordion-icon\"><\/i>\n\t        \t\t\t<span class=\"ult_tab_main ult_ac_main ult_noacordicnTitle\">\n\n\t\t\t\t\t\t<span  data-ultimate-target='#advanced-tabs-wrap-3890 .ult-span-text'  data-responsive-json-new='{\"font-size\":\"desktop:15px;\",\"line-height\":\"\"}'  class=\"ult-span-text no_icon ult_acordian-text ult-responsive\" style=\"font-weight:bold;;color:inherit \" >Ha\u00efti<\/span>\n\t\t\t\t\t\t<\/span><\/a><\/dt>\n\t            \t\t<dd class=\"ult-tabto-accordionItem ult-tabto-accolapsed\">\n\t\t\t\t            <div class=\"ult-tabto-acontent\" style=\"color:#74777b;\">\n\t\t\t\t               [vc_column_text]Entre 2017 et 2020, Habitat-Cit\u00e9 et ses partenaires locaux &#8211; Ojucah et Ateco &#8211; ont form\u00e9 47 artisans et artisanes, sp\u00e9cialis\u00e9s dans les techniques de constructions traditionnelles am\u00e9lior\u00e9es. Vous pouvez rentrer en contact avec ces artisans par t\u00e9l\u00e9phone ou e-mail :<br \/>\n<a href=\"mailto:infoojucah@yahoo.fr\" target=\"_blank\" rel=\"noopener noreferrer\">infoojucah@yahoo.fr<\/a><br \/>\n+509 3691 5929[\/vc_column_text][vc_empty_space]<div class=\"dt-fancy-separator title-left h3-size\" style=\"width: 100%;\"><div class=\"dt-fancy-title bg-on\" style=\"color: #ffffff;background-color: #e83f33;\"><span class=\"separator-holder separator-left\" style=\"border-color: #e83f33;\"><\/span>Bainet<span class=\"separator-holder separator-right\" style=\"border-color: #e83f33;\"><\/span><\/div><\/div>[vc_empty_space][vc_row_inner][vc_column_inner width=&#8221;1\/3&#8243;]<section class=\"shortcode-teaser img-full frame-fancy frame-on\"><div class=\"layzr-bg shortcode-teaser-img\"><img class=\"lazy-load\" src=\"data:image\/svg+xml;charset=utf-8,%3Csvg xmlns%3D&#039;http%3A%2F%2Fwww.w3.org%2F2000%2Fsvg&#039; viewBox%3D&#039;0 0 400 267&#039;%2F%3E\" width=\"400\" height=\"267\" data-srcset=\"https:\/\/www.accion-habitat.org\/wp-content\/uploads\/2020\/08\/Santa-Cherubin.jpg 400w\" data-src=\"https:\/\/www.accion-habitat.org\/wp-content\/uploads\/2020\/08\/Santa-Cherubin.jpg\" \/><\/div><div class=\"shortcode-teaser-content text-big\"><h4>Santa Cherubin<\/h4>\n<p>Adresse : Br\u00e9silienne<\/p>\n<p>Comp\u00e9tences professionnelles :<\/p>\n<ul>\n<li>Ma\u00e7onnerie<\/li>\n<li>Charpente<\/li>\n<li>Peinture<\/li>\n<\/ul>\n<\/div><\/section>[vc_empty_space][\/vc_column_inner][vc_column_inner width=&#8221;1\/3&#8243;]<section class=\"shortcode-teaser img-full frame-fancy frame-on\"><div class=\"layzr-bg shortcode-teaser-img\"><img class=\"lazy-load\" src=\"data:image\/svg+xml;charset=utf-8,%3Csvg xmlns%3D&#039;http%3A%2F%2Fwww.w3.org%2F2000%2Fsvg&#039; viewBox%3D&#039;0 0 400 267&#039;%2F%3E\" width=\"400\" height=\"267\" data-srcset=\"https:\/\/www.accion-habitat.org\/wp-content\/uploads\/2020\/08\/Rose-Manie.jpg 400w\" data-src=\"https:\/\/www.accion-habitat.org\/wp-content\/uploads\/2020\/08\/Rose-Manie.jpg\" \/><\/div><div class=\"shortcode-teaser-content text-big\"><h4>Rose Manie Ren\u00e9<\/h4>\n<p>Adresse : Calbassier<\/p>\n<p>Comp\u00e9tences professionnelles :<\/p>\n<ul>\n<li>Ma\u00e7onnerie<\/li>\n<li>Charpente<\/li>\n<li>Peinture<\/li>\n<li>Artisanat<\/li>\n<\/ul>\n<\/div><\/section>[vc_empty_space][\/vc_column_inner][vc_column_inner width=&#8221;1\/3&#8243;]<section class=\"shortcode-teaser img-full frame-fancy frame-on\"><div class=\"layzr-bg shortcode-teaser-img\"><img class=\"lazy-load\" src=\"data:image\/svg+xml;charset=utf-8,%3Csvg xmlns%3D&#039;http%3A%2F%2Fwww.w3.org%2F2000%2Fsvg&#039; viewBox%3D&#039;0 0 400 267&#039;%2F%3E\" width=\"400\" height=\"267\" data-srcset=\"https:\/\/www.accion-habitat.org\/wp-content\/uploads\/2020\/08\/Margarette.jpg 400w\" data-src=\"https:\/\/www.accion-habitat.org\/wp-content\/uploads\/2020\/08\/Margarette.jpg\" \/><\/div><div class=\"shortcode-teaser-content text-big\"><h4>Margarette Forg\u00e8re Joseph<\/h4>\n<p>Adresse : Denard<\/p>\n<p>Comp\u00e9tences professionnelles :<\/p>\n<ul>\n<li>Ma\u00e7onnerie<\/li>\n<li>Charpente<\/li>\n<li>Peinture<\/li>\n<\/ul>\n<\/div><\/section>[vc_empty_space][\/vc_column_inner][\/vc_row_inner][vc_row_inner][vc_column_inner width=&#8221;1\/3&#8243;]<section class=\"shortcode-teaser img-full frame-fancy frame-on\"><div class=\"layzr-bg shortcode-teaser-img\"><img class=\"lazy-load\" src=\"data:image\/svg+xml;charset=utf-8,%3Csvg xmlns%3D&#039;http%3A%2F%2Fwww.w3.org%2F2000%2Fsvg&#039; viewBox%3D&#039;0 0 400 267&#039;%2F%3E\" width=\"400\" height=\"267\" data-srcset=\"https:\/\/www.accion-habitat.org\/wp-content\/uploads\/2020\/08\/Marie-Jos.jpg 400w\" data-src=\"https:\/\/www.accion-habitat.org\/wp-content\/uploads\/2020\/08\/Marie-Jos.jpg\" \/><\/div><div class=\"shortcode-teaser-content text-big\"><h4>Francia Jean Jacques<\/h4>\n<p>Adresse : Denard<\/p>\n<p>Comp\u00e9tences professionnelles :<\/p>\n<ul>\n<li>Ma\u00e7onnerie<\/li>\n<li>Charpente<\/li>\n<li>Peinture<\/li>\n<li>Couture<\/li>\n<\/ul>\n<\/div><\/section>[vc_empty_space][\/vc_column_inner][vc_column_inner width=&#8221;1\/3&#8243;]<section class=\"shortcode-teaser img-full frame-fancy frame-on\"><div class=\"layzr-bg shortcode-teaser-img\"><img class=\"lazy-load\" src=\"data:image\/svg+xml;charset=utf-8,%3Csvg xmlns%3D&#039;http%3A%2F%2Fwww.w3.org%2F2000%2Fsvg&#039; viewBox%3D&#039;0 0 400 267&#039;%2F%3E\" width=\"400\" height=\"267\" data-srcset=\"https:\/\/www.accion-habitat.org\/wp-content\/uploads\/2020\/08\/Ketteline.jpg 400w\" data-src=\"https:\/\/www.accion-habitat.org\/wp-content\/uploads\/2020\/08\/Ketteline.jpg\" \/><\/div><div class=\"shortcode-teaser-content text-big\"><h4>Ketteline Laguerre<\/h4>\n<p>Adresse : Denard<\/p>\n<p>Comp\u00e9tences professionnelles :<\/p>\n<ul>\n<li>Ma\u00e7onnerie<\/li>\n<li>Charpente<\/li>\n<li>Peinture<\/li>\n<li>Art floral &#8211; Danse<\/li>\n<\/ul>\n<\/div><\/section>[vc_empty_space][\/vc_column_inner][vc_column_inner width=&#8221;1\/3&#8243;]<section class=\"shortcode-teaser img-full frame-fancy frame-on\"><div class=\"layzr-bg shortcode-teaser-img\"><img class=\"lazy-load\" src=\"data:image\/svg+xml;charset=utf-8,%3Csvg xmlns%3D&#039;http%3A%2F%2Fwww.w3.org%2F2000%2Fsvg&#039; viewBox%3D&#039;0 0 400 267&#039;%2F%3E\" width=\"400\" height=\"267\" data-srcset=\"https:\/\/www.accion-habitat.org\/wp-content\/uploads\/2020\/08\/Loudja.jpg 400w\" data-src=\"https:\/\/www.accion-habitat.org\/wp-content\/uploads\/2020\/08\/Loudja.jpg\" \/><\/div><div class=\"shortcode-teaser-content text-big\"><h4>Loudja Ladouceur<\/h4>\n<p>Adresse : Br\u00e9silienne<\/p>\n<p>Comp\u00e9tences professionnelles :<\/p>\n<ul>\n<li>Ma\u00e7onnerie<\/li>\n<li>Charpente<\/li>\n<li>Peinture<\/li>\n<\/ul>\n<\/div><\/section>[vc_empty_space][\/vc_column_inner][\/vc_row_inner][vc_row_inner][vc_column_inner width=&#8221;1\/3&#8243;]<section class=\"shortcode-teaser img-full frame-fancy frame-on\"><div class=\"layzr-bg shortcode-teaser-img\"><img class=\"lazy-load\" src=\"data:image\/svg+xml;charset=utf-8,%3Csvg xmlns%3D&#039;http%3A%2F%2Fwww.w3.org%2F2000%2Fsvg&#039; viewBox%3D&#039;0 0 400 267&#039;%2F%3E\" width=\"400\" height=\"267\" data-srcset=\"https:\/\/www.accion-habitat.org\/wp-content\/uploads\/2020\/08\/Yolene.jpg 400w\" data-src=\"https:\/\/www.accion-habitat.org\/wp-content\/uploads\/2020\/08\/Yolene.jpg\" \/><\/div><div class=\"shortcode-teaser-content text-big\"><h4>Marie Jos\u00e9 Pierre Saint<\/h4>\n<p>Adresse : Denard<\/p>\n<p>Comp\u00e9tences professionnelles :<\/p>\n<ul>\n<li>Ma\u00e7onnerie<\/li>\n<li>Charpente<\/li>\n<li>Peinture<\/li>\n<li>Agriculture &#8211; Couture<\/li>\n<\/ul>\n<\/div><\/section>[vc_empty_space][\/vc_column_inner][vc_column_inner width=&#8221;1\/3&#8243;]<section class=\"shortcode-teaser img-full frame-fancy frame-on\"><div class=\"layzr-bg shortcode-teaser-img\"><img class=\"lazy-load\" src=\"data:image\/svg+xml;charset=utf-8,%3Csvg xmlns%3D&#039;http%3A%2F%2Fwww.w3.org%2F2000%2Fsvg&#039; viewBox%3D&#039;0 0 400 267&#039;%2F%3E\" width=\"400\" height=\"267\" data-srcset=\"https:\/\/www.accion-habitat.org\/wp-content\/uploads\/2020\/08\/Monica.jpg 400w\" data-src=\"https:\/\/www.accion-habitat.org\/wp-content\/uploads\/2020\/08\/Monica.jpg\" \/><\/div><div class=\"shortcode-teaser-content text-big\"><h4>Monica Saint Louis<\/h4>\n<p>Adresse : Denard<\/p>\n<p>Comp\u00e9tences professionnelles :<\/p>\n<ul>\n<li style=\"list-style-type: none;\">\n<ul>\n<li>Ma\u00e7onnerie<\/li>\n<li>Charpente<\/li>\n<li>Peinture<\/li>\n<\/ul>\n<\/li>\n<\/ul>\n<\/div><\/section>[vc_empty_space][\/vc_column_inner][vc_column_inner width=&#8221;1\/3&#8243;]<section class=\"shortcode-teaser img-full frame-fancy frame-on\"><div class=\"layzr-bg shortcode-teaser-img\"><img class=\"lazy-load\" src=\"data:image\/svg+xml;charset=utf-8,%3Csvg xmlns%3D&#039;http%3A%2F%2Fwww.w3.org%2F2000%2Fsvg&#039; viewBox%3D&#039;0 0 400 267&#039;%2F%3E\" width=\"400\" height=\"267\" data-srcset=\"https:\/\/www.accion-habitat.org\/wp-content\/uploads\/2020\/08\/Maritane.jpg 400w\" data-src=\"https:\/\/www.accion-habitat.org\/wp-content\/uploads\/2020\/08\/Maritane.jpg\" \/><\/div><div class=\"shortcode-teaser-content text-big\"><h4>Maritane Richard<\/h4>\n<p>Adresse : Gard<\/p>\n<p>Comp\u00e9tences professionnelles :<\/p>\n<ul>\n<li>Ma\u00e7onnerie<\/li>\n<li>Charpente<\/li>\n<li>Peinture<\/li>\n<li>Commerce<\/li>\n<\/ul>\n<\/div><\/section>[vc_empty_space][\/vc_column_inner][\/vc_row_inner][vc_row_inner][vc_column_inner width=&#8221;1\/3&#8243;]<section class=\"shortcode-teaser img-full frame-fancy frame-on\"><div class=\"layzr-bg shortcode-teaser-img\"><img class=\"lazy-load\" src=\"data:image\/svg+xml;charset=utf-8,%3Csvg xmlns%3D&#039;http%3A%2F%2Fwww.w3.org%2F2000%2Fsvg&#039; viewBox%3D&#039;0 0 400 267&#039;%2F%3E\" width=\"400\" height=\"267\" data-srcset=\"https:\/\/www.accion-habitat.org\/wp-content\/uploads\/2020\/08\/Louise.jpg 400w\" data-src=\"https:\/\/www.accion-habitat.org\/wp-content\/uploads\/2020\/08\/Louise.jpg\" \/><\/div><div class=\"shortcode-teaser-content text-big\"><h4>Louise Deris<\/h4>\n<p>Adresse : Geffray<\/p>\n<p>Comp\u00e9tences professionnelles :<\/p>\n<ul>\n<li>Ma\u00e7onnerie<\/li>\n<li>Charpente<\/li>\n<li>Peinture<\/li>\n<li>Art floral, agriculture<\/li>\n<\/ul>\n<\/div><\/section>[vc_empty_space][\/vc_column_inner][vc_column_inner width=&#8221;1\/3&#8243;]<section class=\"shortcode-teaser img-full frame-fancy frame-on\"><div class=\"layzr-bg shortcode-teaser-img\"><img class=\"lazy-load\" src=\"data:image\/svg+xml;charset=utf-8,%3Csvg xmlns%3D&#039;http%3A%2F%2Fwww.w3.org%2F2000%2Fsvg&#039; viewBox%3D&#039;0 0 400 267&#039;%2F%3E\" width=\"400\" height=\"267\" data-srcset=\"https:\/\/www.accion-habitat.org\/wp-content\/uploads\/2020\/08\/Frederic.jpg 400w\" data-src=\"https:\/\/www.accion-habitat.org\/wp-content\/uploads\/2020\/08\/Frederic.jpg\" \/><\/div><div class=\"shortcode-teaser-content text-big\"><h4>Nicolas Fr\u00e9deric<\/h4>\n<p>Adresse : Geffray<\/p>\n<p>Comp\u00e9tences professionnelles :<\/p>\n<ul>\n<li>Ma\u00e7onnerie<\/li>\n<li>Charpente<\/li>\n<li>Peinture<\/li>\n<li>Agriculture<\/li>\n<\/ul>\n<\/div><\/section>[vc_empty_space][\/vc_column_inner][vc_column_inner width=&#8221;1\/3&#8243;]<section class=\"shortcode-teaser img-full frame-fancy frame-on\"><div class=\"layzr-bg shortcode-teaser-img\"><img class=\"lazy-load\" src=\"data:image\/svg+xml;charset=utf-8,%3Csvg xmlns%3D&#039;http%3A%2F%2Fwww.w3.org%2F2000%2Fsvg&#039; viewBox%3D&#039;0 0 400 267&#039;%2F%3E\" width=\"400\" height=\"267\" data-srcset=\"https:\/\/www.accion-habitat.org\/wp-content\/uploads\/2020\/08\/Maquinia.jpg 400w\" data-src=\"https:\/\/www.accion-habitat.org\/wp-content\/uploads\/2020\/08\/Maquinia.jpg\" \/><\/div><div class=\"shortcode-teaser-content text-big\"><h4>Maquinia Jean Baptiste<\/h4>\n<p>Adresse : Geffray<\/p>\n<p>Comp\u00e9tences professionnelles :<\/p>\n<ul>\n<li>Ma\u00e7onnerie<\/li>\n<li>Charpente<\/li>\n<li>Peinture<\/li>\n<\/ul>\n<\/div><\/section>[vc_empty_space][\/vc_column_inner][\/vc_row_inner][vc_row_inner][vc_column_inner width=&#8221;1\/3&#8243;]<section class=\"shortcode-teaser img-full frame-fancy frame-on\"><div class=\"layzr-bg shortcode-teaser-img\"><img class=\"lazy-load\" src=\"data:image\/svg+xml;charset=utf-8,%3Csvg xmlns%3D&#039;http%3A%2F%2Fwww.w3.org%2F2000%2Fsvg&#039; viewBox%3D&#039;0 0 400 267&#039;%2F%3E\" width=\"400\" height=\"267\" data-srcset=\"https:\/\/www.accion-habitat.org\/wp-content\/uploads\/2020\/08\/Jean-Ronald.jpg 400w\" data-src=\"https:\/\/www.accion-habitat.org\/wp-content\/uploads\/2020\/08\/Jean-Ronald.jpg\" \/><\/div><div class=\"shortcode-teaser-content text-big\"><h4>Jean Ronald Jean Baptiste<\/h4>\n<p>Adresse : Poly 2<\/p>\n<p>Comp\u00e9tences professionnelles :<\/p>\n<ul>\n<li>Ma\u00e7onnerie<\/li>\n<li>Charpente<\/li>\n<li>Peinture<\/li>\n<li>Artiste peintre &#8211; musicien<\/li>\n<\/ul>\n<\/div><\/section>[vc_empty_space][\/vc_column_inner][vc_column_inner width=&#8221;1\/3&#8243;]<section class=\"shortcode-teaser img-full frame-fancy frame-on\"><div class=\"layzr-bg shortcode-teaser-img\"><img class=\"lazy-load\" src=\"data:image\/svg+xml;charset=utf-8,%3Csvg xmlns%3D&#039;http%3A%2F%2Fwww.w3.org%2F2000%2Fsvg&#039; viewBox%3D&#039;0 0 400 267&#039;%2F%3E\" width=\"400\" height=\"267\" data-srcset=\"https:\/\/www.accion-habitat.org\/wp-content\/uploads\/2020\/08\/Vania.jpg 400w\" data-src=\"https:\/\/www.accion-habitat.org\/wp-content\/uploads\/2020\/08\/Vania.jpg\" \/><\/div><div class=\"shortcode-teaser-content text-big\"><h4>Vania Louissaint<\/h4>\n<p>Adresse : Poly 2<\/p>\n<p>Comp\u00e9tences professionnelles :<\/p>\n<ul>\n<li>Ma\u00e7onnerie<\/li>\n<li>Charpente<\/li>\n<li>Peinture<\/li>\n<li>Couture<\/li>\n<\/ul>\n<\/div><\/section>[vc_empty_space][\/vc_column_inner][vc_column_inner width=&#8221;1\/3&#8243;]<section class=\"shortcode-teaser img-full frame-fancy frame-on\"><div class=\"layzr-bg shortcode-teaser-img\"><img class=\"lazy-load\" src=\"data:image\/svg+xml;charset=utf-8,%3Csvg xmlns%3D&#039;http%3A%2F%2Fwww.w3.org%2F2000%2Fsvg&#039; viewBox%3D&#039;0 0 400 267&#039;%2F%3E\" width=\"400\" height=\"267\" data-srcset=\"https:\/\/www.accion-habitat.org\/wp-content\/uploads\/2020\/08\/Roseline.jpg 400w\" data-src=\"https:\/\/www.accion-habitat.org\/wp-content\/uploads\/2020\/08\/Roseline.jpg\" \/><\/div><div class=\"shortcode-teaser-content text-big\"><h4>Roseline Maurice<\/h4>\n<p>Adresse : Poly 2<\/p>\n<p>Comp\u00e9tences professionnelles :<\/p>\n<ul>\n<li>Ma\u00e7onnerie<\/li>\n<li>Charpente<\/li>\n<li>Peinture<\/li>\n<li>Artiste peintre &#8211; Artisanat<\/li>\n<\/ul>\n<\/div><\/section>[vc_empty_space][\/vc_column_inner][\/vc_row_inner][vc_row_inner][vc_column_inner width=&#8221;1\/3&#8243;]<section class=\"shortcode-teaser img-full frame-fancy frame-on\"><div class=\"layzr-bg shortcode-teaser-img\"><img class=\"lazy-load\" src=\"data:image\/svg+xml;charset=utf-8,%3Csvg xmlns%3D&#039;http%3A%2F%2Fwww.w3.org%2F2000%2Fsvg&#039; viewBox%3D&#039;0 0 400 267&#039;%2F%3E\" width=\"400\" height=\"267\" data-srcset=\"https:\/\/www.accion-habitat.org\/wp-content\/uploads\/2020\/08\/photo-a-venir.jpg 400w\" data-src=\"https:\/\/www.accion-habitat.org\/wp-content\/uploads\/2020\/08\/photo-a-venir.jpg\" \/><\/div><div class=\"shortcode-teaser-content text-big\"><h4>Andr\u00e9<\/h4>\n<p>Adresse : Br\u00e9silienne<\/p>\n<p>Comp\u00e9tences professionnelles :<\/p>\n<ul>\n<li>Ma\u00e7onnerie<\/li>\n<li>Charpente<\/li>\n<li>Peinture<\/li>\n<\/ul>\n<\/div><\/section>[vc_empty_space][\/vc_column_inner][vc_column_inner width=&#8221;1\/3&#8243;][vc_empty_space][\/vc_column_inner][vc_column_inner width=&#8221;1\/3&#8243;][\/vc_column_inner][\/vc_row_inner][vc_empty_space]<div class=\"dt-fancy-separator title-left h3-size\" style=\"width: 100%;\"><div class=\"dt-fancy-title bg-on\" style=\"color: #ffffff;background-color: #f1862d;\"><span class=\"separator-holder separator-left\" style=\"border-color: #f1862d;\"><\/span>La Vall\u00e9e<span class=\"separator-holder separator-right\" style=\"border-color: #f1862d;\"><\/span><\/div><\/div>[vc_empty_space][vc_row_inner][vc_column_inner width=&#8221;1\/3&#8243;]<section class=\"shortcode-teaser img-full frame-fancy frame-on\"><div class=\"layzr-bg shortcode-teaser-img\"><img class=\"lazy-load\" src=\"data:image\/svg+xml;charset=utf-8,%3Csvg xmlns%3D&#039;http%3A%2F%2Fwww.w3.org%2F2000%2Fsvg&#039; viewBox%3D&#039;0 0 400 267&#039;%2F%3E\" width=\"400\" height=\"267\" data-srcset=\"https:\/\/www.accion-habitat.org\/wp-content\/uploads\/2020\/08\/Richard.jpg 400w\" data-src=\"https:\/\/www.accion-habitat.org\/wp-content\/uploads\/2020\/08\/Richard.jpg\" \/><\/div><div class=\"shortcode-teaser-content text-big\"><h4>Richard Belcher<\/h4>\n<p>Adresse : Ridor\u00e9<\/p>\n<p>Comp\u00e9tences professionnelles :<\/p>\n<ul>\n<li>Ma\u00e7onnerie<\/li>\n<li>Charpente<\/li>\n<li>Peinture<\/li>\n<li>F\u00e9raillage<\/li>\n<li>\u00c9b\u00e9nisterie<\/li>\n<\/ul>\n<\/div><\/section>[vc_empty_space][\/vc_column_inner][vc_column_inner width=&#8221;1\/3&#8243;]<section class=\"shortcode-teaser img-full frame-fancy frame-on\"><div class=\"layzr-bg shortcode-teaser-img\"><img class=\"lazy-load\" src=\"data:image\/svg+xml;charset=utf-8,%3Csvg xmlns%3D&#039;http%3A%2F%2Fwww.w3.org%2F2000%2Fsvg&#039; viewBox%3D&#039;0 0 400 267&#039;%2F%3E\" width=\"400\" height=\"267\" data-srcset=\"https:\/\/www.accion-habitat.org\/wp-content\/uploads\/2020\/08\/Jeannot.jpg 400w\" data-src=\"https:\/\/www.accion-habitat.org\/wp-content\/uploads\/2020\/08\/Jeannot.jpg\" \/><\/div><div class=\"shortcode-teaser-content text-big\"><h4>Jeannot Dur\u00e9<\/h4>\n<p>Adresse : Lacours<\/p>\n<p>Comp\u00e9tences professionnelles :<\/p>\n<ul>\n<li>Ma\u00e7onnerie<\/li>\n<li>Charpente<\/li>\n<li>Peinture<\/li>\n<li>Commerce<\/li>\n<\/ul>\n<\/div><\/section>[vc_empty_space][\/vc_column_inner][vc_column_inner width=&#8221;1\/3&#8243;]<section class=\"shortcode-teaser img-full frame-fancy frame-on\"><div class=\"layzr-bg shortcode-teaser-img\"><img class=\"lazy-load\" src=\"data:image\/svg+xml;charset=utf-8,%3Csvg xmlns%3D&#039;http%3A%2F%2Fwww.w3.org%2F2000%2Fsvg&#039; viewBox%3D&#039;0 0 400 267&#039;%2F%3E\" width=\"400\" height=\"267\" data-srcset=\"https:\/\/www.accion-habitat.org\/wp-content\/uploads\/2020\/08\/Zeline.jpg 400w\" data-src=\"https:\/\/www.accion-habitat.org\/wp-content\/uploads\/2020\/08\/Zeline.jpg\" \/><\/div><div class=\"shortcode-teaser-content text-big\"><h4>Z\u00e9line Bellande<\/h4>\n<p>Adresse : Lacours<\/p>\n<p>Comp\u00e9tences professionnelles :<\/p>\n<ul>\n<li>Ma\u00e7onnerie<\/li>\n<li>Charpente<\/li>\n<li>Peinture<\/li>\n<\/ul>\n<\/div><\/section>[vc_empty_space][\/vc_column_inner][\/vc_row_inner][vc_row_inner][vc_column_inner width=&#8221;1\/3&#8243;]<section class=\"shortcode-teaser img-full frame-fancy frame-on\"><div class=\"layzr-bg shortcode-teaser-img\"><img class=\"lazy-load\" src=\"data:image\/svg+xml;charset=utf-8,%3Csvg xmlns%3D&#039;http%3A%2F%2Fwww.w3.org%2F2000%2Fsvg&#039; viewBox%3D&#039;0 0 400 267&#039;%2F%3E\" width=\"400\" height=\"267\" data-srcset=\"https:\/\/www.accion-habitat.org\/wp-content\/uploads\/2020\/08\/Edzer.jpg 400w\" data-src=\"https:\/\/www.accion-habitat.org\/wp-content\/uploads\/2020\/08\/Edzer.jpg\" \/><\/div><div class=\"shortcode-teaser-content text-big\"><h4>Edzer Civil<\/h4>\n<p>Adresse : Lavial<\/p>\n<p>Comp\u00e9tences professionnelles :<\/p>\n<ul>\n<li>Ma\u00e7onnerie<\/li>\n<li>Charpente<\/li>\n<li>Peinture<\/li>\n<li>Supervision<\/li>\n<li>Gestion &#8211; G\u00e9nie Civil<\/li>\n<\/ul>\n<\/div><\/section>[vc_empty_space][\/vc_column_inner][vc_column_inner width=&#8221;1\/3&#8243;]<section class=\"shortcode-teaser img-full frame-fancy frame-on\"><div class=\"layzr-bg shortcode-teaser-img\"><img class=\"lazy-load\" src=\"data:image\/svg+xml;charset=utf-8,%3Csvg xmlns%3D&#039;http%3A%2F%2Fwww.w3.org%2F2000%2Fsvg&#039; viewBox%3D&#039;0 0 400 267&#039;%2F%3E\" width=\"400\" height=\"267\" data-srcset=\"https:\/\/www.accion-habitat.org\/wp-content\/uploads\/2020\/08\/Milot.jpg 400w\" data-src=\"https:\/\/www.accion-habitat.org\/wp-content\/uploads\/2020\/08\/Milot.jpg\" \/><\/div><div class=\"shortcode-teaser-content text-big\"><h4>Milot Civil<\/h4>\n<p>Adresse : Lavial<\/p>\n<p>Comp\u00e9tences professionnelles :<\/p>\n<ul>\n<li>Ma\u00e7onnerie<\/li>\n<li>Charpente<\/li>\n<li>Peinture<\/li>\n<li>Artisanat<\/li>\n<\/ul>\n<\/div><\/section>[vc_empty_space][\/vc_column_inner][vc_column_inner width=&#8221;1\/3&#8243;]<section class=\"shortcode-teaser img-full frame-fancy frame-on\"><div class=\"layzr-bg shortcode-teaser-img\"><img class=\"lazy-load\" src=\"data:image\/svg+xml;charset=utf-8,%3Csvg xmlns%3D&#039;http%3A%2F%2Fwww.w3.org%2F2000%2Fsvg&#039; viewBox%3D&#039;0 0 400 267&#039;%2F%3E\" width=\"400\" height=\"267\" data-srcset=\"https:\/\/www.accion-habitat.org\/wp-content\/uploads\/2020\/08\/Reginald.jpg 400w\" data-src=\"https:\/\/www.accion-habitat.org\/wp-content\/uploads\/2020\/08\/Reginald.jpg\" \/><\/div><div class=\"shortcode-teaser-content text-big\"><h4>Reginald Dur\u00e9<\/h4>\n<p>Adresse : Lavial<\/p>\n<p>Comp\u00e9tences professionnelles :<\/p>\n<ul>\n<li>Ma\u00e7onnerie<\/li>\n<li>Charpente<\/li>\n<li>Peinture<\/li>\n<li>\u00c9levage<\/li>\n<\/ul>\n<\/div><\/section>[vc_empty_space][\/vc_column_inner][\/vc_row_inner][vc_row_inner][vc_column_inner width=&#8221;1\/3&#8243;]<section class=\"shortcode-teaser img-full frame-fancy frame-on\"><div class=\"layzr-bg shortcode-teaser-img\"><img class=\"lazy-load\" src=\"data:image\/svg+xml;charset=utf-8,%3Csvg xmlns%3D&#039;http%3A%2F%2Fwww.w3.org%2F2000%2Fsvg&#039; viewBox%3D&#039;0 0 400 267&#039;%2F%3E\" width=\"400\" height=\"267\" data-srcset=\"https:\/\/www.accion-habitat.org\/wp-content\/uploads\/2020\/08\/Leon-Jean-Louis.jpg 400w\" data-src=\"https:\/\/www.accion-habitat.org\/wp-content\/uploads\/2020\/08\/Leon-Jean-Louis.jpg\" \/><\/div><div class=\"shortcode-teaser-content text-big\"><h4>L\u00e9on Jean Louis<\/h4>\n<p>Adresse : Lavial<\/p>\n<p>Comp\u00e9tences professionnelles :<\/p>\n<ul>\n<li>Ma\u00e7onnerie<\/li>\n<li>Charpente<\/li>\n<li>Peinture<\/li>\n<li>\u00c9b\u00e9nisterie<\/li>\n<li>Agriculture &#8211; \u00e9levage<\/li>\n<\/ul>\n<\/div><\/section>[vc_empty_space][\/vc_column_inner][vc_column_inner width=&#8221;1\/3&#8243;]<section class=\"shortcode-teaser img-full frame-fancy frame-on\"><div class=\"layzr-bg shortcode-teaser-img\"><img class=\"lazy-load\" src=\"data:image\/svg+xml;charset=utf-8,%3Csvg xmlns%3D&#039;http%3A%2F%2Fwww.w3.org%2F2000%2Fsvg&#039; viewBox%3D&#039;0 0 400 267&#039;%2F%3E\" width=\"400\" height=\"267\" data-srcset=\"https:\/\/www.accion-habitat.org\/wp-content\/uploads\/2020\/08\/Alex.jpg 400w\" data-src=\"https:\/\/www.accion-habitat.org\/wp-content\/uploads\/2020\/08\/Alex.jpg\" \/><\/div><div class=\"shortcode-teaser-content text-big\"><h4>Alex Moise<\/h4>\n<p>Adresse : Lavial<\/p>\n<p>Comp\u00e9tences professionnelles :<\/p>\n<ul>\n<li>Ma\u00e7onnerie<\/li>\n<li>Charpente<\/li>\n<li>Peinture<\/li>\n<li>Agriculture &#8211; \u00c9levage<\/li>\n<\/ul>\n<\/div><\/section>[vc_empty_space][\/vc_column_inner][vc_column_inner width=&#8221;1\/3&#8243;]<section class=\"shortcode-teaser img-full frame-fancy frame-on\"><div class=\"layzr-bg shortcode-teaser-img\"><img class=\"lazy-load\" src=\"data:image\/svg+xml;charset=utf-8,%3Csvg xmlns%3D&#039;http%3A%2F%2Fwww.w3.org%2F2000%2Fsvg&#039; viewBox%3D&#039;0 0 400 267&#039;%2F%3E\" width=\"400\" height=\"267\" data-srcset=\"https:\/\/www.accion-habitat.org\/wp-content\/uploads\/2020\/08\/Lucene.jpg 400w\" data-src=\"https:\/\/www.accion-habitat.org\/wp-content\/uploads\/2020\/08\/Lucene.jpg\" \/><\/div><div class=\"shortcode-teaser-content text-big\"><h4>Luc\u00e8ne Pierre Saint<\/h4>\n<p>Adresse : Lavial<\/p>\n<p>Comp\u00e9tences professionnelles :<\/p>\n<ul>\n<li>Ma\u00e7onnerie<\/li>\n<li>Charpente<\/li>\n<li>Peinture<\/li>\n<li>Agriculture &#8211; Artisanat<\/li>\n<\/ul>\n<\/div><\/section>[vc_empty_space][\/vc_column_inner][\/vc_row_inner][vc_row_inner][vc_column_inner width=&#8221;1\/3&#8243;]<section class=\"shortcode-teaser img-full frame-fancy frame-on\"><div class=\"layzr-bg shortcode-teaser-img\"><img class=\"lazy-load\" src=\"data:image\/svg+xml;charset=utf-8,%3Csvg xmlns%3D&#039;http%3A%2F%2Fwww.w3.org%2F2000%2Fsvg&#039; viewBox%3D&#039;0 0 400 267&#039;%2F%3E\" width=\"400\" height=\"267\" data-srcset=\"https:\/\/www.accion-habitat.org\/wp-content\/uploads\/2020\/08\/Jean-Claude.jpg 400w\" data-src=\"https:\/\/www.accion-habitat.org\/wp-content\/uploads\/2020\/08\/Jean-Claude.jpg\" \/><\/div><div class=\"shortcode-teaser-content text-big\"><h4>Jean-Claude Payen<\/h4>\n<p>Adresse : Lavial<\/p>\n<p>Comp\u00e9tences professionnelles :<\/p>\n<ul>\n<li>Ma\u00e7onnerie<\/li>\n<li>Charpente<\/li>\n<li>Peinture<\/li>\n<li>Supervision<\/li>\n<li>Gestion<\/li>\n<\/ul>\n<\/div><\/section>[vc_empty_space][\/vc_column_inner][vc_column_inner width=&#8221;1\/3&#8243;]<section class=\"shortcode-teaser img-full frame-fancy frame-on\"><div class=\"layzr-bg shortcode-teaser-img\"><img class=\"lazy-load\" src=\"data:image\/svg+xml;charset=utf-8,%3Csvg xmlns%3D&#039;http%3A%2F%2Fwww.w3.org%2F2000%2Fsvg&#039; viewBox%3D&#039;0 0 400 267&#039;%2F%3E\" width=\"400\" height=\"267\" data-srcset=\"https:\/\/www.accion-habitat.org\/wp-content\/uploads\/2020\/08\/Josaphat.jpg 400w\" data-src=\"https:\/\/www.accion-habitat.org\/wp-content\/uploads\/2020\/08\/Josaphat.jpg\" \/><\/div><div class=\"shortcode-teaser-content text-big\"><h4>Josaphat Payen<\/h4>\n<p>Adresse : Lavial<\/p>\n<p>Comp\u00e9tences professionnelles :<\/p>\n<ul>\n<li>Ma\u00e7onnerie<\/li>\n<li>Charpente<\/li>\n<li>Peinture<\/li>\n<li>Supervision<\/li>\n<li>Gestion &#8211; Vitraux<\/li>\n<\/ul>\n<\/div><\/section>[vc_empty_space][\/vc_column_inner][vc_column_inner width=&#8221;1\/3&#8243;]<section class=\"shortcode-teaser img-full frame-fancy frame-on\"><div class=\"layzr-bg shortcode-teaser-img\"><img class=\"lazy-load\" src=\"data:image\/svg+xml;charset=utf-8,%3Csvg xmlns%3D&#039;http%3A%2F%2Fwww.w3.org%2F2000%2Fsvg&#039; viewBox%3D&#039;0 0 400 267&#039;%2F%3E\" width=\"400\" height=\"267\" data-srcset=\"https:\/\/www.accion-habitat.org\/wp-content\/uploads\/2020\/08\/photo-a-venir.jpg 400w\" data-src=\"https:\/\/www.accion-habitat.org\/wp-content\/uploads\/2020\/08\/photo-a-venir.jpg\" \/><\/div><div class=\"shortcode-teaser-content text-big\"><h4>F\u00e9nil Maurice<\/h4>\n<p>Adresse : Poly 2<\/p>\n<p>Comp\u00e9tences professionnelles :<\/p>\n<ul>\n<li>Ma\u00e7onnerie<\/li>\n<li>Charpente<\/li>\n<li>Peinture<\/li>\n<\/ul>\n<\/div><\/section>[vc_empty_space][\/vc_column_inner][\/vc_row_inner][vc_row_inner][vc_column_inner width=&#8221;1\/3&#8243;]<section class=\"shortcode-teaser img-full frame-fancy frame-on\"><div class=\"layzr-bg shortcode-teaser-img\"><img class=\"lazy-load\" src=\"data:image\/svg+xml;charset=utf-8,%3Csvg xmlns%3D&#039;http%3A%2F%2Fwww.w3.org%2F2000%2Fsvg&#039; viewBox%3D&#039;0 0 400 267&#039;%2F%3E\" width=\"400\" height=\"267\" data-srcset=\"https:\/\/www.accion-habitat.org\/wp-content\/uploads\/2020\/08\/photo-a-venir.jpg 400w\" data-src=\"https:\/\/www.accion-habitat.org\/wp-content\/uploads\/2020\/08\/photo-a-venir.jpg\" \/><\/div><div class=\"shortcode-teaser-content text-big\"><h4>Rodni Jean<\/h4>\n<p>Adresse :<\/p>\n<p>Comp\u00e9tences professionnelles :<\/p>\n<ul>\n<li>Ma\u00e7onnerie<\/li>\n<li>Charpente<\/li>\n<li>Peinture<\/li>\n<\/ul>\n<\/div><\/section>[vc_empty_space][\/vc_column_inner][vc_column_inner width=&#8221;1\/3&#8243;][\/vc_column_inner][vc_column_inner width=&#8221;1\/3&#8243;][\/vc_column_inner][\/vc_row_inner]\n\t\t\t\t            <\/div>\n\t        \t\t\t<\/dd><dt class=\"\">\n\t        \t<a class=\"ult-tabto-actitle withBorder ult_a \" id=\"1597151634499-2\" style=\"color:#ffffff;;background-color:#228196;border-bottom-color:transparent;border-bottom-width:0px;border-bottom-style:solid;border-bottom-color:transparent;border-bottom-width:0px;border-bottom-style:solid;\" href=\"#1597151634499-2\">\n\t        \t\t<i class=\"accordion-icon\"><\/i>\n\t        \t\t\t<span class=\"ult_tab_main ult_ac_main ult_noacordicnTitle\">\n\n\t\t\t\t\t\t<span  data-ultimate-target='#advanced-tabs-wrap-3890 .ult-span-text'  data-responsive-json-new='{\"font-size\":\"desktop:15px;\",\"line-height\":\"\"}'  class=\"ult-span-text no_icon ult_acordian-text ult-responsive\" style=\"font-weight:bold;;color:inherit \" >El Salvador<\/span>\n\t\t\t\t\t\t<\/span><\/a><\/dt>\n\t            \t\t<dd class=\"ult-tabto-accordionItem ult-tabto-accolapsed\">\n\t\t\t\t            <div class=\"ult-tabto-acontent\" style=\"color:#74777b;\">\n\t\t\t\t               [vc_column_text]<\/p>\n<p style=\"text-align: center;\"><strong>Bient\u00f4t disponible<\/strong><\/p>\n<p>[\/vc_column_text]\n\t\t\t\t            <\/div>\n\t        \t\t\t<\/dd>\n    \t<\/dl>\n    <!--<div class=\"extraborder\" style=\"background-color:#145664\"><\/div>-->\n<\/div>\n\n<\/div>[\/vc_column][\/vc_row]<\/p>\n<\/div>","protected":false},"excerpt":{"rendered":"<p>[vc_row][vc_column][\/vc_column][\/vc_row]<\/p>\n","protected":false},"author":1,"featured_media":0,"parent":0,"menu_order":0,"comment_status":"closed","ping_status":"closed","template":"","meta":[],"yoast_head":"<!-- This site is optimized with the Yoast SEO plugin v17.5 - https:\/\/yoast.com\/wordpress\/plugins\/seo\/ -->\n<title>Les Artisan.es - Action pour l&#039;habitat | Acci\u00f3n por el h\u00e1bitat<\/title>\n<meta name=\"robots\" content=\"index, follow, max-snippet:-1, max-image-preview:large, max-video-preview:-1\" \/>\n<link rel=\"canonical\" href=\"https:\/\/www.accion-habitat.org\/ht\/les-artisans\/\" \/>\n<meta property=\"og:locale\" content=\"ht_HT\" \/>\n<meta property=\"og:type\" content=\"article\" \/>\n<meta property=\"og:title\" content=\"Les Artisan.es - Action pour l&#039;habitat | Acci\u00f3n por el h\u00e1bitat\" \/>\n<meta property=\"og:description\" content=\"[vc_row][vc_column][\/vc_column][\/vc_row]\" \/>\n<meta property=\"og:url\" content=\"https:\/\/www.accion-habitat.org\/ht\/les-artisans\/\" \/>\n<meta property=\"og:site_name\" content=\"Action pour l&#039;habitat | Acci\u00f3n por el h\u00e1bitat\" \/>\n<meta property=\"article:modified_time\" content=\"2021-09-14T14:26:31+00:00\" \/>\n<meta name=\"twitter:card\" content=\"summary_large_image\" \/>\n<meta name=\"twitter:label1\" content=\"Est. reading time\" \/>\n\t<meta name=\"twitter:data1\" content=\"6 minutes\" \/>\n<script type=\"application\/ld+json\" class=\"yoast-schema-graph\">{\"@context\":\"https:\/\/schema.org\",\"@graph\":[{\"@type\":\"WebSite\",\"@id\":\"https:\/\/www.accion-habitat.org\/es\/#website\",\"url\":\"https:\/\/www.accion-habitat.org\/es\/\",\"name\":\"Action pour l&#039;habitat | Acci\\u00f3n por el h\\u00e1bitat\",\"description\":\"intercambiar para cambiar | \\u00e9changer pour changer\",\"potentialAction\":[{\"@type\":\"SearchAction\",\"target\":{\"@type\":\"EntryPoint\",\"urlTemplate\":\"https:\/\/www.accion-habitat.org\/es\/?s={search_term_string}\"},\"query-input\":\"required name=search_term_string\"}],\"inLanguage\":\"ht-HT\"},{\"@type\":\"WebPage\",\"@id\":\"https:\/\/www.accion-habitat.org\/ht\/les-artisans\/#webpage\",\"url\":\"https:\/\/www.accion-habitat.org\/ht\/les-artisans\/\",\"name\":\"Les Artisan.es - Action pour l&#039;habitat | Acci\\u00f3n por el h\\u00e1bitat\",\"isPartOf\":{\"@id\":\"https:\/\/www.accion-habitat.org\/es\/#website\"},\"datePublished\":\"2020-08-11T14:32:01+00:00\",\"dateModified\":\"2021-09-14T14:26:31+00:00\",\"breadcrumb\":{\"@id\":\"https:\/\/www.accion-habitat.org\/ht\/les-artisans\/#breadcrumb\"},\"inLanguage\":\"ht-HT\",\"potentialAction\":[{\"@type\":\"ReadAction\",\"target\":[\"https:\/\/www.accion-habitat.org\/ht\/les-artisans\/\"]}]},{\"@type\":\"BreadcrumbList\",\"@id\":\"https:\/\/www.accion-habitat.org\/ht\/les-artisans\/#breadcrumb\",\"itemListElement\":[{\"@type\":\"ListItem\",\"position\":1,\"name\":\"Accueil\",\"item\":\"http:\/\/www.accion-habitat.org\/ht\/\"},{\"@type\":\"ListItem\",\"position\":2,\"name\":\"Les Artisan.es\"}]}]}<\/script>\n<!-- \/ Yoast SEO plugin. -->","yoast_head_json":{"title":"Les Artisan.es - Action pour l&#039;habitat | Acci\u00f3n por el h\u00e1bitat","robots":{"index":"index","follow":"follow","max-snippet":"max-snippet:-1","max-image-preview":"max-image-preview:large","max-video-preview":"max-video-preview:-1"},"canonical":"https:\/\/www.accion-habitat.org\/ht\/les-artisans\/","og_locale":"ht_HT","og_type":"article","og_title":"Les Artisan.es - Action pour l&#039;habitat | Acci\u00f3n por el h\u00e1bitat","og_description":"[vc_row][vc_column][\/vc_column][\/vc_row]","og_url":"https:\/\/www.accion-habitat.org\/ht\/les-artisans\/","og_site_name":"Action pour l&#039;habitat | Acci\u00f3n por el h\u00e1bitat","article_modified_time":"2021-09-14T14:26:31+00:00","twitter_card":"summary_large_image","twitter_misc":{"Est. reading time":"6 minutes"},"schema":{"@context":"https:\/\/schema.org","@graph":[{"@type":"WebSite","@id":"https:\/\/www.accion-habitat.org\/es\/#website","url":"https:\/\/www.accion-habitat.org\/es\/","name":"Action pour l&#039;habitat | Acci\u00f3n por el h\u00e1bitat","description":"intercambiar para cambiar | \u00e9changer pour changer","potentialAction":[{"@type":"SearchAction","target":{"@type":"EntryPoint","urlTemplate":"https:\/\/www.accion-habitat.org\/es\/?s={search_term_string}"},"query-input":"required name=search_term_string"}],"inLanguage":"ht-HT"},{"@type":"WebPage","@id":"https:\/\/www.accion-habitat.org\/ht\/les-artisans\/#webpage","url":"https:\/\/www.accion-habitat.org\/ht\/les-artisans\/","name":"Les Artisan.es - Action pour l&#039;habitat | Acci\u00f3n por el h\u00e1bitat","isPartOf":{"@id":"https:\/\/www.accion-habitat.org\/es\/#website"},"datePublished":"2020-08-11T14:32:01+00:00","dateModified":"2021-09-14T14:26:31+00:00","breadcrumb":{"@id":"https:\/\/www.accion-habitat.org\/ht\/les-artisans\/#breadcrumb"},"inLanguage":"ht-HT","potentialAction":[{"@type":"ReadAction","target":["https:\/\/www.accion-habitat.org\/ht\/les-artisans\/"]}]},{"@type":"BreadcrumbList","@id":"https:\/\/www.accion-habitat.org\/ht\/les-artisans\/#breadcrumb","itemListElement":[{"@type":"ListItem","position":1,"name":"Accueil","item":"http:\/\/www.accion-habitat.org\/ht\/"},{"@type":"ListItem","position":2,"name":"Les Artisan.es"}]}]}},"_links":{"self":[{"href":"https:\/\/www.accion-habitat.org\/ht\/wp-json\/wp\/v2\/pages\/1235"}],"collection":[{"href":"https:\/\/www.accion-habitat.org\/ht\/wp-json\/wp\/v2\/pages"}],"about":[{"href":"https:\/\/www.accion-habitat.org\/ht\/wp-json\/wp\/v2\/types\/page"}],"author":[{"embeddable":true,"href":"https:\/\/www.accion-habitat.org\/ht\/wp-json\/wp\/v2\/users\/1"}],"replies":[{"embeddable":true,"href":"https:\/\/www.accion-habitat.org\/ht\/wp-json\/wp\/v2\/comments?post=1235"}],"version-history":[{"count":3,"href":"https:\/\/www.accion-habitat.org\/ht\/wp-json\/wp\/v2\/pages\/1235\/revisions"}],"predecessor-version":[{"id":1354,"href":"https:\/\/www.accion-habitat.org\/ht\/wp-json\/wp\/v2\/pages\/1235\/revisions\/1354"}],"wp:attachment":[{"href":"https:\/\/www.accion-habitat.org\/ht\/wp-json\/wp\/v2\/media?parent=1235"}],"curies":[{"name":"wp","href":"https:\/\/api.w.org\/{rel}","templated":true}]}}