{"id":59,"date":"2019-05-10T00:31:06","date_gmt":"2019-05-09T22:31:06","guid":{"rendered":"http:\/\/www.accion-habitat.org\/rgpd\/"},"modified":"2019-05-10T00:33:02","modified_gmt":"2019-05-09T22:33:02","slug":"rgpd","status":"publish","type":"page","link":"https:\/\/www.accion-habitat.org\/es\/rgpd\/","title":{"rendered":"Nuestra pol\u00edtica de protecci\u00f3n de vuestros datos personales"},"content":{"rendered":"<div class=\"wpb-content-wrapper\"><p>[vc_row][vc_column][vc_column_text]<\/p>\n<div class=\"wpb_text_column wpb_content_element \">\n<div class=\"wpb_wrapper\">\n<p><strong>Habitat-Cit\u00e9 apporte une attention maximale au bon respect de la r\u00e9glementation RGPD et \u00e0 la protection de vos donn\u00e9es personnelles.<\/strong><\/p>\n<p>Consultez ci-dessous les \u00e9l\u00e9ments-cl\u00e9 des mesures RGPD que nous nous sommes fix\u00e9es dans le cadre de l\u2019exploitation de notre site internet.<\/p>\n<p>Pour toute question concernant les donn\u00e9es personnelles, vous pouvez nous \u00e9crire \u00e0 l\u2019adresse email d\u00e9di\u00e9e : <a href=\"mailto:stephane.etienne@habitat-cite.org\">stephane.etienne@habitat-cite.org<\/a><\/p>\n<h3>Application de notre politique RGPD \u00e0 l\u2019utilisation de notre site internet<\/h3>\n<h4>Cookies utilis\u00e9s sur le site<\/h4>\n<p>Les cookies sont des fichiers permettant \u00e0 notre site internet de fonctionner correctement et d\u2019am\u00e9liorer son interactivit\u00e9. Voici la liste des cookies utilis\u00e9es sur ce site :<\/p>\n<ul>\n<li>Les cookies n\u00e9cessaires au bon fonctionnement du site : certains cookies sont n\u00e9cessaires pour assurer le bon fonctionnement des services d\u2019un site internet et fournir une meilleure utilisation du site (ex : pr\u00e9f\u00e9rences d\u2019affichage ou de navigation).<\/li>\n<li>Les cookies r\u00e9seaux sociaux : ils permettent le suivi et la comptabilisation des \u00ab Likes \u00bb et \u00ab Partages \u00bb sur les r\u00e9seaux sociaux Facebook, Twitter, Google + sur ce site.<\/li>\n<li>Les Cookies Vid\u00e9o : ils sont utilis\u00e9s par Google pour suivre l\u2019audience des vid\u00e9os post\u00e9es sur sa plateforme Youtube et int\u00e9gr\u00e9es dans notre site.<\/li>\n<\/ul>\n<p>Conform\u00e9ment aux dispositions du R\u00e8glement G\u00e9n\u00e9ral sur la Protection des Donn\u00e9es (RGPD), vous avez la possibilit\u00e9 d\u2019autoriser ou d\u2019interdire les cookies. L\u2019acceptation ou le refus des cookies vous est propos\u00e9 lors de votre premi\u00e8re connexion sur notre site. L\u2019acceptation des cookies se fait en cliquant sur \u00ab OK, tout accepter \u00bb dans le bandeau d\u2019information ou en poursuivant votre navigation sur le site. Vous pouvez \u00e0 tout moment revenir sur votre choix en vous rendant sur le gestionnaire de cookies mis en place sur le site.<\/p>\n<h4>Nous prot\u00e9geons vos donn\u00e9es personnelles et nous ne les partageons pas<\/h4>\n<p>Les donn\u00e9es personnelles sont utilis\u00e9es uniquement pour les finalit\u00e9s suivantes :<\/p>\n<ul>\n<li>La performance de notre site : les cookies recueillis \u00e0 la suite de votre consentement, permettent de suivre les performances de notre site internet et de vous proposer la meilleure exp\u00e9rience possible.<\/li>\n<li>La gestion des contacts : en remplissant un formulaire sur ce site, les donn\u00e9es personnelles que vous nous transmettez sont uniquement utilis\u00e9es pour traiter votre demande (demande d&#8217;information, demande de contact\u2026).<\/li>\n<li>Envoie des newsletters : l\u2019inscription \u00e0 notre newsletter vous permettra de recevoir des informations pertinentes en rapport avec nos activit\u00e9s et notre projet. Chaque newsletter vous offrira la possibilit\u00e9 de vous d\u00e9sabonner de mani\u00e8re simple et imm\u00e9diate.<\/li>\n<\/ul>\n<h4>Lic\u00e9it\u00e9 de l\u2019utilisation des donn\u00e9es.<\/h4>\n<p>Le consentement du traitement des donn\u00e9es est obtenu pour chaque finalit\u00e9 en accord avec les r\u00e8gles de la RGPD (art 6 et 7 du RGPD) :<\/p>\n<ul>\n<li>Les cookies sont soumis \u00e0 une autorisation pr\u00e9alable via un acte positif<\/li>\n<li>L\u2019abonnement \u00e0 notre newsletter est soumis \u00e0 l\u2019acte positif d\u2019inscription<\/li>\n<li>Les donn\u00e9es r\u00e9colt\u00e9es via le formulaire de contact ne sont utilis\u00e9es que pour l\u2019instruction de votre demande, et bas\u00e9 sur le fondement des int\u00e9r\u00eats l\u00e9gitimes du responsable de traitement (art 6 du RGPD + consid\u00e9rant 47).<\/li>\n<\/ul>\n<h4>Qui a acc\u00e8s \u00e0 vos donn\u00e9es personnelles ?<\/h4>\n<p>Seuls certains de nos propres collaborateurs ont acc\u00e8s aux donn\u00e9es personnelles r\u00e9cup\u00e9r\u00e9es via ce site web. Ces informations sont destin\u00e9es exclusivement \u00e0 notre association, elles ne seront ni vendues ni transmises \u00e0 des tiers.<\/p>\n<h4>Conservation des donn\u00e9es personnelles<\/h4>\n<p>Les donn\u00e9es personnelles recueillies via les formulaires ne sont pas conserv\u00e9es au-del\u00e0 de ce qui est strictement n\u00e9cessaire aux finalit\u00e9s \u00e9nonc\u00e9es ci-dessus. Les donn\u00e9es sont conserv\u00e9es 3 ans \u00e0 compter de la date d&#8217;envoi du formulaire. Les cookies sont conserv\u00e9s pendant une dur\u00e9e de 12 mois.<\/p>\n<h4>Comment exercer vos droits sur vos donn\u00e9es personnelles ?<\/h4>\n<p>Le RGPD pr\u00e9voie plusieurs droits que vous pouvez exercer concernant l\u2019utilisation de vos donn\u00e9es personnelles :<\/p>\n<ul>\n<li>Droit d\u2019acc\u00e8s (demander la communication des informations personnelles que nous poss\u00e9dons sur vous)<\/li>\n<li>Droit de rectification (demander la modification, la mise \u00e0 jour ou la suppression de certaines donn\u00e9es personnelles collect\u00e9es)<\/li>\n<li>Droit \u00e0 l\u2019effacement (droit \u00e0 l\u2019oubli) (demander l\u2019effacement des donn\u00e9es personnelles que nous avons collect\u00e9es \u00e0 votre sujet)<\/li>\n<li>Droit \u00e0 la limitation du traitement (demander que nous n\u2019utilisions plus vos donn\u00e9es personnelles, qui pourront alors \u00eatre uniquement stock\u00e9es)<\/li>\n<li>Droit \u00e0 la portabilit\u00e9 des donn\u00e9es (demander de r\u00e9cup\u00e9rer les donn\u00e9es dans un format structur\u00e9 pour \u00eatre transmis \u00e0 un autre responsable de traitement)<\/li>\n<li>Droit d\u2019opposition (opposition \u00e0 figurer dans un de nos fichiers)<\/li>\n<li>Droit de ne pas faire l\u2019objet d\u2019une d\u00e9cision individuelle<\/li>\n<\/ul>\n<p>Pour toute question concernant les donn\u00e9es personnelles, vous pouvez nous \u00e9crire \u00e0 l\u2019adresse email d\u00e9di\u00e9e : <a href=\"mailto:stephane.etienne@habitat-cite.org\">stephane.etienne@habitat-cite.org<\/a><\/p>\n<\/div>\n<\/div>\n<p>[\/vc_column_text][\/vc_column][\/vc_row]<\/p>\n<\/div>","protected":false},"excerpt":{"rendered":"<p>[vc_row][vc_column][vc_column_text] Habitat-Cit\u00e9 apporte une attention maximale au bon respect de la r\u00e9glementation RGPD et \u00e0 la protection de vos donn\u00e9es personnelles. Consultez ci-dessous les \u00e9l\u00e9ments-cl\u00e9 des mesures RGPD que nous nous sommes fix\u00e9es dans le cadre de l\u2019exploitation de notre site internet. Pour toute question concernant les donn\u00e9es personnelles, vous pouvez nous \u00e9crire \u00e0 l\u2019adresse&hellip;<\/p>\n","protected":false},"author":1,"featured_media":0,"parent":0,"menu_order":0,"comment_status":"closed","ping_status":"closed","template":"","meta":[],"yoast_head":"<!-- This site is optimized with the Yoast SEO plugin v17.5 - https:\/\/yoast.com\/wordpress\/plugins\/seo\/ -->\n<title>Nuestra pol\u00edtica de protecci\u00f3n de vuestros datos personales - Action pour l&#039;habitat | Acci\u00f3n por el h\u00e1bitat<\/title>\n<meta name=\"robots\" content=\"index, follow, max-snippet:-1, max-image-preview:large, max-video-preview:-1\" \/>\n<link rel=\"canonical\" href=\"https:\/\/www.accion-habitat.org\/es\/rgpd\/\" \/>\n<meta property=\"og:locale\" content=\"es_ES\" \/>\n<meta property=\"og:type\" content=\"article\" \/>\n<meta property=\"og:title\" content=\"Nuestra pol\u00edtica de protecci\u00f3n de vuestros datos personales - Action pour l&#039;habitat | Acci\u00f3n por el h\u00e1bitat\" \/>\n<meta property=\"og:description\" content=\"[vc_row][vc_column][vc_column_text] Habitat-Cit\u00e9 apporte une attention maximale au bon respect de la r\u00e9glementation RGPD et \u00e0 la protection de vos donn\u00e9es personnelles. Consultez ci-dessous les \u00e9l\u00e9ments-cl\u00e9 des mesures RGPD que nous nous sommes fix\u00e9es dans le cadre de l\u2019exploitation de notre site internet. Pour toute question concernant les donn\u00e9es personnelles, vous pouvez nous \u00e9crire \u00e0 l\u2019adresse&hellip;\" \/>\n<meta property=\"og:url\" content=\"https:\/\/www.accion-habitat.org\/es\/rgpd\/\" \/>\n<meta property=\"og:site_name\" content=\"Action pour l&#039;habitat | Acci\u00f3n por el h\u00e1bitat\" \/>\n<meta property=\"article:modified_time\" content=\"2019-05-09T22:33:02+00:00\" \/>\n<meta name=\"twitter:card\" content=\"summary_large_image\" \/>\n<meta name=\"twitter:label1\" content=\"Tiempo de lectura\" \/>\n\t<meta name=\"twitter:data1\" content=\"4 minutos\" \/>\n<script type=\"application\/ld+json\" class=\"yoast-schema-graph\">{\"@context\":\"https:\/\/schema.org\",\"@graph\":[{\"@type\":\"WebSite\",\"@id\":\"https:\/\/www.accion-habitat.org\/es\/#website\",\"url\":\"https:\/\/www.accion-habitat.org\/es\/\",\"name\":\"Action pour l&#039;habitat | Acci\\u00f3n por el h\\u00e1bitat\",\"description\":\"intercambiar para cambiar | \\u00e9changer pour changer\",\"potentialAction\":[{\"@type\":\"SearchAction\",\"target\":{\"@type\":\"EntryPoint\",\"urlTemplate\":\"https:\/\/www.accion-habitat.org\/es\/?s={search_term_string}\"},\"query-input\":\"required name=search_term_string\"}],\"inLanguage\":\"es\"},{\"@type\":\"WebPage\",\"@id\":\"https:\/\/www.accion-habitat.org\/es\/rgpd\/#webpage\",\"url\":\"https:\/\/www.accion-habitat.org\/es\/rgpd\/\",\"name\":\"Nuestra pol\\u00edtica de protecci\\u00f3n de vuestros datos personales - Action pour l&#039;habitat | Acci\\u00f3n por el h\\u00e1bitat\",\"isPartOf\":{\"@id\":\"https:\/\/www.accion-habitat.org\/es\/#website\"},\"datePublished\":\"2019-05-09T22:31:06+00:00\",\"dateModified\":\"2019-05-09T22:33:02+00:00\",\"breadcrumb\":{\"@id\":\"https:\/\/www.accion-habitat.org\/es\/rgpd\/#breadcrumb\"},\"inLanguage\":\"es\",\"potentialAction\":[{\"@type\":\"ReadAction\",\"target\":[\"https:\/\/www.accion-habitat.org\/es\/rgpd\/\"]}]},{\"@type\":\"BreadcrumbList\",\"@id\":\"https:\/\/www.accion-habitat.org\/es\/rgpd\/#breadcrumb\",\"itemListElement\":[{\"@type\":\"ListItem\",\"position\":1,\"name\":\"Accueil\",\"item\":\"https:\/\/www.accion-habitat.org\/es\/\"},{\"@type\":\"ListItem\",\"position\":2,\"name\":\"Nuestra pol\\u00edtica de protecci\\u00f3n de vuestros datos personales\"}]}]}<\/script>\n<!-- \/ Yoast SEO plugin. -->","yoast_head_json":{"title":"Nuestra pol\u00edtica de protecci\u00f3n de vuestros datos personales - Action pour l&#039;habitat | Acci\u00f3n por el h\u00e1bitat","robots":{"index":"index","follow":"follow","max-snippet":"max-snippet:-1","max-image-preview":"max-image-preview:large","max-video-preview":"max-video-preview:-1"},"canonical":"https:\/\/www.accion-habitat.org\/es\/rgpd\/","og_locale":"es_ES","og_type":"article","og_title":"Nuestra pol\u00edtica de protecci\u00f3n de vuestros datos personales - Action pour l&#039;habitat | Acci\u00f3n por el h\u00e1bitat","og_description":"[vc_row][vc_column][vc_column_text] Habitat-Cit\u00e9 apporte une attention maximale au bon respect de la r\u00e9glementation RGPD et \u00e0 la protection de vos donn\u00e9es personnelles. Consultez ci-dessous les \u00e9l\u00e9ments-cl\u00e9 des mesures RGPD que nous nous sommes fix\u00e9es dans le cadre de l\u2019exploitation de notre site internet. Pour toute question concernant les donn\u00e9es personnelles, vous pouvez nous \u00e9crire \u00e0 l\u2019adresse&hellip;","og_url":"https:\/\/www.accion-habitat.org\/es\/rgpd\/","og_site_name":"Action pour l&#039;habitat | Acci\u00f3n por el h\u00e1bitat","article_modified_time":"2019-05-09T22:33:02+00:00","twitter_card":"summary_large_image","twitter_misc":{"Tiempo de lectura":"4 minutos"},"schema":{"@context":"https:\/\/schema.org","@graph":[{"@type":"WebSite","@id":"https:\/\/www.accion-habitat.org\/es\/#website","url":"https:\/\/www.accion-habitat.org\/es\/","name":"Action pour l&#039;habitat | Acci\u00f3n por el h\u00e1bitat","description":"intercambiar para cambiar | \u00e9changer pour changer","potentialAction":[{"@type":"SearchAction","target":{"@type":"EntryPoint","urlTemplate":"https:\/\/www.accion-habitat.org\/es\/?s={search_term_string}"},"query-input":"required name=search_term_string"}],"inLanguage":"es"},{"@type":"WebPage","@id":"https:\/\/www.accion-habitat.org\/es\/rgpd\/#webpage","url":"https:\/\/www.accion-habitat.org\/es\/rgpd\/","name":"Nuestra pol\u00edtica de protecci\u00f3n de vuestros datos personales - Action pour l&#039;habitat | Acci\u00f3n por el h\u00e1bitat","isPartOf":{"@id":"https:\/\/www.accion-habitat.org\/es\/#website"},"datePublished":"2019-05-09T22:31:06+00:00","dateModified":"2019-05-09T22:33:02+00:00","breadcrumb":{"@id":"https:\/\/www.accion-habitat.org\/es\/rgpd\/#breadcrumb"},"inLanguage":"es","potentialAction":[{"@type":"ReadAction","target":["https:\/\/www.accion-habitat.org\/es\/rgpd\/"]}]},{"@type":"BreadcrumbList","@id":"https:\/\/www.accion-habitat.org\/es\/rgpd\/#breadcrumb","itemListElement":[{"@type":"ListItem","position":1,"name":"Accueil","item":"https:\/\/www.accion-habitat.org\/es\/"},{"@type":"ListItem","position":2,"name":"Nuestra pol\u00edtica de protecci\u00f3n de vuestros datos personales"}]}]}},"_links":{"self":[{"href":"https:\/\/www.accion-habitat.org\/es\/wp-json\/wp\/v2\/pages\/59"}],"collection":[{"href":"https:\/\/www.accion-habitat.org\/es\/wp-json\/wp\/v2\/pages"}],"about":[{"href":"https:\/\/www.accion-habitat.org\/es\/wp-json\/wp\/v2\/types\/page"}],"author":[{"embeddable":true,"href":"https:\/\/www.accion-habitat.org\/es\/wp-json\/wp\/v2\/users\/1"}],"replies":[{"embeddable":true,"href":"https:\/\/www.accion-habitat.org\/es\/wp-json\/wp\/v2\/comments?post=59"}],"version-history":[{"count":1,"href":"https:\/\/www.accion-habitat.org\/es\/wp-json\/wp\/v2\/pages\/59\/revisions"}],"predecessor-version":[{"id":60,"href":"https:\/\/www.accion-habitat.org\/es\/wp-json\/wp\/v2\/pages\/59\/revisions\/60"}],"wp:attachment":[{"href":"https:\/\/www.accion-habitat.org\/es\/wp-json\/wp\/v2\/media?parent=59"}],"curies":[{"name":"wp","href":"https:\/\/api.w.org\/{rel}","templated":true}]}}