{"id":811,"date":"2019-08-29T18:58:23","date_gmt":"2019-08-29T16:58:23","guid":{"rendered":"http:\/\/www.accion-habitat.org\/videos\/"},"modified":"2025-04-10T14:53:54","modified_gmt":"2025-04-10T12:53:54","slug":"videos","status":"publish","type":"page","link":"http:\/\/www.accion-habitat.org\/ht\/videos\/","title":{"rendered":"Vid\u00e9os"},"content":{"rendered":"<div class=\"wpb-content-wrapper\"><p>[vc_row][vc_column width=&#8221;1\/2&#8243;]<div class=\"dt-fancy-separator title-left h4-size style-disabled accent-border-color\" style=\"width: 100%;\"><div class=\"dt-fancy-title bg-on\"><span class=\"separator-holder separator-left\"><\/span>Salvador : premier colloque international !<span class=\"separator-holder separator-right\"><\/span><\/div><\/div>[vc_empty_space height=&#8221;20px&#8221;][vc_video link=&#8221;https:\/\/www.youtube.com\/watch?v=FPLH17CvDzg&#8221;][\/vc_column][vc_column width=&#8221;1\/2&#8243;]<div class=\"dt-fancy-separator title-left h4-size style-disabled accent-border-color\" style=\"width: 100%;\"><div class=\"dt-fancy-title bg-on\"><span class=\"separator-holder separator-left\"><\/span>Salvador : premi\u00e8re participante, Irma construit sa maison !<span class=\"separator-holder separator-right\"><\/span><\/div><\/div>[vc_empty_space height=&#8221;20px&#8221;][vc_video link=&#8221;https:\/\/www.youtube.com\/watch?v=sLiSaqpZhBs&#8221;][\/vc_column][\/vc_row][vc_row][vc_column][vc_empty_space][\/vc_column][\/vc_row][vc_row][vc_column width=&#8221;1\/2&#8243;]<div class=\"dt-fancy-separator title-left h4-size style-disabled accent-border-color\" style=\"width: 100%;\"><div class=\"dt-fancy-title bg-on\"><span class=\"separator-holder separator-left\"><\/span>Salvador : Portrait d&#039;une experte - Caridad<span class=\"separator-holder separator-right\"><\/span><\/div><\/div>[vc_empty_space height=&#8221;20px&#8221;][vc_video link=&#8221;https:\/\/www.youtube.com\/watch?v=-89Vs5awu7g&#8221;][\/vc_column][vc_column width=&#8221;1\/2&#8243;]<div class=\"dt-fancy-separator title-left h4-size style-disabled accent-border-color\" style=\"width: 100%;\"><div class=\"dt-fancy-title bg-on\"><span class=\"separator-holder separator-left\"><\/span>Salvador : Portrait d&#039;une experte - Esperanza<span class=\"separator-holder separator-right\"><\/span><\/div><\/div>[vc_empty_space height=&#8221;20px&#8221;][vc_video link=&#8221;https:\/\/www.youtube.com\/watch?v=VdSgIlwcN98&#8243;][\/vc_column][\/vc_row][vc_row][vc_column][vc_empty_space][\/vc_column][\/vc_row][vc_row][vc_column width=&#8221;1\/2&#8243;]<div class=\"dt-fancy-separator title-left h4-size style-disabled accent-border-color\" style=\"width: 100%;\"><div class=\"dt-fancy-title bg-on\"><span class=\"separator-holder separator-left\"><\/span>Salvador : Portrait d&#039;une experte - Lucinda<span class=\"separator-holder separator-right\"><\/span><\/div><\/div>[vc_empty_space height=&#8221;20px&#8221;][vc_video link=&#8221;https:\/\/www.youtube.com\/watch?v=Co5zQqCiuyI&#8221;][\/vc_column][vc_column width=&#8221;1\/2&#8243;]<div class=\"dt-fancy-separator title-left h4-size style-disabled accent-border-color\" style=\"width: 100%;\"><div class=\"dt-fancy-title bg-on\"><span class=\"separator-holder separator-left\"><\/span>Salvador : Processus de construction et entraide <span class=\"separator-holder separator-right\"><\/span><\/div><\/div>[vc_empty_space height=&#8221;20px&#8221;][vc_video link=&#8221;https:\/\/youtu.be\/6gOyzCHMwn0?feature=shared&#8221; css=&#8221;&#8221;][\/vc_column][\/vc_row]<\/p>\n<\/div>","protected":false},"excerpt":{"rendered":"<p>[vc_row][vc_column width=&#8221;1\/2&#8243;][vc_empty_space height=&#8221;20px&#8221;][vc_video link=&#8221;https:\/\/www.youtube.com\/watch?v=FPLH17CvDzg&#8221;][\/vc_column][vc_column width=&#8221;1\/2&#8243;][vc_empty_space height=&#8221;20px&#8221;][vc_video link=&#8221;https:\/\/www.youtube.com\/watch?v=sLiSaqpZhBs&#8221;][\/vc_column][\/vc_row][vc_row][vc_column][vc_empty_space][\/vc_column][\/vc_row][vc_row][vc_column width=&#8221;1\/2&#8243;][vc_empty_space height=&#8221;20px&#8221;][vc_video link=&#8221;https:\/\/www.youtube.com\/watch?v=-89Vs5awu7g&#8221;][\/vc_column][vc_column width=&#8221;1\/2&#8243;][vc_empty_space height=&#8221;20px&#8221;][vc_video link=&#8221;https:\/\/www.youtube.com\/watch?v=VdSgIlwcN98&#8243;][\/vc_column][\/vc_row][vc_row][vc_column][vc_empty_space][\/vc_column][\/vc_row][vc_row][vc_column width=&#8221;1\/2&#8243;][vc_empty_space height=&#8221;20px&#8221;][vc_video link=&#8221;https:\/\/www.youtube.com\/watch?v=Co5zQqCiuyI&#8221;][\/vc_column][vc_column width=&#8221;1\/2&#8243;][vc_empty_space height=&#8221;20px&#8221;][vc_video link=&#8221;https:\/\/youtu.be\/6gOyzCHMwn0?feature=shared&#8221; css=&#8221;&#8221;][\/vc_column][\/vc_row]<\/p>\n","protected":false},"author":1,"featured_media":0,"parent":0,"menu_order":0,"comment_status":"closed","ping_status":"closed","template":"","meta":[],"yoast_head":"<!-- This site is optimized with the Yoast SEO plugin v17.5 - https:\/\/yoast.com\/wordpress\/plugins\/seo\/ -->\n<title>Vid\u00e9os - Action pour l&#039;habitat | Acci\u00f3n por el h\u00e1bitat<\/title>\n<meta name=\"robots\" content=\"index, follow, max-snippet:-1, max-image-preview:large, max-video-preview:-1\" \/>\n<link rel=\"canonical\" href=\"http:\/\/www.accion-habitat.org\/ht\/videos\/\" \/>\n<meta property=\"og:locale\" content=\"ht_HT\" \/>\n<meta property=\"og:type\" content=\"article\" \/>\n<meta property=\"og:title\" content=\"Vid\u00e9os - Action pour l&#039;habitat | Acci\u00f3n por el h\u00e1bitat\" \/>\n<meta property=\"og:description\" content=\"[vc_row][vc_column width=&#8221;1\/2&#8243;][vc_empty_space height=&#8221;20px&#8221;][vc_video link=&#8221;https:\/\/www.youtube.com\/watch?v=FPLH17CvDzg&#8221;][\/vc_column][vc_column width=&#8221;1\/2&#8243;][vc_empty_space height=&#8221;20px&#8221;][vc_video link=&#8221;https:\/\/www.youtube.com\/watch?v=sLiSaqpZhBs&#8221;][\/vc_column][\/vc_row][vc_row][vc_column][vc_empty_space][\/vc_column][\/vc_row][vc_row][vc_column width=&#8221;1\/2&#8243;][vc_empty_space height=&#8221;20px&#8221;][vc_video link=&#8221;https:\/\/www.youtube.com\/watch?v=-89Vs5awu7g&#8221;][\/vc_column][vc_column width=&#8221;1\/2&#8243;][vc_empty_space height=&#8221;20px&#8221;][vc_video link=&#8221;https:\/\/www.youtube.com\/watch?v=VdSgIlwcN98&#8243;][\/vc_column][\/vc_row][vc_row][vc_column][vc_empty_space][\/vc_column][\/vc_row][vc_row][vc_column width=&#8221;1\/2&#8243;][vc_empty_space height=&#8221;20px&#8221;][vc_video link=&#8221;https:\/\/www.youtube.com\/watch?v=Co5zQqCiuyI&#8221;][\/vc_column][vc_column width=&#8221;1\/2&#8243;][vc_empty_space height=&#8221;20px&#8221;][vc_video link=&#8221;https:\/\/youtu.be\/6gOyzCHMwn0?feature=shared&#8221; css=&#8221;&#8221;][\/vc_column][\/vc_row]\" \/>\n<meta property=\"og:url\" content=\"http:\/\/www.accion-habitat.org\/ht\/videos\/\" \/>\n<meta property=\"og:site_name\" content=\"Action pour l&#039;habitat | Acci\u00f3n por el h\u00e1bitat\" \/>\n<meta property=\"article:modified_time\" content=\"2025-04-10T12:53:54+00:00\" \/>\n<meta name=\"twitter:card\" content=\"summary_large_image\" \/>\n<meta name=\"twitter:label1\" content=\"Est. reading time\" \/>\n\t<meta name=\"twitter:data1\" content=\"1 minute\" \/>\n<script type=\"application\/ld+json\" class=\"yoast-schema-graph\">{\"@context\":\"https:\/\/schema.org\",\"@graph\":[{\"@type\":\"WebSite\",\"@id\":\"http:\/\/www.accion-habitat.org\/ht\/#website\",\"url\":\"http:\/\/www.accion-habitat.org\/ht\/\",\"name\":\"Action pour l&#039;habitat | Acci\\u00f3n por el h\\u00e1bitat\",\"description\":\"intercambiar para cambiar | \\u00e9changer pour changer\",\"potentialAction\":[{\"@type\":\"SearchAction\",\"target\":{\"@type\":\"EntryPoint\",\"urlTemplate\":\"http:\/\/www.accion-habitat.org\/ht\/?s={search_term_string}\"},\"query-input\":\"required name=search_term_string\"}],\"inLanguage\":\"ht-HT\"},{\"@type\":\"WebPage\",\"@id\":\"http:\/\/www.accion-habitat.org\/ht\/videos\/#webpage\",\"url\":\"http:\/\/www.accion-habitat.org\/ht\/videos\/\",\"name\":\"Vid\\u00e9os - Action pour l&#039;habitat | Acci\\u00f3n por el h\\u00e1bitat\",\"isPartOf\":{\"@id\":\"http:\/\/www.accion-habitat.org\/ht\/#website\"},\"datePublished\":\"2019-08-29T16:58:23+00:00\",\"dateModified\":\"2025-04-10T12:53:54+00:00\",\"breadcrumb\":{\"@id\":\"http:\/\/www.accion-habitat.org\/ht\/videos\/#breadcrumb\"},\"inLanguage\":\"ht-HT\",\"potentialAction\":[{\"@type\":\"ReadAction\",\"target\":[\"http:\/\/www.accion-habitat.org\/ht\/videos\/\"]}]},{\"@type\":\"BreadcrumbList\",\"@id\":\"http:\/\/www.accion-habitat.org\/ht\/videos\/#breadcrumb\",\"itemListElement\":[{\"@type\":\"ListItem\",\"position\":1,\"name\":\"Accueil\",\"item\":\"http:\/\/www.accion-habitat.org\/ht\/\"},{\"@type\":\"ListItem\",\"position\":2,\"name\":\"Vid\\u00e9os\"}]}]}<\/script>\n<!-- \/ Yoast SEO plugin. -->","yoast_head_json":{"title":"Vid\u00e9os - Action pour l&#039;habitat | Acci\u00f3n por el h\u00e1bitat","robots":{"index":"index","follow":"follow","max-snippet":"max-snippet:-1","max-image-preview":"max-image-preview:large","max-video-preview":"max-video-preview:-1"},"canonical":"http:\/\/www.accion-habitat.org\/ht\/videos\/","og_locale":"ht_HT","og_type":"article","og_title":"Vid\u00e9os - Action pour l&#039;habitat | Acci\u00f3n por el h\u00e1bitat","og_description":"[vc_row][vc_column width=&#8221;1\/2&#8243;][vc_empty_space height=&#8221;20px&#8221;][vc_video link=&#8221;https:\/\/www.youtube.com\/watch?v=FPLH17CvDzg&#8221;][\/vc_column][vc_column width=&#8221;1\/2&#8243;][vc_empty_space height=&#8221;20px&#8221;][vc_video link=&#8221;https:\/\/www.youtube.com\/watch?v=sLiSaqpZhBs&#8221;][\/vc_column][\/vc_row][vc_row][vc_column][vc_empty_space][\/vc_column][\/vc_row][vc_row][vc_column width=&#8221;1\/2&#8243;][vc_empty_space height=&#8221;20px&#8221;][vc_video link=&#8221;https:\/\/www.youtube.com\/watch?v=-89Vs5awu7g&#8221;][\/vc_column][vc_column width=&#8221;1\/2&#8243;][vc_empty_space height=&#8221;20px&#8221;][vc_video link=&#8221;https:\/\/www.youtube.com\/watch?v=VdSgIlwcN98&#8243;][\/vc_column][\/vc_row][vc_row][vc_column][vc_empty_space][\/vc_column][\/vc_row][vc_row][vc_column width=&#8221;1\/2&#8243;][vc_empty_space height=&#8221;20px&#8221;][vc_video link=&#8221;https:\/\/www.youtube.com\/watch?v=Co5zQqCiuyI&#8221;][\/vc_column][vc_column width=&#8221;1\/2&#8243;][vc_empty_space height=&#8221;20px&#8221;][vc_video link=&#8221;https:\/\/youtu.be\/6gOyzCHMwn0?feature=shared&#8221; css=&#8221;&#8221;][\/vc_column][\/vc_row]","og_url":"http:\/\/www.accion-habitat.org\/ht\/videos\/","og_site_name":"Action pour l&#039;habitat | Acci\u00f3n por el h\u00e1bitat","article_modified_time":"2025-04-10T12:53:54+00:00","twitter_card":"summary_large_image","twitter_misc":{"Est. reading time":"1 minute"},"schema":{"@context":"https:\/\/schema.org","@graph":[{"@type":"WebSite","@id":"http:\/\/www.accion-habitat.org\/ht\/#website","url":"http:\/\/www.accion-habitat.org\/ht\/","name":"Action pour l&#039;habitat | Acci\u00f3n por el h\u00e1bitat","description":"intercambiar para cambiar | \u00e9changer pour changer","potentialAction":[{"@type":"SearchAction","target":{"@type":"EntryPoint","urlTemplate":"http:\/\/www.accion-habitat.org\/ht\/?s={search_term_string}"},"query-input":"required name=search_term_string"}],"inLanguage":"ht-HT"},{"@type":"WebPage","@id":"http:\/\/www.accion-habitat.org\/ht\/videos\/#webpage","url":"http:\/\/www.accion-habitat.org\/ht\/videos\/","name":"Vid\u00e9os - Action pour l&#039;habitat | Acci\u00f3n por el h\u00e1bitat","isPartOf":{"@id":"http:\/\/www.accion-habitat.org\/ht\/#website"},"datePublished":"2019-08-29T16:58:23+00:00","dateModified":"2025-04-10T12:53:54+00:00","breadcrumb":{"@id":"http:\/\/www.accion-habitat.org\/ht\/videos\/#breadcrumb"},"inLanguage":"ht-HT","potentialAction":[{"@type":"ReadAction","target":["http:\/\/www.accion-habitat.org\/ht\/videos\/"]}]},{"@type":"BreadcrumbList","@id":"http:\/\/www.accion-habitat.org\/ht\/videos\/#breadcrumb","itemListElement":[{"@type":"ListItem","position":1,"name":"Accueil","item":"http:\/\/www.accion-habitat.org\/ht\/"},{"@type":"ListItem","position":2,"name":"Vid\u00e9os"}]}]}},"_links":{"self":[{"href":"http:\/\/www.accion-habitat.org\/ht\/wp-json\/wp\/v2\/pages\/811"}],"collection":[{"href":"http:\/\/www.accion-habitat.org\/ht\/wp-json\/wp\/v2\/pages"}],"about":[{"href":"http:\/\/www.accion-habitat.org\/ht\/wp-json\/wp\/v2\/types\/page"}],"author":[{"embeddable":true,"href":"http:\/\/www.accion-habitat.org\/ht\/wp-json\/wp\/v2\/users\/1"}],"replies":[{"embeddable":true,"href":"http:\/\/www.accion-habitat.org\/ht\/wp-json\/wp\/v2\/comments?post=811"}],"version-history":[{"count":6,"href":"http:\/\/www.accion-habitat.org\/ht\/wp-json\/wp\/v2\/pages\/811\/revisions"}],"predecessor-version":[{"id":1954,"href":"http:\/\/www.accion-habitat.org\/ht\/wp-json\/wp\/v2\/pages\/811\/revisions\/1954"}],"wp:attachment":[{"href":"http:\/\/www.accion-habitat.org\/ht\/wp-json\/wp\/v2\/media?parent=811"}],"curies":[{"name":"wp","href":"https:\/\/api.w.org\/{rel}","templated":true}]}}